{"id":36558,"date":"2020-11-27T10:49:39","date_gmt":"2020-11-27T10:49:39","guid":{"rendered":"https:\/\/ecoledelangues.be\/?page_id=36558"},"modified":"2020-11-27T10:49:39","modified_gmt":"2020-11-27T10:49:39","slug":"het-leren-van-talen","status":"publish","type":"page","link":"https:\/\/ecoledelangues.be\/nl\/het-leren-van-talen\/","title":{"rendered":"Het leren van talen"},"content":{"rendered":"<p><div class=\"fusion-fullwidth fullwidth-box fusion-builder-row-1 nonhundred-percent-fullwidth non-hundred-percent-height-scrolling\" style=\"--awb-border-radius-top-left:0px;--awb-border-radius-top-right:0px;--awb-border-radius-bottom-right:0px;--awb-border-radius-bottom-left:0px;--awb-padding-top:40px;--awb-padding-bottom:40px;--awb-background-color:rgba(0,120,147,0.86);--awb-background-image:linear-gradient(178deg, rgba(0,120,147,0.86) 15%,#ffffff 83%);--awb-flex-wrap:wrap;\" ><div class=\"fusion-builder-row fusion-row\"><div class=\"fusion-layout-column fusion_builder_column fusion-builder-column-0 fusion_builder_column_1_1 1_1 fusion-one-full fusion-column-first fusion-column-last\" style=\"--awb-bg-size:cover;--awb-margin-top:30px;--awb-margin-bottom:30px;\"><div class=\"fusion-column-wrapper fusion-column-has-shadow fusion-flex-column-wrapper-legacy\"><div class=\"fusion-title title fusion-title-1 fusion-sep-none fusion-title-center fusion-title-text fusion-title-size-one\" style=\"--awb-margin-top-small:0px;--awb-margin-right-small:0px;--awb-margin-bottom-small:20px;--awb-margin-left-small:0px;\"><h1 class=\"fusion-title-heading title-heading-center fusion-responsive-typography-calculated\" style=\"margin:0;--fontSize:58;line-height:0.83;\"><p style=\"text-align: center;\"><span style=\"color: #ffffff;\">Het Leren van Talen<\/span><\/p><\/h1><\/div><div class=\"fusion-clearfix\"><\/div><\/div><\/div><\/div><\/div><div class=\"fusion-fullwidth fullwidth-box fusion-builder-row-2 nonhundred-percent-fullwidth non-hundred-percent-height-scrolling\" style=\"--awb-border-radius-top-left:0px;--awb-border-radius-top-right:0px;--awb-border-radius-bottom-right:0px;--awb-border-radius-bottom-left:0px;--awb-padding-right:17px;--awb-padding-left:23px;--awb-flex-wrap:wrap;\" ><div class=\"fusion-builder-row fusion-row\"><div class=\"fusion-layout-column fusion_builder_column fusion-builder-column-1 fusion_builder_column_1_1 1_1 fusion-one-full fusion-column-first fusion-column-last\" style=\"--awb-bg-size:cover;\"><div class=\"fusion-column-wrapper fusion-column-has-shadow fusion-flex-column-wrapper-legacy\"><div class=\"fusion-text fusion-text-1\"><p><strong><span class=\"fusion-dropcap dropcap dropcap-boxed\" style=\"--awb-border-radius:1px;--awb-background:#ff6e22;\">H<\/span>oe zit het met een pagina over het leren van talen? Een blog vol tips en trucs om (eindelijk) een vreemde taal te spreken, je kennis te vergroten, zelfvertrouwen op te doen. Artikelen van oefeningen, woordenschat. Uitdrukkingen en idiomen.<br \/>\nWil jij ook bijdragen aan onze blog? Stuur ons uw bijdrage, wij zetten deze graag online!<\/strong><\/p>\n<\/div><div class=\"fusion-clearfix\"><\/div><\/div><\/div><\/div><\/div><div class=\"fusion-fullwidth fullwidth-box fusion-builder-row-3 nonhundred-percent-fullwidth non-hundred-percent-height-scrolling\" style=\"--awb-border-radius-top-left:0px;--awb-border-radius-top-right:0px;--awb-border-radius-bottom-right:0px;--awb-border-radius-bottom-left:0px;--awb-padding-top:30px;--awb-padding-bottom:0px;--awb-background-color:#ffffff;--awb-flex-wrap:wrap;\" ><div class=\"fusion-builder-row fusion-row\"><div class=\"fusion-layout-column fusion_builder_column fusion-builder-column-2 fusion_builder_column_1_1 1_1 fusion-one-full fusion-column-first fusion-column-last fusion-animated\" style=\"--awb-padding-right:26px;--awb-bg-size:cover;\" data-animationType=\"slideInLeft\" data-animationDuration=\"0.5\" data-animationOffset=\"top-into-view\"><div class=\"fusion-column-wrapper fusion-column-has-shadow fusion-flex-column-wrapper-legacy\"><div class=\"fusion-recent-posts fusion-recent-posts-1 avada-container layout-default layout-columns-3\"><section class=\"fusion-columns columns fusion-columns-3 columns-3\"><article class=\"post fusion-column column col col-lg-4 col-md-4 col-sm-4\"><div class=\"fusion-flexslider fusion-flexslider-loading flexslider flexslider-hover-type-none\"><ul class=\"slides\"><li><a href=\"https:\/\/ecoledelangues.be\/nl\/20-phrases-pour-les-vacances\/\" aria-label=\"20 Phrases pour les vacances\" class=\"hover-type-none\"><img decoding=\"async\" width=\"1080\" height=\"1080\" src=\"https:\/\/ecoledelangues.be\/wp-content\/uploads\/2021\/12\/Sans-titre8.png\" class=\"attachment-full size-full lazyload\" alt=\"Une maman et sa fille qui regardent un livre\" srcset=\"data:image\/svg+xml,%3Csvg%20xmlns%3D%27http%3A%2F%2Fwww.w3.org%2F2000%2Fsvg%27%20width%3D%271080%27%20height%3D%271080%27%20viewBox%3D%270%200%201080%201080%27%3E%3Crect%20width%3D%271080%27%20height%3D%271080%27%20fill-opacity%3D%220%22%2F%3E%3C%2Fsvg%3E\" data-orig-src=\"https:\/\/ecoledelangues.be\/wp-content\/uploads\/2021\/12\/Sans-titre8.png\" data-srcset=\"https:\/\/ecoledelangues.be\/wp-content\/uploads\/2021\/12\/Sans-titre8-200x200.png 200w, https:\/\/ecoledelangues.be\/wp-content\/uploads\/2021\/12\/Sans-titre8-400x400.png 400w, https:\/\/ecoledelangues.be\/wp-content\/uploads\/2021\/12\/Sans-titre8-600x600.png 600w, https:\/\/ecoledelangues.be\/wp-content\/uploads\/2021\/12\/Sans-titre8-800x800.png 800w, https:\/\/ecoledelangues.be\/wp-content\/uploads\/2021\/12\/Sans-titre8.png 1080w\" data-sizes=\"auto\" \/><\/a><\/li><\/ul><\/div><div class=\"recent-posts-content\"><span class=\"vcard\" style=\"display: none;\"><span class=\"fn\"><a href=\"https:\/\/ecoledelangues.be\/nl\/author\/segolene\/\" title=\"Berichten van segolene\" rel=\"author\">segolene<\/a><\/span><\/span><span class=\"updated\" style=\"display:none;\">2022-04-14T11:47:58+00:00<\/span><h4 class=\"entry-title\"><a href=\"https:\/\/ecoledelangues.be\/nl\/20-phrases-pour-les-vacances\/\">20 Phrases pour les vacances<\/a><\/h4><p class=\"meta\"><span class=\"vcard\" style=\"display: none;\"><span class=\"fn\"><a href=\"https:\/\/ecoledelangues.be\/nl\/author\/segolene\/\" title=\"Berichten van segolene\" rel=\"author\">segolene<\/a><\/span><\/span><span class=\"updated\" style=\"display:none;\">2022-04-14T11:47:58+00:00<\/span><span>april 14th, 2022<\/span><span class=\"fusion-inline-sep\">|<\/span><span class=\"fusion-comments\"><span>Reacties uitgeschakeld<span class=\"screen-reader-text\"> voor 20 Phrases pour les vacances<\/span><\/span><\/span><\/p><p> 20 Phrases pour les vacances traduites en anglais et en n\u00e9erlandais \u00e0 dire \u00e0 votre enfant      Apprenez l'anglais et le n\u00e9erlandais \u00e0 vos enfants tout au long de vos  [...]<\/p><\/div><\/article><article class=\"post fusion-column column col col-lg-4 col-md-4 col-sm-4\"><div class=\"fusion-flexslider fusion-flexslider-loading flexslider flexslider-hover-type-none\"><ul class=\"slides\"><li><a href=\"https:\/\/ecoledelangues.be\/nl\/verschillen-tussen-het-nederlands-en-het-vlaams-2\/\" aria-label=\"Verschillen tussen het Nederlands en het Vlaams\" class=\"hover-type-none\"><img decoding=\"async\" width=\"512\" height=\"512\" src=\"https:\/\/ecoledelangues.be\/wp-content\/uploads\/2020\/04\/105-netherlands.png\" class=\"attachment-full size-full lazyload\" alt=\"\" srcset=\"data:image\/svg+xml,%3Csvg%20xmlns%3D%27http%3A%2F%2Fwww.w3.org%2F2000%2Fsvg%27%20width%3D%27512%27%20height%3D%27512%27%20viewBox%3D%270%200%20512%20512%27%3E%3Crect%20width%3D%27512%27%20height%3D%27512%27%20fill-opacity%3D%220%22%2F%3E%3C%2Fsvg%3E\" data-orig-src=\"https:\/\/ecoledelangues.be\/wp-content\/uploads\/2020\/04\/105-netherlands.png\" data-srcset=\"https:\/\/ecoledelangues.be\/wp-content\/uploads\/2020\/04\/105-netherlands-200x200.png 200w, https:\/\/ecoledelangues.be\/wp-content\/uploads\/2020\/04\/105-netherlands-400x400.png 400w, https:\/\/ecoledelangues.be\/wp-content\/uploads\/2020\/04\/105-netherlands.png 512w\" data-sizes=\"auto\" \/><\/a><\/li><\/ul><\/div><div class=\"recent-posts-content\"><span class=\"vcard\" style=\"display: none;\"><span class=\"fn\"><a href=\"https:\/\/ecoledelangues.be\/nl\/author\/segolene\/\" title=\"Berichten van segolene\" rel=\"author\">segolene<\/a><\/span><\/span><span class=\"updated\" style=\"display:none;\">2021-04-16T07:54:40+00:00<\/span><h4 class=\"entry-title\"><a href=\"https:\/\/ecoledelangues.be\/nl\/verschillen-tussen-het-nederlands-en-het-vlaams-2\/\">Verschillen tussen het Nederlands en het Vlaams<\/a><\/h4><p class=\"meta\"><span class=\"vcard\" style=\"display: none;\"><span class=\"fn\"><a href=\"https:\/\/ecoledelangues.be\/nl\/author\/segolene\/\" title=\"Berichten van segolene\" rel=\"author\">segolene<\/a><\/span><\/span><span class=\"updated\" style=\"display:none;\">2021-04-16T07:54:40+00:00<\/span><span>april 14th, 2021<\/span><span class=\"fusion-inline-sep\">|<\/span><span class=\"fusion-comments\"><span>Reacties uitgeschakeld<span class=\"screen-reader-text\"> voor Verschillen tussen het Nederlands en het Vlaams<\/span><\/span><\/span><\/p><p> Verschillen tussen het Nederlands en het Vlaams     Een Nederlander die Nederlands doceert aan een groep Franstalige Belgen, dat levert interessante spraakverwarringen op. Er zijn veel verschillen tussen het Nederlands en  [...]<\/p><\/div><\/article><article class=\"post fusion-column column col col-lg-4 col-md-4 col-sm-4\"><div class=\"fusion-flexslider fusion-flexslider-loading flexslider flexslider-hover-type-none\"><ul class=\"slides\"><li><a href=\"https:\/\/ecoledelangues.be\/nl\/hoezo-nederlands-leren-in-brussel\/\" aria-label=\"Hoezo Nederlands leren ?\" class=\"hover-type-none\"><img decoding=\"async\" width=\"650\" height=\"305\" src=\"data:image\/svg+xml,%3Csvg%20xmlns%3D%27http%3A%2F%2Fwww.w3.org%2F2000%2Fsvg%27%20width%3D%27650%27%20height%3D%27305%27%20viewBox%3D%270%200%20650%20305%27%3E%3Crect%20width%3D%27650%27%20height%3D%27305%27%20fill-opacity%3D%220%22%2F%3E%3C%2Fsvg%3E\" class=\"attachment-full size-full lazyload\" alt=\"\" data-orig-src=\"https:\/\/ecoledelangues.be\/wp-content\/uploads\/2020\/04\/lukaku-kompanybelgie05-06-2017-e1587396926223.jpg\" \/><\/a><\/li><\/ul><\/div><div class=\"recent-posts-content\"><span class=\"vcard\" style=\"display: none;\"><span class=\"fn\"><a href=\"https:\/\/ecoledelangues.be\/nl\/author\/segolene\/\" title=\"Berichten van segolene\" rel=\"author\">segolene<\/a><\/span><\/span><span class=\"updated\" style=\"display:none;\">2020-08-03T05:55:30+00:00<\/span><h4 class=\"entry-title\"><a href=\"https:\/\/ecoledelangues.be\/nl\/hoezo-nederlands-leren-in-brussel\/\">Hoezo Nederlands leren ?<\/a><\/h4><p class=\"meta\"><span class=\"vcard\" style=\"display: none;\"><span class=\"fn\"><a href=\"https:\/\/ecoledelangues.be\/nl\/author\/segolene\/\" title=\"Berichten van segolene\" rel=\"author\">segolene<\/a><\/span><\/span><span class=\"updated\" style=\"display:none;\">2020-08-03T05:55:30+00:00<\/span><span>juli 31st, 2020<\/span><span class=\"fusion-inline-sep\">|<\/span><span class=\"fusion-comments\"><span>Reacties uitgeschakeld<span class=\"screen-reader-text\"> voor Hoezo Nederlands leren ?<\/span><\/span><\/span><\/p><p>Hoezo Nederlands leren ?     Hoezo Nederlands leren ? Wat heeft dat voor nut ? Waarom zou ik Nederlands moeten leren ? Zo dacht ik er twintig jaar geleden over. Mijn grote  [...]<\/p><\/div><\/article><article class=\"post fusion-column column col col-lg-4 col-md-4 col-sm-4\"><div class=\"fusion-flexslider fusion-flexslider-loading flexslider flexslider-hover-type-none\"><ul class=\"slides\"><li><a href=\"https:\/\/ecoledelangues.be\/nl\/vereenvoudig-uw-leven-in-brussel-en-leer-frans\/\" aria-label=\"Vereenvoudig uw leven in Brussel en leer Frans!\" class=\"hover-type-none\"><img decoding=\"async\" width=\"800\" height=\"800\" src=\"https:\/\/ecoledelangues.be\/wp-content\/uploads\/2020\/05\/design-private-french-5.png\" class=\"attachment-full size-full lazyload\" alt=\"\" srcset=\"data:image\/svg+xml,%3Csvg%20xmlns%3D%27http%3A%2F%2Fwww.w3.org%2F2000%2Fsvg%27%20width%3D%27800%27%20height%3D%27800%27%20viewBox%3D%270%200%20800%20800%27%3E%3Crect%20width%3D%27800%27%20height%3D%27800%27%20fill-opacity%3D%220%22%2F%3E%3C%2Fsvg%3E\" data-orig-src=\"https:\/\/ecoledelangues.be\/wp-content\/uploads\/2020\/05\/design-private-french-5.png\" data-srcset=\"https:\/\/ecoledelangues.be\/wp-content\/uploads\/2020\/05\/design-private-french-5-200x200.png 200w, https:\/\/ecoledelangues.be\/wp-content\/uploads\/2020\/05\/design-private-french-5-400x400.png 400w, https:\/\/ecoledelangues.be\/wp-content\/uploads\/2020\/05\/design-private-french-5-600x600.png 600w, https:\/\/ecoledelangues.be\/wp-content\/uploads\/2020\/05\/design-private-french-5.png 800w\" data-sizes=\"auto\" \/><\/a><\/li><\/ul><\/div><div class=\"recent-posts-content\"><span class=\"vcard\" style=\"display: none;\"><span class=\"fn\"><a href=\"https:\/\/ecoledelangues.be\/nl\/author\/segolene\/\" title=\"Berichten van segolene\" rel=\"author\">segolene<\/a><\/span><\/span><span class=\"updated\" style=\"display:none;\">2020-08-03T05:56:17+00:00<\/span><h4 class=\"entry-title\"><a href=\"https:\/\/ecoledelangues.be\/nl\/vereenvoudig-uw-leven-in-brussel-en-leer-frans\/\">Vereenvoudig uw leven in Brussel en leer Frans!<\/a><\/h4><p class=\"meta\"><span class=\"vcard\" style=\"display: none;\"><span class=\"fn\"><a href=\"https:\/\/ecoledelangues.be\/nl\/author\/segolene\/\" title=\"Berichten van segolene\" rel=\"author\">segolene<\/a><\/span><\/span><span class=\"updated\" style=\"display:none;\">2020-08-03T05:56:17+00:00<\/span><span>juli 27th, 2020<\/span><span class=\"fusion-inline-sep\">|<\/span><span class=\"fusion-comments\"><span>Reacties uitgeschakeld<span class=\"screen-reader-text\"> voor Vereenvoudig uw leven in Brussel en leer Frans!<\/span><\/span><\/span><\/p><p>Vereenvoudig uw leven in Brussel en leer Frans!     Vraagt \u200b\u200bu zich af of het mogelijk is om in Brussel te wonen zonder Frans te spreken? Werken in Belgi\u00eb zonder Nederlands en  [...]<\/p><\/div><\/article><article class=\"post fusion-column column col col-lg-4 col-md-4 col-sm-4\"><div class=\"fusion-flexslider fusion-flexslider-loading flexslider flexslider-hover-type-none\"><ul class=\"slides\"><li><a href=\"https:\/\/ecoledelangues.be\/nl\/uitdrukkingen-met-handen\/\" aria-label=\"9x Nederlandse uitdrukkingen met \u2018handen\u2019\" class=\"hover-type-none\"><img decoding=\"async\" width=\"600\" height=\"600\" src=\"https:\/\/ecoledelangues.be\/wp-content\/uploads\/2020\/06\/Sans-titre-2.jpg\" class=\"attachment-full size-full lazyload\" alt=\"\" srcset=\"data:image\/svg+xml,%3Csvg%20xmlns%3D%27http%3A%2F%2Fwww.w3.org%2F2000%2Fsvg%27%20width%3D%27600%27%20height%3D%27600%27%20viewBox%3D%270%200%20600%20600%27%3E%3Crect%20width%3D%27600%27%20height%3D%27600%27%20fill-opacity%3D%220%22%2F%3E%3C%2Fsvg%3E\" data-orig-src=\"https:\/\/ecoledelangues.be\/wp-content\/uploads\/2020\/06\/Sans-titre-2.jpg\" data-srcset=\"https:\/\/ecoledelangues.be\/wp-content\/uploads\/2020\/06\/Sans-titre-2-200x200.jpg 200w, https:\/\/ecoledelangues.be\/wp-content\/uploads\/2020\/06\/Sans-titre-2-400x400.jpg 400w, https:\/\/ecoledelangues.be\/wp-content\/uploads\/2020\/06\/Sans-titre-2.jpg 600w\" data-sizes=\"auto\" \/><\/a><\/li><\/ul><\/div><div class=\"recent-posts-content\"><span class=\"vcard\" style=\"display: none;\"><span class=\"fn\"><a href=\"https:\/\/ecoledelangues.be\/nl\/author\/eline\/\" title=\"Berichten van Eline Van Lindenberg\" rel=\"author\">Eline Van Lindenberg<\/a><\/span><\/span><span class=\"updated\" style=\"display:none;\">2020-08-03T05:56:32+00:00<\/span><h4 class=\"entry-title\"><a href=\"https:\/\/ecoledelangues.be\/nl\/uitdrukkingen-met-handen\/\">9x Nederlandse uitdrukkingen met \u2018handen\u2019<\/a><\/h4><p class=\"meta\"><span class=\"vcard\" style=\"display: none;\"><span class=\"fn\"><a href=\"https:\/\/ecoledelangues.be\/nl\/author\/eline\/\" title=\"Berichten van Eline Van Lindenberg\" rel=\"author\">Eline Van Lindenberg<\/a><\/span><\/span><span class=\"updated\" style=\"display:none;\">2020-08-03T05:56:32+00:00<\/span><span>juni 22nd, 2020<\/span><span class=\"fusion-inline-sep\">|<\/span><span class=\"fusion-comments\"><span>Reacties uitgeschakeld<span class=\"screen-reader-text\"> voor 9x Nederlandse uitdrukkingen met \u2018handen\u2019<\/span><\/span><\/span><\/p><p> 9x Nederlandse uitdrukkingen met \u2018handen\u2019     De Nederlandse taal barst van de uitdrukkingen. Kun je daar wel een handje bij gebruiken (= extra hulp gebruiken)? Hierbij 9 uitdrukkingen met \u2018handen\u2019 als  [...]<\/p><\/div><\/article><article class=\"post fusion-column column col col-lg-4 col-md-4 col-sm-4\"><div class=\"fusion-flexslider fusion-flexslider-loading flexslider flexslider-hover-type-none\"><ul class=\"slides\"><li><a href=\"https:\/\/ecoledelangues.be\/nl\/geluiden-van-dieren-in-het-nederlands\/\" aria-label=\"Tok, b\u00e8\u00e8h, kukeleku: wat zijn de geluiden van dieren in het Nederlands?\" class=\"hover-type-none\"><img decoding=\"async\" width=\"480\" height=\"270\" src=\"data:image\/svg+xml,%3Csvg%20xmlns%3D%27http%3A%2F%2Fwww.w3.org%2F2000%2Fsvg%27%20width%3D%27480%27%20height%3D%27270%27%20viewBox%3D%270%200%20480%20270%27%3E%3Crect%20width%3D%27480%27%20height%3D%27270%27%20fill-opacity%3D%220%22%2F%3E%3C%2Fsvg%3E\" class=\"attachment-full size-full lazyload\" alt=\"\" data-orig-src=\"https:\/\/ecoledelangues.be\/wp-content\/uploads\/2020\/03\/haan-2.gif\" \/><\/a><\/li><\/ul><\/div><div class=\"recent-posts-content\"><span class=\"vcard\" style=\"display: none;\"><span class=\"fn\"><a href=\"https:\/\/ecoledelangues.be\/nl\/author\/eline\/\" title=\"Berichten van Eline Van Lindenberg\" rel=\"author\">Eline Van Lindenberg<\/a><\/span><\/span><span class=\"updated\" style=\"display:none;\">2020-08-03T05:57:05+00:00<\/span><h4 class=\"entry-title\"><a href=\"https:\/\/ecoledelangues.be\/nl\/geluiden-van-dieren-in-het-nederlands\/\">Tok, b\u00e8\u00e8h, kukeleku: wat zijn de geluiden van dieren in het Nederlands?<\/a><\/h4><p class=\"meta\"><span class=\"vcard\" style=\"display: none;\"><span class=\"fn\"><a href=\"https:\/\/ecoledelangues.be\/nl\/author\/eline\/\" title=\"Berichten van Eline Van Lindenberg\" rel=\"author\">Eline Van Lindenberg<\/a><\/span><\/span><span class=\"updated\" style=\"display:none;\">2020-08-03T05:57:05+00:00<\/span><span>maart 20th, 2020<\/span><span class=\"fusion-inline-sep\">|<\/span><span class=\"fusion-comments\"><span>Reacties uitgeschakeld<span class=\"screen-reader-text\"> voor Tok, b\u00e8\u00e8h, kukeleku: wat zijn de geluiden van dieren in het Nederlands?<\/span><\/span><\/span><\/p><p> Tok, b\u00e8\u00e8h, kukeleku: wat zijn de geluiden van dieren in het Nederlands?     We horen allemaal hetzelfde als we naar een schaap of kat luisteren, maar hoe is die klank in  [...]<\/p><\/div><\/article><\/section><\/div><div class=\"fusion-clearfix\"><\/div><\/div><\/div><\/div><\/div><\/p>\n","protected":false},"excerpt":{"rendered":"","protected":false},"author":2,"featured_media":36563,"parent":0,"menu_order":2,"comment_status":"closed","ping_status":"closed","template":"100-width.php","meta":{"footnotes":""},"class_list":["post-36558","page","type-page","status-publish","has-post-thumbnail","hentry"],"yoast_head":"<!-- This site is optimized with the Yoast SEO plugin v27.5 - https:\/\/yoast.com\/product\/yoast-seo-wordpress\/ -->\n<title>Het leren van talen - EcoleDeLangues.be<\/title>\n<meta name=\"description\" content=\"woordenschat, een grammaticaregel, een nieuwe uitdrukking ... Het leren van talen is leuk met Ecoledelangues.be\" \/>\n<meta name=\"robots\" content=\"index, follow, max-snippet:-1, max-image-preview:large, max-video-preview:-1\" \/>\n<link rel=\"canonical\" href=\"https:\/\/ecoledelangues.be\/nl\/het-leren-van-talen\/\" \/>\n<meta property=\"og:locale\" content=\"nl_NL\" \/>\n<meta property=\"og:type\" content=\"article\" \/>\n<meta property=\"og:title\" content=\"Het leren van talen - EcoleDeLangues.be\" \/>\n<meta property=\"og:description\" content=\"woordenschat, een grammaticaregel, een nieuwe uitdrukking ... Het leren van talen is leuk met Ecoledelangues.be\" \/>\n<meta property=\"og:url\" content=\"https:\/\/ecoledelangues.be\/nl\/het-leren-van-talen\/\" \/>\n<meta property=\"og:site_name\" content=\"EcoleDeLangues.be\" \/>\n<meta property=\"article:publisher\" content=\"https:\/\/www.facebook.com\/Ecoledelanguesbe\/\" \/>\n<meta property=\"og:image\" content=\"https:\/\/ecoledelangues.be\/wp-content\/uploads\/2020\/11\/Le-coin-des-profs-10.png\" \/>\n\t<meta property=\"og:image:width\" content=\"800\" \/>\n\t<meta property=\"og:image:height\" content=\"800\" \/>\n\t<meta property=\"og:image:type\" content=\"image\/png\" \/>\n<meta name=\"twitter:card\" content=\"summary_large_image\" \/>\n<meta name=\"twitter:label1\" content=\"Geschatte leestijd\" \/>\n\t<meta name=\"twitter:data1\" content=\"7 minuten\" \/>\n<script type=\"application\/ld+json\" class=\"yoast-schema-graph\">{\"@context\":\"https:\\\/\\\/schema.org\",\"@graph\":[{\"@type\":\"WebPage\",\"@id\":\"https:\\\/\\\/ecoledelangues.be\\\/nl\\\/het-leren-van-talen\\\/\",\"url\":\"https:\\\/\\\/ecoledelangues.be\\\/nl\\\/het-leren-van-talen\\\/\",\"name\":\"Het leren van talen - EcoleDeLangues.be\",\"isPartOf\":{\"@id\":\"https:\\\/\\\/ecoledelangues.be\\\/nl\\\/#website\"},\"primaryImageOfPage\":{\"@id\":\"https:\\\/\\\/ecoledelangues.be\\\/nl\\\/het-leren-van-talen\\\/#primaryimage\"},\"image\":{\"@id\":\"https:\\\/\\\/ecoledelangues.be\\\/nl\\\/het-leren-van-talen\\\/#primaryimage\"},\"thumbnailUrl\":\"https:\\\/\\\/ecoledelangues.be\\\/wp-content\\\/uploads\\\/2020\\\/11\\\/Le-coin-des-profs-10.png\",\"datePublished\":\"2020-11-27T10:49:39+00:00\",\"description\":\"woordenschat, een grammaticaregel, een nieuwe uitdrukking ... Het leren van talen is leuk met Ecoledelangues.be\",\"breadcrumb\":{\"@id\":\"https:\\\/\\\/ecoledelangues.be\\\/nl\\\/het-leren-van-talen\\\/#breadcrumb\"},\"inLanguage\":\"nl-NL\",\"potentialAction\":[{\"@type\":\"ReadAction\",\"target\":[\"https:\\\/\\\/ecoledelangues.be\\\/nl\\\/het-leren-van-talen\\\/\"]}]},{\"@type\":\"ImageObject\",\"inLanguage\":\"nl-NL\",\"@id\":\"https:\\\/\\\/ecoledelangues.be\\\/nl\\\/het-leren-van-talen\\\/#primaryimage\",\"url\":\"https:\\\/\\\/ecoledelangues.be\\\/wp-content\\\/uploads\\\/2020\\\/11\\\/Le-coin-des-profs-10.png\",\"contentUrl\":\"https:\\\/\\\/ecoledelangues.be\\\/wp-content\\\/uploads\\\/2020\\\/11\\\/Le-coin-des-profs-10.png\",\"width\":800,\"height\":800,\"caption\":\"Het leren van talen\"},{\"@type\":\"BreadcrumbList\",\"@id\":\"https:\\\/\\\/ecoledelangues.be\\\/nl\\\/het-leren-van-talen\\\/#breadcrumb\",\"itemListElement\":[{\"@type\":\"ListItem\",\"position\":1,\"name\":\"Home\",\"item\":\"https:\\\/\\\/ecoledelangues.be\\\/nl\\\/\"},{\"@type\":\"ListItem\",\"position\":2,\"name\":\"Het leren van talen\"}]},{\"@type\":\"WebSite\",\"@id\":\"https:\\\/\\\/ecoledelangues.be\\\/nl\\\/#website\",\"url\":\"https:\\\/\\\/ecoledelangues.be\\\/nl\\\/\",\"name\":\"EcoleDeLangues.be\",\"description\":\"Ecole de langues - cours pour enfants ados et adultes - fran\u00e7ais anglais n\u00e9erlandais\",\"publisher\":{\"@id\":\"https:\\\/\\\/ecoledelangues.be\\\/nl\\\/#organization\"},\"potentialAction\":[{\"@type\":\"SearchAction\",\"target\":{\"@type\":\"EntryPoint\",\"urlTemplate\":\"https:\\\/\\\/ecoledelangues.be\\\/nl\\\/?s={search_term_string}\"},\"query-input\":{\"@type\":\"PropertyValueSpecification\",\"valueRequired\":true,\"valueName\":\"search_term_string\"}}],\"inLanguage\":\"nl-NL\"},{\"@type\":\"Organization\",\"@id\":\"https:\\\/\\\/ecoledelangues.be\\\/nl\\\/#organization\",\"name\":\"Ecoledelangues.be\",\"alternateName\":\"Propulse ASBL\",\"url\":\"https:\\\/\\\/ecoledelangues.be\\\/nl\\\/\",\"logo\":{\"@type\":\"ImageObject\",\"inLanguage\":\"nl-NL\",\"@id\":\"https:\\\/\\\/ecoledelangues.be\\\/nl\\\/#\\\/schema\\\/logo\\\/image\\\/\",\"url\":\"https:\\\/\\\/ecoledelangues.be\\\/wp-content\\\/uploads\\\/2025\\\/04\\\/une-monggolfiere-qui-seleve-dans-le-ciel-qui-quitte-le-sol-couleur-du-ballon-_-orange-ff6e22-et-3cccd6-et-blanc-1.jpg\",\"contentUrl\":\"https:\\\/\\\/ecoledelangues.be\\\/wp-content\\\/uploads\\\/2025\\\/04\\\/une-monggolfiere-qui-seleve-dans-le-ciel-qui-quitte-le-sol-couleur-du-ballon-_-orange-ff6e22-et-3cccd6-et-blanc-1.jpg\",\"width\":1472,\"height\":832,\"caption\":\"Ecoledelangues.be\"},\"image\":{\"@id\":\"https:\\\/\\\/ecoledelangues.be\\\/nl\\\/#\\\/schema\\\/logo\\\/image\\\/\"},\"sameAs\":[\"https:\\\/\\\/www.facebook.com\\\/Ecoledelanguesbe\\\/\",\"https:\\\/\\\/www.instagram.com\\\/ecoledelanguesbe\\\/\",\"https:\\\/\\\/www.linkedin.com\\\/company\\\/ecoledelangues-be\\\/\",\"https:\\\/\\\/www.youtube.com\\\/channel\\\/UCCDb1VptuozMO6q9MqgltPg\"]}]}<\/script>\n<!-- \/ Yoast SEO plugin. -->","yoast_head_json":{"title":"Het leren van talen - EcoleDeLangues.be","description":"woordenschat, een grammaticaregel, een nieuwe uitdrukking ... Het leren van talen is leuk met Ecoledelangues.be","robots":{"index":"index","follow":"follow","max-snippet":"max-snippet:-1","max-image-preview":"max-image-preview:large","max-video-preview":"max-video-preview:-1"},"canonical":"https:\/\/ecoledelangues.be\/nl\/het-leren-van-talen\/","og_locale":"nl_NL","og_type":"article","og_title":"Het leren van talen - EcoleDeLangues.be","og_description":"woordenschat, een grammaticaregel, een nieuwe uitdrukking ... Het leren van talen is leuk met Ecoledelangues.be","og_url":"https:\/\/ecoledelangues.be\/nl\/het-leren-van-talen\/","og_site_name":"EcoleDeLangues.be","article_publisher":"https:\/\/www.facebook.com\/Ecoledelanguesbe\/","og_image":[{"width":800,"height":800,"url":"https:\/\/ecoledelangues.be\/wp-content\/uploads\/2020\/11\/Le-coin-des-profs-10.png","type":"image\/png"}],"twitter_card":"summary_large_image","twitter_misc":{"Geschatte leestijd":"7 minuten"},"schema":{"@context":"https:\/\/schema.org","@graph":[{"@type":"WebPage","@id":"https:\/\/ecoledelangues.be\/nl\/het-leren-van-talen\/","url":"https:\/\/ecoledelangues.be\/nl\/het-leren-van-talen\/","name":"Het leren van talen - EcoleDeLangues.be","isPartOf":{"@id":"https:\/\/ecoledelangues.be\/nl\/#website"},"primaryImageOfPage":{"@id":"https:\/\/ecoledelangues.be\/nl\/het-leren-van-talen\/#primaryimage"},"image":{"@id":"https:\/\/ecoledelangues.be\/nl\/het-leren-van-talen\/#primaryimage"},"thumbnailUrl":"https:\/\/ecoledelangues.be\/wp-content\/uploads\/2020\/11\/Le-coin-des-profs-10.png","datePublished":"2020-11-27T10:49:39+00:00","description":"woordenschat, een grammaticaregel, een nieuwe uitdrukking ... Het leren van talen is leuk met Ecoledelangues.be","breadcrumb":{"@id":"https:\/\/ecoledelangues.be\/nl\/het-leren-van-talen\/#breadcrumb"},"inLanguage":"nl-NL","potentialAction":[{"@type":"ReadAction","target":["https:\/\/ecoledelangues.be\/nl\/het-leren-van-talen\/"]}]},{"@type":"ImageObject","inLanguage":"nl-NL","@id":"https:\/\/ecoledelangues.be\/nl\/het-leren-van-talen\/#primaryimage","url":"https:\/\/ecoledelangues.be\/wp-content\/uploads\/2020\/11\/Le-coin-des-profs-10.png","contentUrl":"https:\/\/ecoledelangues.be\/wp-content\/uploads\/2020\/11\/Le-coin-des-profs-10.png","width":800,"height":800,"caption":"Het leren van talen"},{"@type":"BreadcrumbList","@id":"https:\/\/ecoledelangues.be\/nl\/het-leren-van-talen\/#breadcrumb","itemListElement":[{"@type":"ListItem","position":1,"name":"Home","item":"https:\/\/ecoledelangues.be\/nl\/"},{"@type":"ListItem","position":2,"name":"Het leren van talen"}]},{"@type":"WebSite","@id":"https:\/\/ecoledelangues.be\/nl\/#website","url":"https:\/\/ecoledelangues.be\/nl\/","name":"EcoleDeLangues.be","description":"Ecole de langues - cours pour enfants ados et adultes - fran\u00e7ais anglais n\u00e9erlandais","publisher":{"@id":"https:\/\/ecoledelangues.be\/nl\/#organization"},"potentialAction":[{"@type":"SearchAction","target":{"@type":"EntryPoint","urlTemplate":"https:\/\/ecoledelangues.be\/nl\/?s={search_term_string}"},"query-input":{"@type":"PropertyValueSpecification","valueRequired":true,"valueName":"search_term_string"}}],"inLanguage":"nl-NL"},{"@type":"Organization","@id":"https:\/\/ecoledelangues.be\/nl\/#organization","name":"Ecoledelangues.be","alternateName":"Propulse ASBL","url":"https:\/\/ecoledelangues.be\/nl\/","logo":{"@type":"ImageObject","inLanguage":"nl-NL","@id":"https:\/\/ecoledelangues.be\/nl\/#\/schema\/logo\/image\/","url":"https:\/\/ecoledelangues.be\/wp-content\/uploads\/2025\/04\/une-monggolfiere-qui-seleve-dans-le-ciel-qui-quitte-le-sol-couleur-du-ballon-_-orange-ff6e22-et-3cccd6-et-blanc-1.jpg","contentUrl":"https:\/\/ecoledelangues.be\/wp-content\/uploads\/2025\/04\/une-monggolfiere-qui-seleve-dans-le-ciel-qui-quitte-le-sol-couleur-du-ballon-_-orange-ff6e22-et-3cccd6-et-blanc-1.jpg","width":1472,"height":832,"caption":"Ecoledelangues.be"},"image":{"@id":"https:\/\/ecoledelangues.be\/nl\/#\/schema\/logo\/image\/"},"sameAs":["https:\/\/www.facebook.com\/Ecoledelanguesbe\/","https:\/\/www.instagram.com\/ecoledelanguesbe\/","https:\/\/www.linkedin.com\/company\/ecoledelangues-be\/","https:\/\/www.youtube.com\/channel\/UCCDb1VptuozMO6q9MqgltPg"]}]}},"_links":{"self":[{"href":"https:\/\/ecoledelangues.be\/nl\/wp-json\/wp\/v2\/pages\/36558","targetHints":{"allow":["GET"]}}],"collection":[{"href":"https:\/\/ecoledelangues.be\/nl\/wp-json\/wp\/v2\/pages"}],"about":[{"href":"https:\/\/ecoledelangues.be\/nl\/wp-json\/wp\/v2\/types\/page"}],"author":[{"embeddable":true,"href":"https:\/\/ecoledelangues.be\/nl\/wp-json\/wp\/v2\/users\/2"}],"replies":[{"embeddable":true,"href":"https:\/\/ecoledelangues.be\/nl\/wp-json\/wp\/v2\/comments?post=36558"}],"version-history":[{"count":1,"href":"https:\/\/ecoledelangues.be\/nl\/wp-json\/wp\/v2\/pages\/36558\/revisions"}],"predecessor-version":[{"id":36567,"href":"https:\/\/ecoledelangues.be\/nl\/wp-json\/wp\/v2\/pages\/36558\/revisions\/36567"}],"wp:featuredmedia":[{"embeddable":true,"href":"https:\/\/ecoledelangues.be\/nl\/wp-json\/wp\/v2\/media\/36563"}],"wp:attachment":[{"href":"https:\/\/ecoledelangues.be\/nl\/wp-json\/wp\/v2\/media?parent=36558"}],"curies":[{"name":"wp","href":"https:\/\/api.w.org\/{rel}","templated":true}]}}