{"id":36556,"date":"2020-11-27T10:37:09","date_gmt":"2020-11-27T10:37:09","guid":{"rendered":"https:\/\/ecoledelangues.be\/?page_id=36556"},"modified":"2021-03-22T13:34:58","modified_gmt":"2021-03-22T13:34:58","slug":"apprendre-une-langue","status":"publish","type":"page","link":"https:\/\/ecoledelangues.be\/fr\/apprendre-une-langue\/","title":{"rendered":"Apprendre une langue"},"content":{"rendered":"<p><div class=\"fusion-fullwidth fullwidth-box fusion-builder-row-1 nonhundred-percent-fullwidth non-hundred-percent-height-scrolling\" style=\"--awb-border-radius-top-left:0px;--awb-border-radius-top-right:0px;--awb-border-radius-bottom-right:0px;--awb-border-radius-bottom-left:0px;--awb-padding-top:40px;--awb-padding-bottom:40px;--awb-background-color:rgba(0,120,147,0.86);--awb-background-image:linear-gradient(178deg, rgba(0,120,147,0.86) 15%,#ffffff 83%);--awb-flex-wrap:wrap;\" ><div class=\"fusion-builder-row fusion-row\"><div class=\"fusion-layout-column fusion_builder_column fusion-builder-column-0 fusion_builder_column_1_1 1_1 fusion-one-full fusion-column-first fusion-column-last\" style=\"--awb-bg-size:cover;--awb-margin-top:30px;--awb-margin-bottom:30px;\"><div class=\"fusion-column-wrapper fusion-column-has-shadow fusion-flex-column-wrapper-legacy\"><div class=\"fusion-title title fusion-title-1 fusion-sep-none fusion-title-center fusion-title-text fusion-title-size-one\" style=\"--awb-margin-top-small:0px;--awb-margin-right-small:0px;--awb-margin-bottom-small:20px;--awb-margin-left-small:0px;\"><h1 class=\"fusion-title-heading title-heading-center fusion-responsive-typography-calculated\" style=\"margin:0;--fontSize:58;line-height:0.83;\"><p style=\"text-align: center;\"><span style=\"color: #ffffff;\">Apprendre une langue<\/span><\/p><\/h1><\/div><div class=\"fusion-clearfix\"><\/div><\/div><\/div><\/div><\/div><div class=\"fusion-fullwidth fullwidth-box fusion-builder-row-2 nonhundred-percent-fullwidth non-hundred-percent-height-scrolling\" style=\"--awb-border-radius-top-left:0px;--awb-border-radius-top-right:0px;--awb-border-radius-bottom-right:0px;--awb-border-radius-bottom-left:0px;--awb-padding-right:17px;--awb-padding-left:23px;--awb-flex-wrap:wrap;\" ><div class=\"fusion-builder-row fusion-row\"><div class=\"fusion-layout-column fusion_builder_column fusion-builder-column-1 fusion_builder_column_1_1 1_1 fusion-one-full fusion-column-first fusion-column-last\" style=\"--awb-bg-size:cover;\"><div class=\"fusion-column-wrapper fusion-column-has-shadow fusion-flex-column-wrapper-legacy\"><div class=\"fusion-text fusion-text-1\"><p><strong><span class=\"fusion-dropcap dropcap dropcap-boxed\" style=\"--awb-border-radius:1px;--awb-background:#ff6e22;\">Q<\/span>ue diriez-vous d&rsquo;une page sur l&rsquo;apprentissage des langues? Un blog plein de trucs et astuces pour (enfin) parler une langue \u00e9trang\u00e8re, booster vos connaissances, prendre confiance en soi. Des articles d&rsquo;exercices, de vocabulaire. Des expressions et des idiomes. <br \/>Vous souhaitez vous aussi contribuer \u00e0 notre blog? Envoyez-nous votre contribution, nous nous ferons un plaisir de la mettre en ligne!<\/strong><\/p>\n<\/div><div class=\"fusion-clearfix\"><\/div><\/div><\/div><\/div><\/div><div class=\"fusion-fullwidth fullwidth-box fusion-builder-row-3 nonhundred-percent-fullwidth non-hundred-percent-height-scrolling\" style=\"--awb-border-radius-top-left:0px;--awb-border-radius-top-right:0px;--awb-border-radius-bottom-right:0px;--awb-border-radius-bottom-left:0px;--awb-padding-top:30px;--awb-padding-bottom:0px;--awb-background-color:#ffffff;--awb-flex-wrap:wrap;\" ><div class=\"fusion-builder-row fusion-row\"><div class=\"fusion-layout-column fusion_builder_column fusion-builder-column-2 fusion_builder_column_1_1 1_1 fusion-one-full fusion-column-first fusion-column-last fusion-animated\" style=\"--awb-padding-right:26px;--awb-bg-size:cover;\" data-animationType=\"slideInLeft\" data-animationDuration=\"0.5\" data-animationOffset=\"top-into-view\"><div class=\"fusion-column-wrapper fusion-column-has-shadow fusion-flex-column-wrapper-legacy\"><div class=\"fusion-recent-posts fusion-recent-posts-1 avada-container layout-default layout-columns-3 fusion-recent-posts-infinite\" data-pages=\"2\"><section class=\"fusion-columns columns fusion-columns-3 columns-3\"><article class=\"post fusion-column column col col-lg-4 col-md-4 col-sm-4\"><div class=\"fusion-flexslider fusion-flexslider-loading flexslider flexslider-hover-type-none\"><ul class=\"slides\"><li><a href=\"https:\/\/ecoledelangues.be\/fr\/article-saint-valentin\/\" aria-label=\"Article Saint Valentin\" class=\"hover-type-none\"><img decoding=\"async\" width=\"361\" height=\"280\" src=\"https:\/\/ecoledelangues.be\/wp-content\/uploads\/2025\/02\/image-st-valentin.jpg\" class=\"attachment-full size-full lazyload\" alt=\"\" srcset=\"data:image\/svg+xml,%3Csvg%20xmlns%3D%27http%3A%2F%2Fwww.w3.org%2F2000%2Fsvg%27%20width%3D%27361%27%20height%3D%27280%27%20viewBox%3D%270%200%20361%20280%27%3E%3Crect%20width%3D%27361%27%20height%3D%27280%27%20fill-opacity%3D%220%22%2F%3E%3C%2Fsvg%3E\" data-orig-src=\"https:\/\/ecoledelangues.be\/wp-content\/uploads\/2025\/02\/image-st-valentin.jpg\" data-srcset=\"https:\/\/ecoledelangues.be\/wp-content\/uploads\/2025\/02\/image-st-valentin-200x155.jpg 200w, https:\/\/ecoledelangues.be\/wp-content\/uploads\/2025\/02\/image-st-valentin.jpg 361w\" data-sizes=\"auto\" \/><\/a><\/li><\/ul><\/div><div class=\"recent-posts-content\"><span class=\"vcard\" style=\"display: none;\"><span class=\"fn\"><a href=\"https:\/\/ecoledelangues.be\/fr\/author\/stagiaire\/\" title=\"Articles par Stagiaire\" rel=\"author\">Stagiaire<\/a><\/span><\/span><span class=\"updated\" style=\"display:none;\">2026-04-08T07:16:49+00:00<\/span><h4 class=\"entry-title\"><a href=\"https:\/\/ecoledelangues.be\/fr\/article-saint-valentin\/\">Article Saint Valentin<\/a><\/h4><p class=\"meta\"><span class=\"vcard\" style=\"display: none;\"><span class=\"fn\"><a href=\"https:\/\/ecoledelangues.be\/fr\/author\/stagiaire\/\" title=\"Articles par Stagiaire\" rel=\"author\">Stagiaire<\/a><\/span><\/span><span class=\"updated\" style=\"display:none;\">2026-04-08T07:16:49+00:00<\/span><span>f\u00e9vrier 9th, 2026<\/span><span class=\"fusion-inline-sep\">|<\/span><span class=\"fusion-comments\"><span>Commentaires ferm\u00e9s<span class=\"screen-reader-text\"> sur Article Saint Valentin<\/span><\/span><\/span><\/p><p>\u00a0La Saint-Valentin pour les nuls : Comment dire \u00ab Je t\u2019aime \u00bb sans prise de t\u00eate \ud83d\udc96\ud83d\udcab Ah, la Saint-Valentin... cette journ\u00e9e o\u00f9 tout le monde semble \u00eatre en mode \u00ab romance \u00bb, avec des  [...]<\/p><\/div><\/article><article class=\"post fusion-column column col col-lg-4 col-md-4 col-sm-4\"><div class=\"fusion-flexslider fusion-flexslider-loading flexslider flexslider-hover-type-none\"><ul class=\"slides\"><li><a href=\"https:\/\/ecoledelangues.be\/fr\/cours-de-langue-entreprise-wavre\/\" aria-label=\"Cours de langues pour Entreprises \u00e0 Wavre\" class=\"hover-type-none\"><img decoding=\"async\" width=\"515\" height=\"342\" src=\"https:\/\/ecoledelangues.be\/wp-content\/uploads\/2026\/03\/Wavre-aerienne.jpg\" class=\"attachment-full size-full lazyload\" alt=\"\" srcset=\"data:image\/svg+xml,%3Csvg%20xmlns%3D%27http%3A%2F%2Fwww.w3.org%2F2000%2Fsvg%27%20width%3D%27515%27%20height%3D%27342%27%20viewBox%3D%270%200%20515%20342%27%3E%3Crect%20width%3D%27515%27%20height%3D%27342%27%20fill-opacity%3D%220%22%2F%3E%3C%2Fsvg%3E\" data-orig-src=\"https:\/\/ecoledelangues.be\/wp-content\/uploads\/2026\/03\/Wavre-aerienne.jpg\" data-srcset=\"https:\/\/ecoledelangues.be\/wp-content\/uploads\/2026\/03\/Wavre-aerienne-200x133.jpg 200w, https:\/\/ecoledelangues.be\/wp-content\/uploads\/2026\/03\/Wavre-aerienne-400x266.jpg 400w, https:\/\/ecoledelangues.be\/wp-content\/uploads\/2026\/03\/Wavre-aerienne.jpg 515w\" data-sizes=\"auto\" \/><\/a><\/li><li><a href=\"https:\/\/ecoledelangues.be\/fr\/cours-de-langue-entreprise-wavre\/\" aria-label=\"Cours de langues pour Entreprises \u00e0 Wavre\" class=\"hover-type-none\"><img decoding=\"async\" width=\"213\" height=\"213\" src=\"https:\/\/ecoledelangues.be\/wp-content\/uploads\/2026\/03\/private_cls-1-1.png\" class=\"attachment-full size-full lazyload\" alt=\"\" srcset=\"data:image\/svg+xml,%3Csvg%20xmlns%3D%27http%3A%2F%2Fwww.w3.org%2F2000%2Fsvg%27%20width%3D%27213%27%20height%3D%27213%27%20viewBox%3D%270%200%20213%20213%27%3E%3Crect%20width%3D%27213%27%20height%3D%27213%27%20fill-opacity%3D%220%22%2F%3E%3C%2Fsvg%3E\" data-orig-src=\"https:\/\/ecoledelangues.be\/wp-content\/uploads\/2026\/03\/private_cls-1-1.png\" data-srcset=\"https:\/\/ecoledelangues.be\/wp-content\/uploads\/2026\/03\/private_cls-1-1-200x200.png 200w, https:\/\/ecoledelangues.be\/wp-content\/uploads\/2026\/03\/private_cls-1-1.png 213w\" data-sizes=\"auto\" \/><\/a><\/li><\/ul><\/div><div class=\"recent-posts-content\"><span class=\"vcard\" style=\"display: none;\"><span class=\"fn\"><a href=\"https:\/\/ecoledelangues.be\/fr\/author\/stagiaire\/\" title=\"Articles par Stagiaire\" rel=\"author\">Stagiaire<\/a><\/span><\/span><span class=\"updated\" style=\"display:none;\">2026-04-13T14:47:57+00:00<\/span><h4 class=\"entry-title\"><a href=\"https:\/\/ecoledelangues.be\/fr\/cours-de-langue-entreprise-wavre\/\">Cours de langues pour Entreprises \u00e0 Wavre<\/a><\/h4><p class=\"meta\"><span class=\"vcard\" style=\"display: none;\"><span class=\"fn\"><a href=\"https:\/\/ecoledelangues.be\/fr\/author\/stagiaire\/\" title=\"Articles par Stagiaire\" rel=\"author\">Stagiaire<\/a><\/span><\/span><span class=\"updated\" style=\"display:none;\">2026-04-13T14:47:57+00:00<\/span><span>octobre 10th, 2025<\/span><span class=\"fusion-inline-sep\">|<\/span><span class=\"fusion-comments\"><span>Commentaires ferm\u00e9s<span class=\"screen-reader-text\"> sur Cours de langues pour Entreprises \u00e0 Wavre<\/span><\/span><\/span><\/p><p> Vous souhaitez organiser des formations linguistiques pour votre entreprise \u00e0 Wavre, Ottignies ou Louvain-la-Neuve ? L'Ecole de Langues Propulse met son expertise au service de vos collaborateurs pour des cours de fran\u00e7ais, anglais, n\u00e9erlandais  [...]<\/p><\/div><\/article><article class=\"post fusion-column column col col-lg-4 col-md-4 col-sm-4\"><div class=\"fusion-flexslider fusion-flexslider-loading flexslider flexslider-hover-type-none\"><ul class=\"slides\"><li><a href=\"https:\/\/ecoledelangues.be\/fr\/cours-de-langue-entreprise-waterloo\/\" aria-label=\"Cours de langues pour Entreprises \u00e0 Waterloo\" class=\"hover-type-none\"><img decoding=\"async\" width=\"800\" height=\"531\" src=\"https:\/\/ecoledelangues.be\/wp-content\/uploads\/2026\/03\/lions-mound-waterloo-225.jpg\" class=\"attachment-full size-full lazyload\" alt=\"\" srcset=\"data:image\/svg+xml,%3Csvg%20xmlns%3D%27http%3A%2F%2Fwww.w3.org%2F2000%2Fsvg%27%20width%3D%27800%27%20height%3D%27531%27%20viewBox%3D%270%200%20800%20531%27%3E%3Crect%20width%3D%27800%27%20height%3D%27531%27%20fill-opacity%3D%220%22%2F%3E%3C%2Fsvg%3E\" data-orig-src=\"https:\/\/ecoledelangues.be\/wp-content\/uploads\/2026\/03\/lions-mound-waterloo-225.jpg\" data-srcset=\"https:\/\/ecoledelangues.be\/wp-content\/uploads\/2026\/03\/lions-mound-waterloo-225-200x133.jpg 200w, https:\/\/ecoledelangues.be\/wp-content\/uploads\/2026\/03\/lions-mound-waterloo-225-400x266.jpg 400w, https:\/\/ecoledelangues.be\/wp-content\/uploads\/2026\/03\/lions-mound-waterloo-225-600x398.jpg 600w, https:\/\/ecoledelangues.be\/wp-content\/uploads\/2026\/03\/lions-mound-waterloo-225.jpg 800w\" data-sizes=\"auto\" \/><\/a><\/li><li><a href=\"https:\/\/ecoledelangues.be\/fr\/cours-de-langue-entreprise-waterloo\/\" aria-label=\"Cours de langues pour Entreprises \u00e0 Waterloo\" class=\"hover-type-none\"><img decoding=\"async\" width=\"213\" height=\"213\" src=\"https:\/\/ecoledelangues.be\/wp-content\/uploads\/2026\/03\/private_cls-1-1.png\" class=\"attachment-full size-full lazyload\" alt=\"\" srcset=\"data:image\/svg+xml,%3Csvg%20xmlns%3D%27http%3A%2F%2Fwww.w3.org%2F2000%2Fsvg%27%20width%3D%27213%27%20height%3D%27213%27%20viewBox%3D%270%200%20213%20213%27%3E%3Crect%20width%3D%27213%27%20height%3D%27213%27%20fill-opacity%3D%220%22%2F%3E%3C%2Fsvg%3E\" data-orig-src=\"https:\/\/ecoledelangues.be\/wp-content\/uploads\/2026\/03\/private_cls-1-1.png\" data-srcset=\"https:\/\/ecoledelangues.be\/wp-content\/uploads\/2026\/03\/private_cls-1-1-200x200.png 200w, https:\/\/ecoledelangues.be\/wp-content\/uploads\/2026\/03\/private_cls-1-1.png 213w\" data-sizes=\"auto\" \/><\/a><\/li><\/ul><\/div><div class=\"recent-posts-content\"><span class=\"vcard\" style=\"display: none;\"><span class=\"fn\"><a href=\"https:\/\/ecoledelangues.be\/fr\/author\/stagiaire\/\" title=\"Articles par Stagiaire\" rel=\"author\">Stagiaire<\/a><\/span><\/span><span class=\"updated\" style=\"display:none;\">2026-04-09T13:23:35+00:00<\/span><h4 class=\"entry-title\"><a href=\"https:\/\/ecoledelangues.be\/fr\/cours-de-langue-entreprise-waterloo\/\">Cours de langues pour Entreprises \u00e0 Waterloo<\/a><\/h4><p class=\"meta\"><span class=\"vcard\" style=\"display: none;\"><span class=\"fn\"><a href=\"https:\/\/ecoledelangues.be\/fr\/author\/stagiaire\/\" title=\"Articles par Stagiaire\" rel=\"author\">Stagiaire<\/a><\/span><\/span><span class=\"updated\" style=\"display:none;\">2026-04-09T13:23:35+00:00<\/span><span>ao\u00fbt 10th, 2025<\/span><span class=\"fusion-inline-sep\">|<\/span><span class=\"fusion-comments\"><span>Commentaires ferm\u00e9s<span class=\"screen-reader-text\"> sur Cours de langues pour Entreprises \u00e0 Waterloo<\/span><\/span><\/span><\/p><p>Vous souhaitez organiser des formations linguistiques pour votre entreprise situ\u00e9e \u00e0 La Hulpe ou dans le Brabant Wallon (Rixensart, Genval, Waterloo) ?L'Ecole de Langues Propulse met son expertise et sa flexibilit\u00e9 au service de vos  [...]<\/p><\/div><\/article><article class=\"post fusion-column column col col-lg-4 col-md-4 col-sm-4\"><div class=\"fusion-flexslider fusion-flexslider-loading flexslider flexslider-hover-type-none\"><ul class=\"slides\"><li><a href=\"https:\/\/ecoledelangues.be\/fr\/cours-de-langue-entreprise-gembloux\/\" aria-label=\"Cours de langues pour Entreprises \u00e0 Gembloux\" class=\"hover-type-none\"><img decoding=\"async\" width=\"800\" height=\"536\" src=\"https:\/\/ecoledelangues.be\/wp-content\/uploads\/2026\/03\/616_1303898384_GemblouxSauveniere.jpg\" class=\"attachment-full size-full lazyload\" alt=\"\" srcset=\"data:image\/svg+xml,%3Csvg%20xmlns%3D%27http%3A%2F%2Fwww.w3.org%2F2000%2Fsvg%27%20width%3D%27800%27%20height%3D%27536%27%20viewBox%3D%270%200%20800%20536%27%3E%3Crect%20width%3D%27800%27%20height%3D%27536%27%20fill-opacity%3D%220%22%2F%3E%3C%2Fsvg%3E\" data-orig-src=\"https:\/\/ecoledelangues.be\/wp-content\/uploads\/2026\/03\/616_1303898384_GemblouxSauveniere.jpg\" data-srcset=\"https:\/\/ecoledelangues.be\/wp-content\/uploads\/2026\/03\/616_1303898384_GemblouxSauveniere-200x134.jpg 200w, https:\/\/ecoledelangues.be\/wp-content\/uploads\/2026\/03\/616_1303898384_GemblouxSauveniere-400x268.jpg 400w, https:\/\/ecoledelangues.be\/wp-content\/uploads\/2026\/03\/616_1303898384_GemblouxSauveniere-600x402.jpg 600w, https:\/\/ecoledelangues.be\/wp-content\/uploads\/2026\/03\/616_1303898384_GemblouxSauveniere.jpg 800w\" data-sizes=\"auto\" \/><\/a><\/li><li><a href=\"https:\/\/ecoledelangues.be\/fr\/cours-de-langue-entreprise-gembloux\/\" aria-label=\"Cours de langues pour Entreprises \u00e0 Gembloux\" class=\"hover-type-none\"><img decoding=\"async\" width=\"213\" height=\"213\" src=\"https:\/\/ecoledelangues.be\/wp-content\/uploads\/2026\/03\/private_cls-1-1.png\" class=\"attachment-full size-full lazyload\" alt=\"\" srcset=\"data:image\/svg+xml,%3Csvg%20xmlns%3D%27http%3A%2F%2Fwww.w3.org%2F2000%2Fsvg%27%20width%3D%27213%27%20height%3D%27213%27%20viewBox%3D%270%200%20213%20213%27%3E%3Crect%20width%3D%27213%27%20height%3D%27213%27%20fill-opacity%3D%220%22%2F%3E%3C%2Fsvg%3E\" data-orig-src=\"https:\/\/ecoledelangues.be\/wp-content\/uploads\/2026\/03\/private_cls-1-1.png\" data-srcset=\"https:\/\/ecoledelangues.be\/wp-content\/uploads\/2026\/03\/private_cls-1-1-200x200.png 200w, https:\/\/ecoledelangues.be\/wp-content\/uploads\/2026\/03\/private_cls-1-1.png 213w\" data-sizes=\"auto\" \/><\/a><\/li><\/ul><\/div><div class=\"recent-posts-content\"><span class=\"vcard\" style=\"display: none;\"><span class=\"fn\"><a href=\"https:\/\/ecoledelangues.be\/fr\/author\/stagiaire\/\" title=\"Articles par Stagiaire\" rel=\"author\">Stagiaire<\/a><\/span><\/span><span class=\"updated\" style=\"display:none;\">2026-04-09T13:23:11+00:00<\/span><h4 class=\"entry-title\"><a href=\"https:\/\/ecoledelangues.be\/fr\/cours-de-langue-entreprise-gembloux\/\">Cours de langues pour Entreprises \u00e0 Gembloux<\/a><\/h4><p class=\"meta\"><span class=\"vcard\" style=\"display: none;\"><span class=\"fn\"><a href=\"https:\/\/ecoledelangues.be\/fr\/author\/stagiaire\/\" title=\"Articles par Stagiaire\" rel=\"author\">Stagiaire<\/a><\/span><\/span><span class=\"updated\" style=\"display:none;\">2026-04-09T13:23:11+00:00<\/span><span>juin 10th, 2025<\/span><span class=\"fusion-inline-sep\">|<\/span><span class=\"fusion-comments\"><span>Commentaires ferm\u00e9s<span class=\"screen-reader-text\"> sur Cours de langues pour Entreprises \u00e0 Gembloux<\/span><\/span><\/span><\/p><p>Vous souhaitez organiser des formations linguistiques pour vos collaborateurs \u00e0 Gembloux ou dans les communes voisines (Sombreffe, \u00c9ghez\u00e9e, Chastre) ?L'Ecole de Langues Propulse met son expertise au service de la performance de votre entreprise.Cours de  [...]<\/p><\/div><\/article><article class=\"post fusion-column column col col-lg-4 col-md-4 col-sm-4\"><div class=\"fusion-flexslider fusion-flexslider-loading flexslider flexslider-hover-type-none\"><ul class=\"slides\"><li><a href=\"https:\/\/ecoledelangues.be\/fr\/expressions-francaises-animaux-quiz\/\" aria-label=\"Expressions fran\u00e7aises animaux de la ferme\" class=\"hover-type-none\"><img decoding=\"async\" width=\"808\" height=\"579\" src=\"https:\/\/ecoledelangues.be\/wp-content\/uploads\/2026\/03\/ferme-animaux-1.png\" class=\"attachment-full size-full lazyload\" alt=\"Quiz ludique sur les expressions idiomatiques animales en fran\u00e7ais\" srcset=\"data:image\/svg+xml,%3Csvg%20xmlns%3D%27http%3A%2F%2Fwww.w3.org%2F2000%2Fsvg%27%20width%3D%27808%27%20height%3D%27579%27%20viewBox%3D%270%200%20808%20579%27%3E%3Crect%20width%3D%27808%27%20height%3D%27579%27%20fill-opacity%3D%220%22%2F%3E%3C%2Fsvg%3E\" data-orig-src=\"https:\/\/ecoledelangues.be\/wp-content\/uploads\/2026\/03\/ferme-animaux-1.png\" data-srcset=\"https:\/\/ecoledelangues.be\/wp-content\/uploads\/2026\/03\/ferme-animaux-1-200x143.png 200w, https:\/\/ecoledelangues.be\/wp-content\/uploads\/2026\/03\/ferme-animaux-1-400x287.png 400w, https:\/\/ecoledelangues.be\/wp-content\/uploads\/2026\/03\/ferme-animaux-1-600x430.png 600w, https:\/\/ecoledelangues.be\/wp-content\/uploads\/2026\/03\/ferme-animaux-1-800x573.png 800w, https:\/\/ecoledelangues.be\/wp-content\/uploads\/2026\/03\/ferme-animaux-1.png 808w\" data-sizes=\"auto\" \/><\/a><\/li><\/ul><\/div><div class=\"recent-posts-content\"><span class=\"vcard\" style=\"display: none;\"><span class=\"fn\"><a href=\"https:\/\/ecoledelangues.be\/fr\/author\/nicolas-jauquetgmail-com\/\" title=\"Articles par Jauquet Nicolas\" rel=\"author\">Jauquet Nicolas<\/a><\/span><\/span><span class=\"updated\" style=\"display:none;\">2026-04-13T09:45:24+00:00<\/span><h4 class=\"entry-title\"><a href=\"https:\/\/ecoledelangues.be\/fr\/expressions-francaises-animaux-quiz\/\">Expressions fran\u00e7aises animaux de la ferme<\/a><\/h4><p class=\"meta\"><span class=\"vcard\" style=\"display: none;\"><span class=\"fn\"><a href=\"https:\/\/ecoledelangues.be\/fr\/author\/nicolas-jauquetgmail-com\/\" title=\"Articles par Jauquet Nicolas\" rel=\"author\">Jauquet Nicolas<\/a><\/span><\/span><span class=\"updated\" style=\"display:none;\">2026-04-13T09:45:24+00:00<\/span><span>mai 10th, 2025<\/span><span class=\"fusion-inline-sep\">|<\/span><span class=\"fusion-comments\"><span>Commentaires ferm\u00e9s<span class=\"screen-reader-text\"> sur Expressions fran\u00e7aises animaux de la ferme<\/span><\/span><\/span><\/p><p> Voici quelques expressions fran\u00e7aises tr\u00e8s\u2026 animales ! Trouverez-vous les r\u00e9ponses \u00e0 cet exercice ? Que vous soyez en plein apprentissage du fran\u00e7ais ou expert, testez-vous ci-dessous. Quiz : Les expressions animali\u00e8res fran\u00e7aises Etre fier  [...]<\/p><\/div><\/article><article class=\"post fusion-column column col col-lg-4 col-md-4 col-sm-4\"><div class=\"fusion-flexslider fusion-flexslider-loading flexslider flexslider-hover-type-none\"><ul class=\"slides\"><li><a href=\"https:\/\/ecoledelangues.be\/fr\/5-jeux-amusants-pour-apprendre-les-langues-a-votre-enfant-a-la-maison\/\" aria-label=\"5 Jeux amusants pour apprendre les langues \u00e0 votre enfant \u00e0 la maison\" class=\"hover-type-none\"><img decoding=\"async\" width=\"1050\" height=\"1036\" src=\"https:\/\/ecoledelangues.be\/wp-content\/uploads\/2025\/03\/Capture-decran-2025-03-19-a-16.37.10.png\" class=\"attachment-full size-full lazyload\" alt=\"\" srcset=\"data:image\/svg+xml,%3Csvg%20xmlns%3D%27http%3A%2F%2Fwww.w3.org%2F2000%2Fsvg%27%20width%3D%271050%27%20height%3D%271036%27%20viewBox%3D%270%200%201050%201036%27%3E%3Crect%20width%3D%271050%27%20height%3D%271036%27%20fill-opacity%3D%220%22%2F%3E%3C%2Fsvg%3E\" data-orig-src=\"https:\/\/ecoledelangues.be\/wp-content\/uploads\/2025\/03\/Capture-decran-2025-03-19-a-16.37.10.png\" data-srcset=\"https:\/\/ecoledelangues.be\/wp-content\/uploads\/2025\/03\/Capture-decran-2025-03-19-a-16.37.10-200x197.png 200w, https:\/\/ecoledelangues.be\/wp-content\/uploads\/2025\/03\/Capture-decran-2025-03-19-a-16.37.10-400x395.png 400w, https:\/\/ecoledelangues.be\/wp-content\/uploads\/2025\/03\/Capture-decran-2025-03-19-a-16.37.10-600x592.png 600w, https:\/\/ecoledelangues.be\/wp-content\/uploads\/2025\/03\/Capture-decran-2025-03-19-a-16.37.10-800x789.png 800w, https:\/\/ecoledelangues.be\/wp-content\/uploads\/2025\/03\/Capture-decran-2025-03-19-a-16.37.10.png 1050w\" data-sizes=\"auto\" \/><\/a><\/li><\/ul><\/div><div class=\"recent-posts-content\"><span class=\"vcard\" style=\"display: none;\"><span class=\"fn\"><a href=\"https:\/\/ecoledelangues.be\/fr\/author\/stagiaire\/\" title=\"Articles par Stagiaire\" rel=\"author\">Stagiaire<\/a><\/span><\/span><span class=\"updated\" style=\"display:none;\">2026-04-08T07:53:47+00:00<\/span><h4 class=\"entry-title\"><a href=\"https:\/\/ecoledelangues.be\/fr\/5-jeux-amusants-pour-apprendre-les-langues-a-votre-enfant-a-la-maison\/\">5 Jeux amusants pour apprendre les langues \u00e0 votre enfant \u00e0 la maison<\/a><\/h4><p class=\"meta\"><span class=\"vcard\" style=\"display: none;\"><span class=\"fn\"><a href=\"https:\/\/ecoledelangues.be\/fr\/author\/stagiaire\/\" title=\"Articles par Stagiaire\" rel=\"author\">Stagiaire<\/a><\/span><\/span><span class=\"updated\" style=\"display:none;\">2026-04-08T07:53:47+00:00<\/span><span>mars 19th, 2025<\/span><span class=\"fusion-inline-sep\">|<\/span><span class=\"fusion-comments\"><span>Commentaires ferm\u00e9s<span class=\"screen-reader-text\"> sur 5 Jeux amusants pour apprendre les langues \u00e0 votre enfant \u00e0 la maison<\/span><\/span><\/span><\/p><p>5 Jeux amusants pour apprendre les langues \u00e0 votre enfant \u00e0 la maisonL'apprentissage d'une nouvelle langue peut \u00eatre amusant et engageant, surtout lorsqu'il s'agit d'enfants. Nous croyons fermement que l'apprentissage peut se faire de mani\u00e8re  [...]<\/p><\/div><\/article><article class=\"post fusion-column column col col-lg-4 col-md-4 col-sm-4\"><div class=\"fusion-flexslider fusion-flexslider-loading flexslider flexslider-hover-type-none\"><ul class=\"slides\"><li><a href=\"https:\/\/ecoledelangues.be\/fr\/cours-de-langue-entreprise-la-hulpe\/\" aria-label=\"Cours de langues pour Entreprises \u00e0 La Hulpe\" class=\"hover-type-none\"><img decoding=\"async\" width=\"550\" height=\"413\" src=\"https:\/\/ecoledelangues.be\/wp-content\/uploads\/2026\/03\/gare-de-la-hulpe-la-hulpe.jpg\" class=\"attachment-full size-full lazyload\" alt=\"\" srcset=\"data:image\/svg+xml,%3Csvg%20xmlns%3D%27http%3A%2F%2Fwww.w3.org%2F2000%2Fsvg%27%20width%3D%27550%27%20height%3D%27413%27%20viewBox%3D%270%200%20550%20413%27%3E%3Crect%20width%3D%27550%27%20height%3D%27413%27%20fill-opacity%3D%220%22%2F%3E%3C%2Fsvg%3E\" data-orig-src=\"https:\/\/ecoledelangues.be\/wp-content\/uploads\/2026\/03\/gare-de-la-hulpe-la-hulpe.jpg\" data-srcset=\"https:\/\/ecoledelangues.be\/wp-content\/uploads\/2026\/03\/gare-de-la-hulpe-la-hulpe-200x150.jpg 200w, https:\/\/ecoledelangues.be\/wp-content\/uploads\/2026\/03\/gare-de-la-hulpe-la-hulpe-400x300.jpg 400w, https:\/\/ecoledelangues.be\/wp-content\/uploads\/2026\/03\/gare-de-la-hulpe-la-hulpe.jpg 550w\" data-sizes=\"auto\" \/><\/a><\/li><\/ul><\/div><div class=\"recent-posts-content\"><span class=\"vcard\" style=\"display: none;\"><span class=\"fn\"><a href=\"https:\/\/ecoledelangues.be\/fr\/author\/stagiaire\/\" title=\"Articles par Stagiaire\" rel=\"author\">Stagiaire<\/a><\/span><\/span><span class=\"updated\" style=\"display:none;\">2026-04-08T07:56:12+00:00<\/span><h4 class=\"entry-title\"><a href=\"https:\/\/ecoledelangues.be\/fr\/cours-de-langue-entreprise-la-hulpe\/\">Cours de langues pour Entreprises \u00e0 La Hulpe<\/a><\/h4><p class=\"meta\"><span class=\"vcard\" style=\"display: none;\"><span class=\"fn\"><a href=\"https:\/\/ecoledelangues.be\/fr\/author\/stagiaire\/\" title=\"Articles par Stagiaire\" rel=\"author\">Stagiaire<\/a><\/span><\/span><span class=\"updated\" style=\"display:none;\">2026-04-08T07:56:12+00:00<\/span><span>f\u00e9vrier 10th, 2025<\/span><span class=\"fusion-inline-sep\">|<\/span><span class=\"fusion-comments\"><span>Commentaires ferm\u00e9s<span class=\"screen-reader-text\"> sur Cours de langues pour Entreprises \u00e0 La Hulpe<\/span><\/span><\/span><\/p><p>Vous souhaitez organiser des formations linguistiques pour votre entreprise situ\u00e9e \u00e0 La Hulpe ou dans le Brabant Wallon (Rixensart, Genval, Waterloo) ?L'Ecole de Langues Propulse met son expertise et sa flexibilit\u00e9 au service de vos  [...]<\/p><\/div><\/article><article class=\"post fusion-column column col col-lg-4 col-md-4 col-sm-4\"><div class=\"fusion-flexslider fusion-flexslider-loading flexslider flexslider-hover-type-none\"><ul class=\"slides\"><li><a href=\"https:\/\/ecoledelangues.be\/fr\/difficultes-neerlandais-francophones\/\" aria-label=\"Difficult\u00e9s en n\u00e9erlandais : Pourquoi est-ce dur pour les francophones ?\" class=\"hover-type-none\"><img decoding=\"async\" width=\"800\" height=\"533\" src=\"https:\/\/ecoledelangues.be\/wp-content\/uploads\/2026\/03\/cours-de-neerlandais-prives-1.png\" class=\"attachment-full size-full lazyload\" alt=\"\" srcset=\"data:image\/svg+xml,%3Csvg%20xmlns%3D%27http%3A%2F%2Fwww.w3.org%2F2000%2Fsvg%27%20width%3D%27800%27%20height%3D%27533%27%20viewBox%3D%270%200%20800%20533%27%3E%3Crect%20width%3D%27800%27%20height%3D%27533%27%20fill-opacity%3D%220%22%2F%3E%3C%2Fsvg%3E\" data-orig-src=\"https:\/\/ecoledelangues.be\/wp-content\/uploads\/2026\/03\/cours-de-neerlandais-prives-1.png\" data-srcset=\"https:\/\/ecoledelangues.be\/wp-content\/uploads\/2026\/03\/cours-de-neerlandais-prives-1-200x133.png 200w, https:\/\/ecoledelangues.be\/wp-content\/uploads\/2026\/03\/cours-de-neerlandais-prives-1-400x267.png 400w, https:\/\/ecoledelangues.be\/wp-content\/uploads\/2026\/03\/cours-de-neerlandais-prives-1-600x400.png 600w, https:\/\/ecoledelangues.be\/wp-content\/uploads\/2026\/03\/cours-de-neerlandais-prives-1.png 800w\" data-sizes=\"auto\" \/><\/a><\/li><\/ul><\/div><div class=\"recent-posts-content\"><span class=\"vcard\" style=\"display: none;\"><span class=\"fn\"><a href=\"https:\/\/ecoledelangues.be\/fr\/author\/stagiaire\/\" title=\"Articles par Stagiaire\" rel=\"author\">Stagiaire<\/a><\/span><\/span><span class=\"updated\" style=\"display:none;\">2026-03-12T09:29:34+00:00<\/span><h4 class=\"entry-title\"><a href=\"https:\/\/ecoledelangues.be\/fr\/difficultes-neerlandais-francophones\/\">Difficult\u00e9s en n\u00e9erlandais : Pourquoi est-ce dur pour les francophones ?<\/a><\/h4><p class=\"meta\"><span class=\"vcard\" style=\"display: none;\"><span class=\"fn\"><a href=\"https:\/\/ecoledelangues.be\/fr\/author\/stagiaire\/\" title=\"Articles par Stagiaire\" rel=\"author\">Stagiaire<\/a><\/span><\/span><span class=\"updated\" style=\"display:none;\">2026-03-12T09:29:34+00:00<\/span><span>f\u00e9vrier 1st, 2025<\/span><span class=\"fusion-inline-sep\">|<\/span><span class=\"fusion-comments\"><span>Commentaires ferm\u00e9s<span class=\"screen-reader-text\"> sur Difficult\u00e9s en n\u00e9erlandais : Pourquoi est-ce dur pour les francophones ?<\/span><\/span><\/span><\/p><p> Chers (futurs) polyglottes, pourquoi le n\u00e9erlandais semble-t-il parfois si inaccessible pour nous, francophones ? Si vous avez l'impression de stagner malgr\u00e9 vos efforts, sachez que la science a une explication. Retour sur une analyse  [...]<\/p><\/div><\/article><article class=\"post fusion-column column col col-lg-4 col-md-4 col-sm-4\"><div class=\"fusion-flexslider fusion-flexslider-loading flexslider flexslider-hover-type-none\"><ul class=\"slides\"><li><a href=\"https:\/\/ecoledelangues.be\/fr\/expressions-francaises-amour-mariage\/\" aria-label=\"Expressions fran\u00e7aises sur l&rsquo;Amour et le Mariage\" class=\"hover-type-none\"><img decoding=\"async\" width=\"370\" height=\"370\" src=\"https:\/\/ecoledelangues.be\/wp-content\/uploads\/2026\/03\/roucouler1-1.jpg\" class=\"attachment-full size-full lazyload\" alt=\"\" srcset=\"data:image\/svg+xml,%3Csvg%20xmlns%3D%27http%3A%2F%2Fwww.w3.org%2F2000%2Fsvg%27%20width%3D%27370%27%20height%3D%27370%27%20viewBox%3D%270%200%20370%20370%27%3E%3Crect%20width%3D%27370%27%20height%3D%27370%27%20fill-opacity%3D%220%22%2F%3E%3C%2Fsvg%3E\" data-orig-src=\"https:\/\/ecoledelangues.be\/wp-content\/uploads\/2026\/03\/roucouler1-1.jpg\" data-srcset=\"https:\/\/ecoledelangues.be\/wp-content\/uploads\/2026\/03\/roucouler1-1-200x200.jpg 200w, https:\/\/ecoledelangues.be\/wp-content\/uploads\/2026\/03\/roucouler1-1.jpg 370w\" data-sizes=\"auto\" \/><\/a><\/li><\/ul><\/div><div class=\"recent-posts-content\"><span class=\"vcard\" style=\"display: none;\"><span class=\"fn\"><a href=\"https:\/\/ecoledelangues.be\/fr\/author\/stagiaire\/\" title=\"Articles par Stagiaire\" rel=\"author\">Stagiaire<\/a><\/span><\/span><span class=\"updated\" style=\"display:none;\">2026-04-13T10:03:47+00:00<\/span><h4 class=\"entry-title\"><a href=\"https:\/\/ecoledelangues.be\/fr\/expressions-francaises-amour-mariage\/\">Expressions fran\u00e7aises sur l&rsquo;Amour et le Mariage<\/a><\/h4><p class=\"meta\"><span class=\"vcard\" style=\"display: none;\"><span class=\"fn\"><a href=\"https:\/\/ecoledelangues.be\/fr\/author\/stagiaire\/\" title=\"Articles par Stagiaire\" rel=\"author\">Stagiaire<\/a><\/span><\/span><span class=\"updated\" style=\"display:none;\">2026-04-13T10:03:47+00:00<\/span><span>janvier 10th, 2025<\/span><span class=\"fusion-inline-sep\">|<\/span><span class=\"fusion-comments\"><span>Commentaires ferm\u00e9s<span class=\"screen-reader-text\"> sur Expressions fran\u00e7aises sur l&rsquo;Amour et le Mariage<\/span><\/span><\/span><\/p><p> L'amour est une source in\u00e9puisable d'inspiration pour la langue fran\u00e7aise. Pour f\u00eater quarante ans de mariage, rien de tel qu'une petite histoire pour d\u00e9couvrir les expressions idiomatiques li\u00e9es au c\u0153ur et \u00e0 la s\u00e9duction.  [...]<\/p><\/div><\/article><article class=\"post fusion-column column col col-lg-4 col-md-4 col-sm-4\"><div class=\"fusion-flexslider fusion-flexslider-loading flexslider flexslider-hover-type-none\"><ul class=\"slides\"><li><a href=\"https:\/\/ecoledelangues.be\/fr\/podcasts-ecoledelangues-be\/\" aria-label=\"Podcasts EcoleDeLangues.be\" class=\"hover-type-none\"><img decoding=\"async\" width=\"1080\" height=\"1080\" src=\"https:\/\/ecoledelangues.be\/wp-content\/uploads\/2024\/05\/Design-sans-titre-3.jpg\" class=\"attachment-full size-full lazyload\" alt=\"podcast EcoleDeLangues.be apprendre une langue\" srcset=\"data:image\/svg+xml,%3Csvg%20xmlns%3D%27http%3A%2F%2Fwww.w3.org%2F2000%2Fsvg%27%20width%3D%271080%27%20height%3D%271080%27%20viewBox%3D%270%200%201080%201080%27%3E%3Crect%20width%3D%271080%27%20height%3D%271080%27%20fill-opacity%3D%220%22%2F%3E%3C%2Fsvg%3E\" data-orig-src=\"https:\/\/ecoledelangues.be\/wp-content\/uploads\/2024\/05\/Design-sans-titre-3.jpg\" data-srcset=\"https:\/\/ecoledelangues.be\/wp-content\/uploads\/2024\/05\/Design-sans-titre-3-200x200.jpg 200w, https:\/\/ecoledelangues.be\/wp-content\/uploads\/2024\/05\/Design-sans-titre-3-400x400.jpg 400w, https:\/\/ecoledelangues.be\/wp-content\/uploads\/2024\/05\/Design-sans-titre-3-600x600.jpg 600w, https:\/\/ecoledelangues.be\/wp-content\/uploads\/2024\/05\/Design-sans-titre-3-800x800.jpg 800w, https:\/\/ecoledelangues.be\/wp-content\/uploads\/2024\/05\/Design-sans-titre-3.jpg 1080w\" data-sizes=\"auto\" \/><\/a><\/li><\/ul><\/div><div class=\"recent-posts-content\"><span class=\"vcard\" style=\"display: none;\"><span class=\"fn\"><a href=\"https:\/\/ecoledelangues.be\/fr\/author\/segolene\/\" title=\"Articles par segolene\" rel=\"author\">segolene<\/a><\/span><\/span><span class=\"updated\" style=\"display:none;\">2024-06-04T10:52:33+00:00<\/span><h4 class=\"entry-title\"><a href=\"https:\/\/ecoledelangues.be\/fr\/podcasts-ecoledelangues-be\/\">Podcasts EcoleDeLangues.be<\/a><\/h4><p class=\"meta\"><span class=\"vcard\" style=\"display: none;\"><span class=\"fn\"><a href=\"https:\/\/ecoledelangues.be\/fr\/author\/segolene\/\" title=\"Articles par segolene\" rel=\"author\">segolene<\/a><\/span><\/span><span class=\"updated\" style=\"display:none;\">2024-06-04T10:52:33+00:00<\/span><span>mai 29th, 2024<\/span><span class=\"fusion-inline-sep\">|<\/span><span class=\"fusion-comments\"><span>Commentaires ferm\u00e9s<span class=\"screen-reader-text\"> sur Podcasts EcoleDeLangues.be<\/span><\/span><\/span><\/p><p> Notre s\u00e9rie de podcasts pour les parents qui veulent initier leurs enfants aux langues      Episode 1: L'apprentissage des langues chez les enfants et les adolescents!  Les cours de  [...]<\/p><\/div><\/article><article class=\"post fusion-column column col col-lg-4 col-md-4 col-sm-4\"><div class=\"fusion-flexslider fusion-flexslider-loading flexslider flexslider-hover-type-none\"><ul class=\"slides\"><li><a href=\"https:\/\/ecoledelangues.be\/fr\/les-meilleures-applications-pour-apprendre-une-langue\/\" aria-label=\"Les meilleures applications pour apprendre une langue : Explorez de nouvelles fronti\u00e8res linguistiques !\" class=\"hover-type-none\"><img decoding=\"async\" width=\"1798\" height=\"1796\" src=\"https:\/\/ecoledelangues.be\/wp-content\/uploads\/2023\/06\/Capture-decran-2023-06-26-a-16.23.04.png\" class=\"attachment-full size-full lazyload\" alt=\"enfants qui apprennent les langues \u00e0 travers des applications\" srcset=\"data:image\/svg+xml,%3Csvg%20xmlns%3D%27http%3A%2F%2Fwww.w3.org%2F2000%2Fsvg%27%20width%3D%271798%27%20height%3D%271796%27%20viewBox%3D%270%200%201798%201796%27%3E%3Crect%20width%3D%271798%27%20height%3D%271796%27%20fill-opacity%3D%220%22%2F%3E%3C%2Fsvg%3E\" data-orig-src=\"https:\/\/ecoledelangues.be\/wp-content\/uploads\/2023\/06\/Capture-decran-2023-06-26-a-16.23.04.png\" data-srcset=\"https:\/\/ecoledelangues.be\/wp-content\/uploads\/2023\/06\/Capture-decran-2023-06-26-a-16.23.04-200x200.png 200w, https:\/\/ecoledelangues.be\/wp-content\/uploads\/2023\/06\/Capture-decran-2023-06-26-a-16.23.04-400x400.png 400w, https:\/\/ecoledelangues.be\/wp-content\/uploads\/2023\/06\/Capture-decran-2023-06-26-a-16.23.04-600x599.png 600w, https:\/\/ecoledelangues.be\/wp-content\/uploads\/2023\/06\/Capture-decran-2023-06-26-a-16.23.04-800x799.png 800w, https:\/\/ecoledelangues.be\/wp-content\/uploads\/2023\/06\/Capture-decran-2023-06-26-a-16.23.04-1200x1199.png 1200w, https:\/\/ecoledelangues.be\/wp-content\/uploads\/2023\/06\/Capture-decran-2023-06-26-a-16.23.04.png 1798w\" data-sizes=\"auto\" \/><\/a><\/li><\/ul><\/div><div class=\"recent-posts-content\"><span class=\"vcard\" style=\"display: none;\"><span class=\"fn\"><a href=\"https:\/\/ecoledelangues.be\/fr\/author\/stagiaire\/\" title=\"Articles par Stagiaire\" rel=\"author\">Stagiaire<\/a><\/span><\/span><span class=\"updated\" style=\"display:none;\">2026-04-08T08:08:53+00:00<\/span><h4 class=\"entry-title\"><a href=\"https:\/\/ecoledelangues.be\/fr\/les-meilleures-applications-pour-apprendre-une-langue\/\">Les meilleures applications pour apprendre une langue : Explorez de nouvelles fronti\u00e8res linguistiques !<\/a><\/h4><p class=\"meta\"><span class=\"vcard\" style=\"display: none;\"><span class=\"fn\"><a href=\"https:\/\/ecoledelangues.be\/fr\/author\/stagiaire\/\" title=\"Articles par Stagiaire\" rel=\"author\">Stagiaire<\/a><\/span><\/span><span class=\"updated\" style=\"display:none;\">2026-04-08T08:08:53+00:00<\/span><span>juin 26th, 2023<\/span><span class=\"fusion-inline-sep\">|<\/span><span class=\"fusion-comments\"><span>Commentaires ferm\u00e9s<span class=\"screen-reader-text\"> sur Les meilleures applications pour apprendre une langue : Explorez de nouvelles fronti\u00e8res linguistiques !<\/span><\/span><\/span><\/p><p>Les meilleures applications pour apprendre une langue Explorez de nouvelles fronti\u00e8res linguistiques ! Dans notre monde de plus en plus connect\u00e9, l'apprentissage des langues \u00e9trang\u00e8res est devenu essentiel pour \u00e9largir nos horizons, stimuler notre cerveau  [...]<\/p><\/div><\/article><article class=\"post fusion-column column col col-lg-4 col-md-4 col-sm-4\"><div class=\"fusion-flexslider fusion-flexslider-loading flexslider flexslider-hover-type-none\"><ul class=\"slides\"><li><a href=\"https:\/\/ecoledelangues.be\/fr\/musiques-anglais-pour-apprendre-anglais-aux-enfants\/\" aria-label=\"D\u00e9couvrez les musiques anglaises pour apprendre l&rsquo;anglais aux enfants !\" class=\"hover-type-none\"><img decoding=\"async\" width=\"1150\" height=\"1142\" src=\"https:\/\/ecoledelangues.be\/wp-content\/uploads\/2023\/06\/Capture-decran-2023-06-19-a-17.26.21.png\" class=\"attachment-full size-full lazyload\" alt=\"enfants qui apprennent l&#039;anglais en musique\" srcset=\"data:image\/svg+xml,%3Csvg%20xmlns%3D%27http%3A%2F%2Fwww.w3.org%2F2000%2Fsvg%27%20width%3D%271150%27%20height%3D%271142%27%20viewBox%3D%270%200%201150%201142%27%3E%3Crect%20width%3D%271150%27%20height%3D%271142%27%20fill-opacity%3D%220%22%2F%3E%3C%2Fsvg%3E\" data-orig-src=\"https:\/\/ecoledelangues.be\/wp-content\/uploads\/2023\/06\/Capture-decran-2023-06-19-a-17.26.21.png\" data-srcset=\"https:\/\/ecoledelangues.be\/wp-content\/uploads\/2023\/06\/Capture-decran-2023-06-19-a-17.26.21-200x199.png 200w, https:\/\/ecoledelangues.be\/wp-content\/uploads\/2023\/06\/Capture-decran-2023-06-19-a-17.26.21-400x397.png 400w, https:\/\/ecoledelangues.be\/wp-content\/uploads\/2023\/06\/Capture-decran-2023-06-19-a-17.26.21-600x596.png 600w, https:\/\/ecoledelangues.be\/wp-content\/uploads\/2023\/06\/Capture-decran-2023-06-19-a-17.26.21-800x794.png 800w, https:\/\/ecoledelangues.be\/wp-content\/uploads\/2023\/06\/Capture-decran-2023-06-19-a-17.26.21.png 1150w\" data-sizes=\"auto\" \/><\/a><\/li><\/ul><\/div><div class=\"recent-posts-content\"><span class=\"vcard\" style=\"display: none;\"><span class=\"fn\"><a href=\"https:\/\/ecoledelangues.be\/fr\/author\/stagiaire\/\" title=\"Articles par Stagiaire\" rel=\"author\">Stagiaire<\/a><\/span><\/span><span class=\"updated\" style=\"display:none;\">2026-04-08T08:17:24+00:00<\/span><h4 class=\"entry-title\"><a href=\"https:\/\/ecoledelangues.be\/fr\/musiques-anglais-pour-apprendre-anglais-aux-enfants\/\">D\u00e9couvrez les musiques anglaises pour apprendre l&rsquo;anglais aux enfants !<\/a><\/h4><p class=\"meta\"><span class=\"vcard\" style=\"display: none;\"><span class=\"fn\"><a href=\"https:\/\/ecoledelangues.be\/fr\/author\/stagiaire\/\" title=\"Articles par Stagiaire\" rel=\"author\">Stagiaire<\/a><\/span><\/span><span class=\"updated\" style=\"display:none;\">2026-04-08T08:17:24+00:00<\/span><span>juin 19th, 2023<\/span><span class=\"fusion-inline-sep\">|<\/span><span class=\"fusion-comments\"><span>Commentaires ferm\u00e9s<span class=\"screen-reader-text\"> sur D\u00e9couvrez les musiques anglaises pour apprendre l&rsquo;anglais aux enfants !<\/span><\/span><\/span><\/p><p> D\u00e9couvrez les musiques anglaises pour apprendre l'anglais aux enfants ! Apprendre une nouvelle langue peut \u00eatre \u00e0 la fois amusant et stimulant pour les enfants. L'anglais est l'une des langues les plus parl\u00e9es dans  [...]<\/p><\/div><\/article><article class=\"post fusion-column column col col-lg-4 col-md-4 col-sm-4\"><div class=\"fusion-flexslider fusion-flexslider-loading flexslider flexslider-hover-type-none\"><ul class=\"slides\"><li><a href=\"https:\/\/ecoledelangues.be\/fr\/duolingo-apprentissage-de-langues\/\" aria-label=\"Duolingo : L&rsquo;application d&rsquo;apprentissage de langues qui rend l&rsquo;apprentissage amusant\" class=\"hover-type-none\"><img decoding=\"async\" width=\"638\" height=\"638\" src=\"https:\/\/ecoledelangues.be\/wp-content\/uploads\/2023\/06\/Sans-titre.png\" class=\"attachment-full size-full lazyload\" alt=\"duolingo application langues\" srcset=\"data:image\/svg+xml,%3Csvg%20xmlns%3D%27http%3A%2F%2Fwww.w3.org%2F2000%2Fsvg%27%20width%3D%27638%27%20height%3D%27638%27%20viewBox%3D%270%200%20638%20638%27%3E%3Crect%20width%3D%27638%27%20height%3D%27638%27%20fill-opacity%3D%220%22%2F%3E%3C%2Fsvg%3E\" data-orig-src=\"https:\/\/ecoledelangues.be\/wp-content\/uploads\/2023\/06\/Sans-titre.png\" data-srcset=\"https:\/\/ecoledelangues.be\/wp-content\/uploads\/2023\/06\/Sans-titre-200x200.png 200w, https:\/\/ecoledelangues.be\/wp-content\/uploads\/2023\/06\/Sans-titre-400x400.png 400w, https:\/\/ecoledelangues.be\/wp-content\/uploads\/2023\/06\/Sans-titre-600x600.png 600w, https:\/\/ecoledelangues.be\/wp-content\/uploads\/2023\/06\/Sans-titre.png 638w\" data-sizes=\"auto\" \/><\/a><\/li><\/ul><\/div><div class=\"recent-posts-content\"><span class=\"vcard\" style=\"display: none;\"><span class=\"fn\"><a href=\"https:\/\/ecoledelangues.be\/fr\/author\/stagiaire\/\" title=\"Articles par Stagiaire\" rel=\"author\">Stagiaire<\/a><\/span><\/span><span class=\"updated\" style=\"display:none;\">2026-04-13T14:36:50+00:00<\/span><h4 class=\"entry-title\"><a href=\"https:\/\/ecoledelangues.be\/fr\/duolingo-apprentissage-de-langues\/\">Duolingo : L&rsquo;application d&rsquo;apprentissage de langues qui rend l&rsquo;apprentissage amusant<\/a><\/h4><p class=\"meta\"><span class=\"vcard\" style=\"display: none;\"><span class=\"fn\"><a href=\"https:\/\/ecoledelangues.be\/fr\/author\/stagiaire\/\" title=\"Articles par Stagiaire\" rel=\"author\">Stagiaire<\/a><\/span><\/span><span class=\"updated\" style=\"display:none;\">2026-04-13T14:36:50+00:00<\/span><span>juin 13th, 2023<\/span><span class=\"fusion-inline-sep\">|<\/span><span class=\"fusion-comments\"><span>Commentaires ferm\u00e9s<span class=\"screen-reader-text\"> sur Duolingo : L&rsquo;application d&rsquo;apprentissage de langues qui rend l&rsquo;apprentissage amusant<\/span><\/span><\/span><\/p><p> Duolingo : L'application d'apprentissage de langues qui rend l'apprentissage amusant Apprendre une langue peut \u00eatre une t\u00e2che difficile et fastidieuse, mais avec l'av\u00e8nement des applications mobiles d'apprentissage de langue comme Duolingo, cela peut \u00eatre  [...]<\/p><\/div><\/article><article class=\"post fusion-column column col col-lg-4 col-md-4 col-sm-4\"><div class=\"fusion-flexslider fusion-flexslider-loading flexslider flexslider-hover-type-none\"><ul class=\"slides\"><li><a href=\"https:\/\/ecoledelangues.be\/fr\/temps-verbaux-anglais-guide\/\" aria-label=\"Les temps verbaux de l&rsquo;anglais &#8211; un guide complet\" class=\"hover-type-none\"><img decoding=\"async\" width=\"650\" height=\"465\" src=\"https:\/\/ecoledelangues.be\/wp-content\/uploads\/2022\/10\/Les-temps.png\" class=\"attachment-full size-full lazyload\" alt=\"\" srcset=\"data:image\/svg+xml,%3Csvg%20xmlns%3D%27http%3A%2F%2Fwww.w3.org%2F2000%2Fsvg%27%20width%3D%27650%27%20height%3D%27465%27%20viewBox%3D%270%200%20650%20465%27%3E%3Crect%20width%3D%27650%27%20height%3D%27465%27%20fill-opacity%3D%220%22%2F%3E%3C%2Fsvg%3E\" data-orig-src=\"https:\/\/ecoledelangues.be\/wp-content\/uploads\/2022\/10\/Les-temps.png\" data-srcset=\"https:\/\/ecoledelangues.be\/wp-content\/uploads\/2022\/10\/Les-temps-200x143.png 200w, https:\/\/ecoledelangues.be\/wp-content\/uploads\/2022\/10\/Les-temps-400x286.png 400w, https:\/\/ecoledelangues.be\/wp-content\/uploads\/2022\/10\/Les-temps-600x429.png 600w, https:\/\/ecoledelangues.be\/wp-content\/uploads\/2022\/10\/Les-temps.png 650w\" data-sizes=\"auto\" \/><\/a><\/li><\/ul><\/div><div class=\"recent-posts-content\"><span class=\"vcard\" style=\"display: none;\"><span class=\"fn\"><a href=\"https:\/\/ecoledelangues.be\/fr\/author\/bahringeorgehotmail-com\/\" title=\"Articles par George Bahrin\" rel=\"author\">George Bahrin<\/a><\/span><\/span><span class=\"updated\" style=\"display:none;\">2022-10-18T17:27:51+00:00<\/span><h4 class=\"entry-title\"><a href=\"https:\/\/ecoledelangues.be\/fr\/temps-verbaux-anglais-guide\/\">Les temps verbaux de l&rsquo;anglais &#8211; un guide complet<\/a><\/h4><p class=\"meta\"><span class=\"vcard\" style=\"display: none;\"><span class=\"fn\"><a href=\"https:\/\/ecoledelangues.be\/fr\/author\/bahringeorgehotmail-com\/\" title=\"Articles par George Bahrin\" rel=\"author\">George Bahrin<\/a><\/span><\/span><span class=\"updated\" style=\"display:none;\">2022-10-18T17:27:51+00:00<\/span><span>octobre 5th, 2022<\/span><span class=\"fusion-inline-sep\">|<\/span><span class=\"fusion-comments\"><span>Commentaires ferm\u00e9s<span class=\"screen-reader-text\"> sur Les temps verbaux de l&rsquo;anglais &#8211; un guide complet<\/span><\/span><\/span><\/p><p> Les temps verbaux de l\u2019anglais - un guide complet  Bonjour, cher \u00e9tudiant en anglais.Je m'appelle George et je t'accompagnerai dans ton voyage vers un niveau d'anglais plus avanc\u00e9.Tu trouves les temps verbaux de  [...]<\/p><\/div><\/article><article class=\"post fusion-column column col col-lg-4 col-md-4 col-sm-4\"><div class=\"fusion-flexslider fusion-flexslider-loading flexslider flexslider-hover-type-none\"><ul class=\"slides\"><li><a href=\"https:\/\/ecoledelangues.be\/fr\/expressions-anglaises\/\" aria-label=\"Les expressions anglaises et italiennes : un jeu d&rsquo;enfants\" class=\"hover-type-none\"><img decoding=\"async\" width=\"788\" height=\"588\" src=\"https:\/\/ecoledelangues.be\/wp-content\/uploads\/2022\/09\/Merci-Thank-you-Grazie.png\" class=\"attachment-full size-full lazyload\" alt=\"Expressions anglaises et italiennes\" srcset=\"data:image\/svg+xml,%3Csvg%20xmlns%3D%27http%3A%2F%2Fwww.w3.org%2F2000%2Fsvg%27%20width%3D%27788%27%20height%3D%27588%27%20viewBox%3D%270%200%20788%20588%27%3E%3Crect%20width%3D%27788%27%20height%3D%27588%27%20fill-opacity%3D%220%22%2F%3E%3C%2Fsvg%3E\" data-orig-src=\"https:\/\/ecoledelangues.be\/wp-content\/uploads\/2022\/09\/Merci-Thank-you-Grazie.png\" data-srcset=\"https:\/\/ecoledelangues.be\/wp-content\/uploads\/2022\/09\/Merci-Thank-you-Grazie-200x149.png 200w, https:\/\/ecoledelangues.be\/wp-content\/uploads\/2022\/09\/Merci-Thank-you-Grazie-400x298.png 400w, https:\/\/ecoledelangues.be\/wp-content\/uploads\/2022\/09\/Merci-Thank-you-Grazie-600x448.png 600w, https:\/\/ecoledelangues.be\/wp-content\/uploads\/2022\/09\/Merci-Thank-you-Grazie.png 788w\" data-sizes=\"auto\" \/><\/a><\/li><\/ul><\/div><div class=\"recent-posts-content\"><span class=\"vcard\" style=\"display: none;\"><span class=\"fn\"><a href=\"https:\/\/ecoledelangues.be\/fr\/author\/bahringeorgehotmail-com\/\" title=\"Articles par George Bahrin\" rel=\"author\">George Bahrin<\/a><\/span><\/span><span class=\"updated\" style=\"display:none;\">2022-10-20T08:48:17+00:00<\/span><h4 class=\"entry-title\"><a href=\"https:\/\/ecoledelangues.be\/fr\/expressions-anglaises\/\">Les expressions anglaises et italiennes : un jeu d&rsquo;enfants<\/a><\/h4><p class=\"meta\"><span class=\"vcard\" style=\"display: none;\"><span class=\"fn\"><a href=\"https:\/\/ecoledelangues.be\/fr\/author\/bahringeorgehotmail-com\/\" title=\"Articles par George Bahrin\" rel=\"author\">George Bahrin<\/a><\/span><\/span><span class=\"updated\" style=\"display:none;\">2022-10-20T08:48:17+00:00<\/span><span>septembre 14th, 2022<\/span><span class=\"fusion-inline-sep\">|<\/span><span class=\"fusion-comments\"><span>Commentaires ferm\u00e9s<span class=\"screen-reader-text\"> sur Les expressions anglaises et italiennes : un jeu d&rsquo;enfants<\/span><\/span><\/span><\/p><p> Les expressions anglaises et italiennes: un jeu d\u2019enfants  Ou comme disent les anglais \u00ab a piece of cake \u00bb, ou les italiens \u00ab un gioco da ragazzi \u00bb  Expressions idiomatiques, idiomes... le  [...]<\/p><\/div><\/article><article class=\"post fusion-column column col col-lg-4 col-md-4 col-sm-4\"><div class=\"fusion-flexslider fusion-flexslider-loading flexslider flexslider-hover-type-none\"><ul class=\"slides\"><li><a href=\"https:\/\/ecoledelangues.be\/fr\/raisons-etudier-matin\/\" aria-label=\"Raisons pour \u00e9tudier le matin\" class=\"hover-type-none\"><img decoding=\"async\" width=\"1032\" height=\"967\" src=\"https:\/\/ecoledelangues.be\/wp-content\/uploads\/2022\/09\/image0.jpeg\" class=\"attachment-full size-full lazyload\" alt=\"\" srcset=\"data:image\/svg+xml,%3Csvg%20xmlns%3D%27http%3A%2F%2Fwww.w3.org%2F2000%2Fsvg%27%20width%3D%271032%27%20height%3D%27967%27%20viewBox%3D%270%200%201032%20967%27%3E%3Crect%20width%3D%271032%27%20height%3D%27967%27%20fill-opacity%3D%220%22%2F%3E%3C%2Fsvg%3E\" data-orig-src=\"https:\/\/ecoledelangues.be\/wp-content\/uploads\/2022\/09\/image0.jpeg\" data-srcset=\"https:\/\/ecoledelangues.be\/wp-content\/uploads\/2022\/09\/image0-200x187.jpeg 200w, https:\/\/ecoledelangues.be\/wp-content\/uploads\/2022\/09\/image0-400x375.jpeg 400w, https:\/\/ecoledelangues.be\/wp-content\/uploads\/2022\/09\/image0-600x562.jpeg 600w, https:\/\/ecoledelangues.be\/wp-content\/uploads\/2022\/09\/image0-800x750.jpeg 800w, https:\/\/ecoledelangues.be\/wp-content\/uploads\/2022\/09\/image0.jpeg 1032w\" data-sizes=\"auto\" \/><\/a><\/li><\/ul><\/div><div class=\"recent-posts-content\"><span class=\"vcard\" style=\"display: none;\"><span class=\"fn\"><a href=\"https:\/\/ecoledelangues.be\/fr\/author\/bahringeorgehotmail-com\/\" title=\"Articles par George Bahrin\" rel=\"author\">George Bahrin<\/a><\/span><\/span><span class=\"updated\" style=\"display:none;\">2024-04-23T09:01:56+00:00<\/span><h4 class=\"entry-title\"><a href=\"https:\/\/ecoledelangues.be\/fr\/raisons-etudier-matin\/\">Raisons pour \u00e9tudier le matin<\/a><\/h4><p class=\"meta\"><span class=\"vcard\" style=\"display: none;\"><span class=\"fn\"><a href=\"https:\/\/ecoledelangues.be\/fr\/author\/bahringeorgehotmail-com\/\" title=\"Articles par George Bahrin\" rel=\"author\">George Bahrin<\/a><\/span><\/span><span class=\"updated\" style=\"display:none;\">2024-04-23T09:01:56+00:00<\/span><span>septembre 8th, 2022<\/span><span class=\"fusion-inline-sep\">|<\/span><span class=\"fusion-comments\"><span>Commentaires ferm\u00e9s<span class=\"screen-reader-text\"> sur Raisons pour \u00e9tudier le matin<\/span><\/span><\/span><\/p><p>Etudier le matin ou le soir, qu'en dit la science ?  Ce que dit la science  Peu importe que vous appreniez une nouvelle langue, que vous appreniez \u00e0 cuisiner, que vous ma\u00eetrisiez un  [...]<\/p><\/div><\/article><article class=\"post fusion-column column col col-lg-4 col-md-4 col-sm-4\"><div class=\"fusion-flexslider fusion-flexslider-loading flexslider flexslider-hover-type-none\"><ul class=\"slides\"><li><a href=\"https:\/\/ecoledelangues.be\/fr\/20-phrases-en-neerlandais-et-en-anglais\/\" aria-label=\"20 phrases en n\u00e9erlandais et en anglais\" class=\"hover-type-none\"><img decoding=\"async\" width=\"1080\" height=\"1080\" src=\"https:\/\/ecoledelangues.be\/wp-content\/uploads\/2022\/04\/2.png\" class=\"attachment-full size-full lazyload\" alt=\"Un bras ou l&#039;on mets de la cr\u00e8me solaire\" srcset=\"data:image\/svg+xml,%3Csvg%20xmlns%3D%27http%3A%2F%2Fwww.w3.org%2F2000%2Fsvg%27%20width%3D%271080%27%20height%3D%271080%27%20viewBox%3D%270%200%201080%201080%27%3E%3Crect%20width%3D%271080%27%20height%3D%271080%27%20fill-opacity%3D%220%22%2F%3E%3C%2Fsvg%3E\" data-orig-src=\"https:\/\/ecoledelangues.be\/wp-content\/uploads\/2022\/04\/2.png\" data-srcset=\"https:\/\/ecoledelangues.be\/wp-content\/uploads\/2022\/04\/2-200x200.png 200w, https:\/\/ecoledelangues.be\/wp-content\/uploads\/2022\/04\/2-400x400.png 400w, https:\/\/ecoledelangues.be\/wp-content\/uploads\/2022\/04\/2-600x600.png 600w, https:\/\/ecoledelangues.be\/wp-content\/uploads\/2022\/04\/2-800x800.png 800w, https:\/\/ecoledelangues.be\/wp-content\/uploads\/2022\/04\/2.png 1080w\" data-sizes=\"auto\" \/><\/a><\/li><\/ul><\/div><div class=\"recent-posts-content\"><span class=\"vcard\" style=\"display: none;\"><span class=\"fn\"><a href=\"https:\/\/ecoledelangues.be\/fr\/author\/segolene\/\" title=\"Articles par segolene\" rel=\"author\">segolene<\/a><\/span><\/span><span class=\"updated\" style=\"display:none;\">2022-04-14T12:29:25+00:00<\/span><h4 class=\"entry-title\"><a href=\"https:\/\/ecoledelangues.be\/fr\/20-phrases-en-neerlandais-et-en-anglais\/\">20 phrases en n\u00e9erlandais et en anglais<\/a><\/h4><p class=\"meta\"><span class=\"vcard\" style=\"display: none;\"><span class=\"fn\"><a href=\"https:\/\/ecoledelangues.be\/fr\/author\/segolene\/\" title=\"Articles par segolene\" rel=\"author\">segolene<\/a><\/span><\/span><span class=\"updated\" style=\"display:none;\">2022-04-14T12:29:25+00:00<\/span><span>avril 14th, 2022<\/span><span class=\"fusion-inline-sep\">|<\/span><span class=\"fusion-comments\"><span>Commentaires ferm\u00e9s<span class=\"screen-reader-text\"> sur 20 phrases en n\u00e9erlandais et en anglais<\/span><\/span><\/span><\/p><p> 20 phrases en n\u00e9erlandais et en anglais \u00e0 utiliser avec votre enfant      Apprenez l'anglais et le n\u00e9erlandais \u00e0 vos enfants tout au long de vos vacances. Du matin au  [...]<\/p><\/div><\/article><article class=\"post fusion-column column col col-lg-4 col-md-4 col-sm-4\"><div class=\"fusion-flexslider fusion-flexslider-loading flexslider flexslider-hover-type-none\"><ul class=\"slides\"><li><a href=\"https:\/\/ecoledelangues.be\/fr\/jeunes-et-langais-sur-les-reseaux-sociaux\/\" aria-label=\"Les jeunes et l&rsquo;anglais sur les r\u00e9seaux sociaux\" class=\"hover-type-none\"><img decoding=\"async\" width=\"1080\" height=\"1080\" src=\"https:\/\/ecoledelangues.be\/wp-content\/uploads\/2022\/04\/Sans-titre13.png\" class=\"attachment-full size-full lazyload\" alt=\"Des ados sur leur t\u00e9l\u00e9phone\" srcset=\"data:image\/svg+xml,%3Csvg%20xmlns%3D%27http%3A%2F%2Fwww.w3.org%2F2000%2Fsvg%27%20width%3D%271080%27%20height%3D%271080%27%20viewBox%3D%270%200%201080%201080%27%3E%3Crect%20width%3D%271080%27%20height%3D%271080%27%20fill-opacity%3D%220%22%2F%3E%3C%2Fsvg%3E\" data-orig-src=\"https:\/\/ecoledelangues.be\/wp-content\/uploads\/2022\/04\/Sans-titre13.png\" data-srcset=\"https:\/\/ecoledelangues.be\/wp-content\/uploads\/2022\/04\/Sans-titre13-200x200.png 200w, https:\/\/ecoledelangues.be\/wp-content\/uploads\/2022\/04\/Sans-titre13-400x400.png 400w, https:\/\/ecoledelangues.be\/wp-content\/uploads\/2022\/04\/Sans-titre13-600x600.png 600w, https:\/\/ecoledelangues.be\/wp-content\/uploads\/2022\/04\/Sans-titre13-800x800.png 800w, https:\/\/ecoledelangues.be\/wp-content\/uploads\/2022\/04\/Sans-titre13.png 1080w\" data-sizes=\"auto\" \/><\/a><\/li><\/ul><\/div><div class=\"recent-posts-content\"><span class=\"vcard\" style=\"display: none;\"><span class=\"fn\"><a href=\"https:\/\/ecoledelangues.be\/fr\/author\/segolene\/\" title=\"Articles par segolene\" rel=\"author\">segolene<\/a><\/span><\/span><span class=\"updated\" style=\"display:none;\">2022-04-14T12:36:33+00:00<\/span><h4 class=\"entry-title\"><a href=\"https:\/\/ecoledelangues.be\/fr\/jeunes-et-langais-sur-les-reseaux-sociaux\/\">Les jeunes et l&rsquo;anglais sur les r\u00e9seaux sociaux<\/a><\/h4><p class=\"meta\"><span class=\"vcard\" style=\"display: none;\"><span class=\"fn\"><a href=\"https:\/\/ecoledelangues.be\/fr\/author\/segolene\/\" title=\"Articles par segolene\" rel=\"author\">segolene<\/a><\/span><\/span><span class=\"updated\" style=\"display:none;\">2022-04-14T12:36:33+00:00<\/span><span>avril 1st, 2022<\/span><span class=\"fusion-inline-sep\">|<\/span><span class=\"fusion-comments\"><span>Commentaires ferm\u00e9s<span class=\"screen-reader-text\"> sur Les jeunes et l&rsquo;anglais sur les r\u00e9seaux sociaux<\/span><\/span><\/span><\/p><p> Les jeunes et l'anglais sur les r\u00e9seaux sociaux      Les r\u00e9seaux sont devenus un espace international. Vous avez s\u00fbrement du contenu dans d\u2019autres langues que la v\u00f4tre qui passe sur  [...]<\/p><\/div><\/article><article class=\"post fusion-column column col col-lg-4 col-md-4 col-sm-4\"><div class=\"fusion-flexslider fusion-flexslider-loading flexslider flexslider-hover-type-none\"><ul class=\"slides\"><li><a href=\"https:\/\/ecoledelangues.be\/fr\/les-5-extensions-a-avoir-pour-apprendre-des-nouvelles-langues\/\" aria-label=\"Les 5 extensions \u00e0 avoir pour apprendre des nouvelles langues\" class=\"hover-type-none\"><img decoding=\"async\" width=\"797\" height=\"676\" src=\"https:\/\/ecoledelangues.be\/wp-content\/uploads\/2021\/12\/Language-tool-.png\" class=\"attachment-full size-full lazyload\" alt=\"\" srcset=\"data:image\/svg+xml,%3Csvg%20xmlns%3D%27http%3A%2F%2Fwww.w3.org%2F2000%2Fsvg%27%20width%3D%27797%27%20height%3D%27676%27%20viewBox%3D%270%200%20797%20676%27%3E%3Crect%20width%3D%27797%27%20height%3D%27676%27%20fill-opacity%3D%220%22%2F%3E%3C%2Fsvg%3E\" data-orig-src=\"https:\/\/ecoledelangues.be\/wp-content\/uploads\/2021\/12\/Language-tool-.png\" data-srcset=\"https:\/\/ecoledelangues.be\/wp-content\/uploads\/2021\/12\/Language-tool--200x170.png 200w, https:\/\/ecoledelangues.be\/wp-content\/uploads\/2021\/12\/Language-tool--400x339.png 400w, https:\/\/ecoledelangues.be\/wp-content\/uploads\/2021\/12\/Language-tool--600x509.png 600w, https:\/\/ecoledelangues.be\/wp-content\/uploads\/2021\/12\/Language-tool-.png 797w\" data-sizes=\"auto\" \/><\/a><\/li><\/ul><\/div><div class=\"recent-posts-content\"><span class=\"vcard\" style=\"display: none;\"><span class=\"fn\"><a href=\"https:\/\/ecoledelangues.be\/fr\/author\/segolene\/\" title=\"Articles par segolene\" rel=\"author\">segolene<\/a><\/span><\/span><span class=\"updated\" style=\"display:none;\">2021-12-17T15:38:02+00:00<\/span><h4 class=\"entry-title\"><a href=\"https:\/\/ecoledelangues.be\/fr\/les-5-extensions-a-avoir-pour-apprendre-des-nouvelles-langues\/\">Les 5 extensions \u00e0 avoir pour apprendre des nouvelles langues<\/a><\/h4><p class=\"meta\"><span class=\"vcard\" style=\"display: none;\"><span class=\"fn\"><a href=\"https:\/\/ecoledelangues.be\/fr\/author\/segolene\/\" title=\"Articles par segolene\" rel=\"author\">segolene<\/a><\/span><\/span><span class=\"updated\" style=\"display:none;\">2021-12-17T15:38:02+00:00<\/span><span>d\u00e9cembre 17th, 2021<\/span><span class=\"fusion-inline-sep\">|<\/span><span class=\"fusion-comments\"><span>Commentaires ferm\u00e9s<span class=\"screen-reader-text\"> sur Les 5 extensions \u00e0 avoir pour apprendre des nouvelles langues<\/span><\/span><\/span><\/p><p> Les 5 extensions \u00e0 avoir pour apprendre des nouvelles langues      On parle souvent des applications et on oublie les extensions. Pourtant, certaines sont vraiment tr\u00e8s utiles dans l'apprentissage des  [...]<\/p><\/div><\/article><article class=\"post fusion-column column col col-lg-4 col-md-4 col-sm-4\"><div class=\"fusion-flexslider fusion-flexslider-loading flexslider flexslider-hover-type-none\"><ul class=\"slides\"><li><a href=\"https:\/\/ecoledelangues.be\/fr\/blog-livres\/\" aria-label=\"4 livres \u00e0 lire pour am\u00e9liorer son anglais\" class=\"hover-type-none\"><img decoding=\"async\" width=\"1175\" height=\"1763\" src=\"https:\/\/ecoledelangues.be\/wp-content\/uploads\/2021\/12\/Shadow-and-Bone.jpg\" class=\"attachment-full size-full lazyload\" alt=\"Couverture livre Shadow and Bone de Leigh Bardugo\" srcset=\"data:image\/svg+xml,%3Csvg%20xmlns%3D%27http%3A%2F%2Fwww.w3.org%2F2000%2Fsvg%27%20width%3D%271175%27%20height%3D%271763%27%20viewBox%3D%270%200%201175%201763%27%3E%3Crect%20width%3D%271175%27%20height%3D%271763%27%20fill-opacity%3D%220%22%2F%3E%3C%2Fsvg%3E\" data-orig-src=\"https:\/\/ecoledelangues.be\/wp-content\/uploads\/2021\/12\/Shadow-and-Bone.jpg\" data-srcset=\"https:\/\/ecoledelangues.be\/wp-content\/uploads\/2021\/12\/Shadow-and-Bone-200x300.jpg 200w, https:\/\/ecoledelangues.be\/wp-content\/uploads\/2021\/12\/Shadow-and-Bone-400x600.jpg 400w, https:\/\/ecoledelangues.be\/wp-content\/uploads\/2021\/12\/Shadow-and-Bone-600x900.jpg 600w, https:\/\/ecoledelangues.be\/wp-content\/uploads\/2021\/12\/Shadow-and-Bone-800x1200.jpg 800w, https:\/\/ecoledelangues.be\/wp-content\/uploads\/2021\/12\/Shadow-and-Bone.jpg 1175w\" data-sizes=\"auto\" \/><\/a><\/li><\/ul><\/div><div class=\"recent-posts-content\"><span class=\"vcard\" style=\"display: none;\"><span class=\"fn\"><a href=\"https:\/\/ecoledelangues.be\/fr\/author\/segolene\/\" title=\"Articles par segolene\" rel=\"author\">segolene<\/a><\/span><\/span><span class=\"updated\" style=\"display:none;\">2022-03-31T10:38:39+00:00<\/span><h4 class=\"entry-title\"><a href=\"https:\/\/ecoledelangues.be\/fr\/blog-livres\/\">4 livres \u00e0 lire pour am\u00e9liorer son anglais<\/a><\/h4><p class=\"meta\"><span class=\"vcard\" style=\"display: none;\"><span class=\"fn\"><a href=\"https:\/\/ecoledelangues.be\/fr\/author\/segolene\/\" title=\"Articles par segolene\" rel=\"author\">segolene<\/a><\/span><\/span><span class=\"updated\" style=\"display:none;\">2022-03-31T10:38:39+00:00<\/span><span>d\u00e9cembre 15th, 2021<\/span><span class=\"fusion-inline-sep\">|<\/span><span class=\"fusion-comments\"><span>Commentaires ferm\u00e9s<span class=\"screen-reader-text\"> sur 4 livres \u00e0 lire pour am\u00e9liorer son anglais<\/span><\/span><\/span><\/p><p> 4 livres \u00e0 lire pour am\u00e9liorer son anglais      Lire est une des meilleures fa\u00e7ons d\u2019apprendre ou de s\u2019am\u00e9liorer dans une autre langue. M\u00eame si, de nos jours, nos t\u00e9l\u00e9phones  [...]<\/p><\/div><\/article><article class=\"post fusion-column column col col-lg-4 col-md-4 col-sm-4\"><div class=\"fusion-flexslider fusion-flexslider-loading flexslider flexslider-hover-type-none\"><ul class=\"slides\"><li><a href=\"https:\/\/ecoledelangues.be\/fr\/20-phrases-traduites-vers-le-neerlandais-et-langlais\/\" aria-label=\"20 Phrases du quotidien\" class=\"hover-type-none\"><img decoding=\"async\" width=\"1080\" height=\"1080\" src=\"https:\/\/ecoledelangues.be\/wp-content\/uploads\/2021\/12\/Sans-titre8.png\" class=\"attachment-full size-full lazyload\" alt=\"Une maman et sa fille qui regardent un livre\" srcset=\"data:image\/svg+xml,%3Csvg%20xmlns%3D%27http%3A%2F%2Fwww.w3.org%2F2000%2Fsvg%27%20width%3D%271080%27%20height%3D%271080%27%20viewBox%3D%270%200%201080%201080%27%3E%3Crect%20width%3D%271080%27%20height%3D%271080%27%20fill-opacity%3D%220%22%2F%3E%3C%2Fsvg%3E\" data-orig-src=\"https:\/\/ecoledelangues.be\/wp-content\/uploads\/2021\/12\/Sans-titre8.png\" data-srcset=\"https:\/\/ecoledelangues.be\/wp-content\/uploads\/2021\/12\/Sans-titre8-200x200.png 200w, https:\/\/ecoledelangues.be\/wp-content\/uploads\/2021\/12\/Sans-titre8-400x400.png 400w, https:\/\/ecoledelangues.be\/wp-content\/uploads\/2021\/12\/Sans-titre8-600x600.png 600w, https:\/\/ecoledelangues.be\/wp-content\/uploads\/2021\/12\/Sans-titre8-800x800.png 800w, https:\/\/ecoledelangues.be\/wp-content\/uploads\/2021\/12\/Sans-titre8.png 1080w\" data-sizes=\"auto\" \/><\/a><\/li><\/ul><\/div><div class=\"recent-posts-content\"><span class=\"vcard\" style=\"display: none;\"><span class=\"fn\"><a href=\"https:\/\/ecoledelangues.be\/fr\/author\/segolene\/\" title=\"Articles par segolene\" rel=\"author\">segolene<\/a><\/span><\/span><span class=\"updated\" style=\"display:none;\">2023-10-06T15:49:28+00:00<\/span><h4 class=\"entry-title\"><a href=\"https:\/\/ecoledelangues.be\/fr\/20-phrases-traduites-vers-le-neerlandais-et-langlais\/\">20 Phrases du quotidien<\/a><\/h4><p class=\"meta\"><span class=\"vcard\" style=\"display: none;\"><span class=\"fn\"><a href=\"https:\/\/ecoledelangues.be\/fr\/author\/segolene\/\" title=\"Articles par segolene\" rel=\"author\">segolene<\/a><\/span><\/span><span class=\"updated\" style=\"display:none;\">2023-10-06T15:49:28+00:00<\/span><span>d\u00e9cembre 10th, 2021<\/span><span class=\"fusion-inline-sep\">|<\/span><span class=\"fusion-comments\"><span>Commentaires ferm\u00e9s<span class=\"screen-reader-text\"> sur 20 Phrases du quotidien<\/span><\/span><\/span><\/p><p> 20 Phrases du quotidien traduites en anglais et en n\u00e9erlandais \u00e0 dire \u00e0 votre enfant     Apprenez l'anglais et le n\u00e9erlandais \u00e0 vos enfants tout au long de votre journ\u00e9e. Du  [...]<\/p><\/div><\/article><article class=\"post fusion-column column col col-lg-4 col-md-4 col-sm-4\"><div class=\"fusion-flexslider fusion-flexslider-loading flexslider flexslider-hover-type-none\"><ul class=\"slides\"><li><a href=\"https:\/\/ecoledelangues.be\/fr\/comment-donner-envie-a-vos-ados-dapprendre-une-langue\/\" aria-label=\"Comment donner envie \u00e0 vos ados d&rsquo;apprendre une langue?\" class=\"hover-type-none\"><img decoding=\"async\" width=\"358\" height=\"507\" src=\"https:\/\/ecoledelangues.be\/wp-content\/uploads\/2021\/05\/photo-ados.png\" class=\"attachment-full size-full lazyload\" alt=\"comment donner envie \u00e0 vos ados d&#039;apprendre une langue\" srcset=\"data:image\/svg+xml,%3Csvg%20xmlns%3D%27http%3A%2F%2Fwww.w3.org%2F2000%2Fsvg%27%20width%3D%27358%27%20height%3D%27507%27%20viewBox%3D%270%200%20358%20507%27%3E%3Crect%20width%3D%27358%27%20height%3D%27507%27%20fill-opacity%3D%220%22%2F%3E%3C%2Fsvg%3E\" data-orig-src=\"https:\/\/ecoledelangues.be\/wp-content\/uploads\/2021\/05\/photo-ados.png\" data-srcset=\"https:\/\/ecoledelangues.be\/wp-content\/uploads\/2021\/05\/photo-ados-200x283.png 200w, https:\/\/ecoledelangues.be\/wp-content\/uploads\/2021\/05\/photo-ados.png 358w\" data-sizes=\"auto\" \/><\/a><\/li><\/ul><\/div><div class=\"recent-posts-content\"><span class=\"vcard\" style=\"display: none;\"><span class=\"fn\"><a href=\"https:\/\/ecoledelangues.be\/fr\/author\/segolene\/\" title=\"Articles par segolene\" rel=\"author\">segolene<\/a><\/span><\/span><span class=\"updated\" style=\"display:none;\">2024-05-23T12:18:29+00:00<\/span><h4 class=\"entry-title\"><a href=\"https:\/\/ecoledelangues.be\/fr\/comment-donner-envie-a-vos-ados-dapprendre-une-langue\/\">Comment donner envie \u00e0 vos ados d&rsquo;apprendre une langue?<\/a><\/h4><p class=\"meta\"><span class=\"vcard\" style=\"display: none;\"><span class=\"fn\"><a href=\"https:\/\/ecoledelangues.be\/fr\/author\/segolene\/\" title=\"Articles par segolene\" rel=\"author\">segolene<\/a><\/span><\/span><span class=\"updated\" style=\"display:none;\">2024-05-23T12:18:29+00:00<\/span><span>mai 21st, 2021<\/span><span class=\"fusion-inline-sep\">|<\/span><span class=\"fusion-comments\"><span>Commentaires ferm\u00e9s<span class=\"screen-reader-text\"> sur Comment donner envie \u00e0 vos ados d&rsquo;apprendre une langue?<\/span><\/span><\/span><\/p><p>Comment donner envie \u00e0 vos ados d'apprendre une langue?      Faire aimer les langues \u00e0 un ado, beaucoup de parents vous le diront : \u00e7a passe ou \u00e7a casse. Apprendre l'anglais  [...]<\/p><\/div><\/article><article class=\"post fusion-column column col col-lg-4 col-md-4 col-sm-4\"><div class=\"fusion-flexslider fusion-flexslider-loading flexslider flexslider-hover-type-none\"><ul class=\"slides\"><li><a href=\"https:\/\/ecoledelangues.be\/fr\/expressions-francaises\/\" aria-label=\"Expressions fran\u00e7aises\" class=\"hover-type-none\"><img decoding=\"async\" width=\"800\" height=\"800\" src=\"https:\/\/ecoledelangues.be\/wp-content\/uploads\/2020\/10\/73-Avoir-plusieurs-casquettes-Avoir-plusieurs-fonctions.png\" class=\"attachment-full size-full lazyload\" alt=\"expressions fran\u00e7aises avoir plusieurs casquettes vid\u00e9o apprendre fle\" srcset=\"data:image\/svg+xml,%3Csvg%20xmlns%3D%27http%3A%2F%2Fwww.w3.org%2F2000%2Fsvg%27%20width%3D%27800%27%20height%3D%27800%27%20viewBox%3D%270%200%20800%20800%27%3E%3Crect%20width%3D%27800%27%20height%3D%27800%27%20fill-opacity%3D%220%22%2F%3E%3C%2Fsvg%3E\" data-orig-src=\"https:\/\/ecoledelangues.be\/wp-content\/uploads\/2020\/10\/73-Avoir-plusieurs-casquettes-Avoir-plusieurs-fonctions.png\" data-srcset=\"https:\/\/ecoledelangues.be\/wp-content\/uploads\/2020\/10\/73-Avoir-plusieurs-casquettes-Avoir-plusieurs-fonctions-200x200.png 200w, https:\/\/ecoledelangues.be\/wp-content\/uploads\/2020\/10\/73-Avoir-plusieurs-casquettes-Avoir-plusieurs-fonctions-400x400.png 400w, https:\/\/ecoledelangues.be\/wp-content\/uploads\/2020\/10\/73-Avoir-plusieurs-casquettes-Avoir-plusieurs-fonctions-600x600.png 600w, https:\/\/ecoledelangues.be\/wp-content\/uploads\/2020\/10\/73-Avoir-plusieurs-casquettes-Avoir-plusieurs-fonctions.png 800w\" data-sizes=\"auto\" \/><\/a><\/li><\/ul><\/div><div class=\"recent-posts-content\"><span class=\"vcard\" style=\"display: none;\"><span class=\"fn\"><a href=\"https:\/\/ecoledelangues.be\/fr\/author\/segolene\/\" title=\"Articles par segolene\" rel=\"author\">segolene<\/a><\/span><\/span><span class=\"updated\" style=\"display:none;\">2021-04-28T08:03:04+00:00<\/span><h4 class=\"entry-title\"><a href=\"https:\/\/ecoledelangues.be\/fr\/expressions-francaises\/\">Expressions fran\u00e7aises<\/a><\/h4><p class=\"meta\"><span class=\"vcard\" style=\"display: none;\"><span class=\"fn\"><a href=\"https:\/\/ecoledelangues.be\/fr\/author\/segolene\/\" title=\"Articles par segolene\" rel=\"author\">segolene<\/a><\/span><\/span><span class=\"updated\" style=\"display:none;\">2021-04-28T08:03:04+00:00<\/span><span>avril 28th, 2021<\/span><span class=\"fusion-inline-sep\">|<\/span><span class=\"fusion-comments\"><span>Commentaires ferm\u00e9s<span class=\"screen-reader-text\"> sur Expressions fran\u00e7aises<\/span><\/span><\/span><\/p><p> Expressions fran\u00e7aises     L e vocabulaire et la grammaire sont des \u00e9l\u00e9ments importants lorsqu\u2019on apprend une nouvelle langue, mais la maitrise de celle-ci est quelque chose de plus complexe qui d\u00e9passe  [...]<\/p><\/div><\/article><article class=\"post fusion-column column col col-lg-4 col-md-4 col-sm-4\"><div class=\"fusion-flexslider fusion-flexslider-loading flexslider flexslider-hover-type-none\"><ul class=\"slides\"><li><a href=\"https:\/\/ecoledelangues.be\/fr\/heilig-ijs-ou-saints-de-glace\/\" aria-label=\"Heilig Ijs ou Saints de Glaces ?\" class=\"hover-type-none\"><img decoding=\"async\" width=\"1080\" height=\"1080\" src=\"https:\/\/ecoledelangues.be\/wp-content\/uploads\/2021\/04\/Happy-Valentines-Day-23.png\" class=\"attachment-full size-full lazyload\" alt=\"heilig ijs 2\" srcset=\"data:image\/svg+xml,%3Csvg%20xmlns%3D%27http%3A%2F%2Fwww.w3.org%2F2000%2Fsvg%27%20width%3D%271080%27%20height%3D%271080%27%20viewBox%3D%270%200%201080%201080%27%3E%3Crect%20width%3D%271080%27%20height%3D%271080%27%20fill-opacity%3D%220%22%2F%3E%3C%2Fsvg%3E\" data-orig-src=\"https:\/\/ecoledelangues.be\/wp-content\/uploads\/2021\/04\/Happy-Valentines-Day-23.png\" data-srcset=\"https:\/\/ecoledelangues.be\/wp-content\/uploads\/2021\/04\/Happy-Valentines-Day-23-200x200.png 200w, https:\/\/ecoledelangues.be\/wp-content\/uploads\/2021\/04\/Happy-Valentines-Day-23-400x400.png 400w, https:\/\/ecoledelangues.be\/wp-content\/uploads\/2021\/04\/Happy-Valentines-Day-23-600x600.png 600w, https:\/\/ecoledelangues.be\/wp-content\/uploads\/2021\/04\/Happy-Valentines-Day-23-800x800.png 800w, https:\/\/ecoledelangues.be\/wp-content\/uploads\/2021\/04\/Happy-Valentines-Day-23.png 1080w\" data-sizes=\"auto\" \/><\/a><\/li><\/ul><\/div><div class=\"recent-posts-content\"><span class=\"vcard\" style=\"display: none;\"><span class=\"fn\"><a href=\"https:\/\/ecoledelangues.be\/fr\/author\/segolene\/\" title=\"Articles par segolene\" rel=\"author\">segolene<\/a><\/span><\/span><span class=\"updated\" style=\"display:none;\">2021-04-06T14:20:51+00:00<\/span><h4 class=\"entry-title\"><a href=\"https:\/\/ecoledelangues.be\/fr\/heilig-ijs-ou-saints-de-glace\/\">Heilig Ijs ou Saints de Glaces ?<\/a><\/h4><p class=\"meta\"><span class=\"vcard\" style=\"display: none;\"><span class=\"fn\"><a href=\"https:\/\/ecoledelangues.be\/fr\/author\/segolene\/\" title=\"Articles par segolene\" rel=\"author\">segolene<\/a><\/span><\/span><span class=\"updated\" style=\"display:none;\">2021-04-06T14:20:51+00:00<\/span><span>avril 6th, 2021<\/span><span class=\"fusion-inline-sep\">|<\/span><span class=\"fusion-comments\"><span>Commentaires ferm\u00e9s<span class=\"screen-reader-text\"> sur Heilig Ijs ou Saints de Glaces ?<\/span><\/span><\/span><\/p><p> Heilig Ijs ou Saints de Glace   Ce matin, je parlais avec ma grand-m\u00e8re qui est anversoise. Une temp\u00eate de neige faisait rage. Alors que le printemps \u00e9tait d\u00e9j\u00e0 bien install\u00e9, nous revoici  [...]<\/p><\/div><\/article><article class=\"post fusion-column column col col-lg-4 col-md-4 col-sm-4\"><div class=\"fusion-flexslider fusion-flexslider-loading flexslider flexslider-hover-type-none\"><ul class=\"slides\"><li><a href=\"https:\/\/ecoledelangues.be\/fr\/des-cocottes-en-papier-pour-apprendre\/\" aria-label=\"Des cocottes en papier pour apprendre\" class=\"hover-type-none\"><img decoding=\"async\" width=\"592\" height=\"600\" src=\"https:\/\/ecoledelangues.be\/wp-content\/uploads\/2021\/03\/Capture.png\" class=\"attachment-full size-full lazyload\" alt=\"\" srcset=\"data:image\/svg+xml,%3Csvg%20xmlns%3D%27http%3A%2F%2Fwww.w3.org%2F2000%2Fsvg%27%20width%3D%27592%27%20height%3D%27600%27%20viewBox%3D%270%200%20592%20600%27%3E%3Crect%20width%3D%27592%27%20height%3D%27600%27%20fill-opacity%3D%220%22%2F%3E%3C%2Fsvg%3E\" data-orig-src=\"https:\/\/ecoledelangues.be\/wp-content\/uploads\/2021\/03\/Capture.png\" data-srcset=\"https:\/\/ecoledelangues.be\/wp-content\/uploads\/2021\/03\/Capture-200x203.png 200w, https:\/\/ecoledelangues.be\/wp-content\/uploads\/2021\/03\/Capture-400x405.png 400w, https:\/\/ecoledelangues.be\/wp-content\/uploads\/2021\/03\/Capture.png 592w\" data-sizes=\"auto\" \/><\/a><\/li><\/ul><\/div><div class=\"recent-posts-content\"><span class=\"vcard\" style=\"display: none;\"><span class=\"fn\"><a href=\"https:\/\/ecoledelangues.be\/fr\/author\/segolene\/\" title=\"Articles par segolene\" rel=\"author\">segolene<\/a><\/span><\/span><span class=\"updated\" style=\"display:none;\">2021-03-26T15:08:26+00:00<\/span><h4 class=\"entry-title\"><a href=\"https:\/\/ecoledelangues.be\/fr\/des-cocottes-en-papier-pour-apprendre\/\">Des cocottes en papier pour apprendre<\/a><\/h4><p class=\"meta\"><span class=\"vcard\" style=\"display: none;\"><span class=\"fn\"><a href=\"https:\/\/ecoledelangues.be\/fr\/author\/segolene\/\" title=\"Articles par segolene\" rel=\"author\">segolene<\/a><\/span><\/span><span class=\"updated\" style=\"display:none;\">2021-03-26T15:08:26+00:00<\/span><span>mars 26th, 2021<\/span><span class=\"fusion-inline-sep\">|<\/span><span class=\"fusion-comments\"><span>Commentaires ferm\u00e9s<span class=\"screen-reader-text\"> sur Des cocottes en papier pour apprendre<\/span><\/span><\/span><\/p><p> Apprendre en jouant avec des cocottes en papier!     Jouer pour apprendre... C'est tellement plus efficace que suer sur des listes de vocabulaires ou des exercices r\u00e9barbatifs! Vous souvenez-vous des cocottes  [...]<\/p><\/div><\/article><\/section><div class=\"fusion-infinite-scroll-trigger\"><\/div><div class=\"pagination infinite-scroll clearfix\" style=\"display:none;\"><span class=\"current\">1<\/span><a href=\"https:\/\/ecoledelangues.be\/fr\/wp-json\/wp\/v2\/pages\/36556\/page\/2\/\" class=\"inactive\">2<\/a><a class=\"pagination-next\" rel=\"next\" href=\"https:\/\/ecoledelangues.be\/fr\/wp-json\/wp\/v2\/pages\/36556\/page\/2\/\"><span class=\"page-text\">Suivant<\/span><span class=\"page-next\"><\/span><\/a><\/div><div class=\"fusion-clearfix\"><\/div><\/div><div class=\"fusion-clearfix\"><\/div><\/div><\/div><\/div><\/div><\/p>\n","protected":false},"excerpt":{"rendered":"","protected":false},"author":2,"featured_media":36338,"parent":0,"menu_order":2,"comment_status":"closed","ping_status":"closed","template":"100-width.php","meta":{"footnotes":""},"class_list":["post-36556","page","type-page","status-publish","has-post-thumbnail","hentry"],"yoast_head":"<!-- This site is optimized with the Yoast SEO plugin v27.5 - https:\/\/yoast.com\/product\/yoast-seo-wordpress\/ -->\n<title>Apprendre une langue - EcoleDeLangues.be<\/title>\n<meta name=\"description\" content=\"que diriez-vous d&#039;une page qui vous aide \u00e0 apprendre une langue? des trucs et astuces, des exercices, des expressions...\" \/>\n<meta name=\"robots\" content=\"index, follow, max-snippet:-1, max-image-preview:large, max-video-preview:-1\" \/>\n<link rel=\"canonical\" href=\"https:\/\/ecoledelangues.be\/fr\/apprendre-une-langue\/\" \/>\n<meta property=\"og:locale\" content=\"fr_FR\" \/>\n<meta property=\"og:type\" content=\"article\" \/>\n<meta property=\"og:title\" content=\"Apprendre une langue - EcoleDeLangues.be\" \/>\n<meta property=\"og:description\" content=\"que diriez-vous d&#039;une page qui vous aide \u00e0 apprendre une langue? des trucs et astuces, des exercices, des expressions...\" \/>\n<meta property=\"og:url\" content=\"https:\/\/ecoledelangues.be\/fr\/apprendre-une-langue\/\" \/>\n<meta property=\"og:site_name\" content=\"EcoleDeLangues.be\" \/>\n<meta property=\"article:publisher\" content=\"https:\/\/www.facebook.com\/Ecoledelanguesbe\/\" \/>\n<meta property=\"article:modified_time\" content=\"2021-03-22T13:34:58+00:00\" \/>\n<meta property=\"og:image\" content=\"https:\/\/ecoledelangues.be\/wp-content\/uploads\/2020\/11\/Le-coin-des-profs-5.png\" \/>\n\t<meta property=\"og:image:width\" content=\"800\" \/>\n\t<meta property=\"og:image:height\" content=\"800\" \/>\n\t<meta property=\"og:image:type\" content=\"image\/png\" \/>\n<meta name=\"twitter:card\" content=\"summary_large_image\" \/>\n<meta name=\"twitter:label1\" content=\"Dur\u00e9e de lecture estim\u00e9e\" \/>\n\t<meta name=\"twitter:data1\" content=\"7 minutes\" \/>\n<script type=\"application\/ld+json\" class=\"yoast-schema-graph\">{\"@context\":\"https:\\\/\\\/schema.org\",\"@graph\":[{\"@type\":\"WebPage\",\"@id\":\"https:\\\/\\\/ecoledelangues.be\\\/fr\\\/apprendre-une-langue\\\/\",\"url\":\"https:\\\/\\\/ecoledelangues.be\\\/fr\\\/apprendre-une-langue\\\/\",\"name\":\"Apprendre une langue - EcoleDeLangues.be\",\"isPartOf\":{\"@id\":\"https:\\\/\\\/ecoledelangues.be\\\/fr\\\/#website\"},\"primaryImageOfPage\":{\"@id\":\"https:\\\/\\\/ecoledelangues.be\\\/fr\\\/apprendre-une-langue\\\/#primaryimage\"},\"image\":{\"@id\":\"https:\\\/\\\/ecoledelangues.be\\\/fr\\\/apprendre-une-langue\\\/#primaryimage\"},\"thumbnailUrl\":\"https:\\\/\\\/ecoledelangues.be\\\/wp-content\\\/uploads\\\/2020\\\/11\\\/Le-coin-des-profs-5.png\",\"datePublished\":\"2020-11-27T10:37:09+00:00\",\"dateModified\":\"2021-03-22T13:34:58+00:00\",\"description\":\"que diriez-vous d'une page qui vous aide \u00e0 apprendre une langue? des trucs et astuces, des exercices, des expressions...\",\"breadcrumb\":{\"@id\":\"https:\\\/\\\/ecoledelangues.be\\\/fr\\\/apprendre-une-langue\\\/#breadcrumb\"},\"inLanguage\":\"fr-FR\",\"potentialAction\":[{\"@type\":\"ReadAction\",\"target\":[\"https:\\\/\\\/ecoledelangues.be\\\/fr\\\/apprendre-une-langue\\\/\"]}]},{\"@type\":\"ImageObject\",\"inLanguage\":\"fr-FR\",\"@id\":\"https:\\\/\\\/ecoledelangues.be\\\/fr\\\/apprendre-une-langue\\\/#primaryimage\",\"url\":\"https:\\\/\\\/ecoledelangues.be\\\/wp-content\\\/uploads\\\/2020\\\/11\\\/Le-coin-des-profs-5.png\",\"contentUrl\":\"https:\\\/\\\/ecoledelangues.be\\\/wp-content\\\/uploads\\\/2020\\\/11\\\/Le-coin-des-profs-5.png\",\"width\":800,\"height\":800,\"caption\":\"cours de langues\"},{\"@type\":\"BreadcrumbList\",\"@id\":\"https:\\\/\\\/ecoledelangues.be\\\/fr\\\/apprendre-une-langue\\\/#breadcrumb\",\"itemListElement\":[{\"@type\":\"ListItem\",\"position\":1,\"name\":\"Home\",\"item\":\"https:\\\/\\\/ecoledelangues.be\\\/fr\\\/\"},{\"@type\":\"ListItem\",\"position\":2,\"name\":\"Apprendre une langue\"}]},{\"@type\":\"WebSite\",\"@id\":\"https:\\\/\\\/ecoledelangues.be\\\/fr\\\/#website\",\"url\":\"https:\\\/\\\/ecoledelangues.be\\\/fr\\\/\",\"name\":\"EcoleDeLangues.be\",\"description\":\"Ecole de langues - cours pour enfants ados et adultes - fran\u00e7ais anglais n\u00e9erlandais\",\"publisher\":{\"@id\":\"https:\\\/\\\/ecoledelangues.be\\\/fr\\\/#organization\"},\"potentialAction\":[{\"@type\":\"SearchAction\",\"target\":{\"@type\":\"EntryPoint\",\"urlTemplate\":\"https:\\\/\\\/ecoledelangues.be\\\/fr\\\/?s={search_term_string}\"},\"query-input\":{\"@type\":\"PropertyValueSpecification\",\"valueRequired\":true,\"valueName\":\"search_term_string\"}}],\"inLanguage\":\"fr-FR\"},{\"@type\":\"Organization\",\"@id\":\"https:\\\/\\\/ecoledelangues.be\\\/fr\\\/#organization\",\"name\":\"Ecoledelangues.be\",\"alternateName\":\"Propulse ASBL\",\"url\":\"https:\\\/\\\/ecoledelangues.be\\\/fr\\\/\",\"logo\":{\"@type\":\"ImageObject\",\"inLanguage\":\"fr-FR\",\"@id\":\"https:\\\/\\\/ecoledelangues.be\\\/fr\\\/#\\\/schema\\\/logo\\\/image\\\/\",\"url\":\"https:\\\/\\\/ecoledelangues.be\\\/wp-content\\\/uploads\\\/2025\\\/04\\\/une-monggolfiere-qui-seleve-dans-le-ciel-qui-quitte-le-sol-couleur-du-ballon-_-orange-ff6e22-et-3cccd6-et-blanc-1.jpg\",\"contentUrl\":\"https:\\\/\\\/ecoledelangues.be\\\/wp-content\\\/uploads\\\/2025\\\/04\\\/une-monggolfiere-qui-seleve-dans-le-ciel-qui-quitte-le-sol-couleur-du-ballon-_-orange-ff6e22-et-3cccd6-et-blanc-1.jpg\",\"width\":1472,\"height\":832,\"caption\":\"Ecoledelangues.be\"},\"image\":{\"@id\":\"https:\\\/\\\/ecoledelangues.be\\\/fr\\\/#\\\/schema\\\/logo\\\/image\\\/\"},\"sameAs\":[\"https:\\\/\\\/www.facebook.com\\\/Ecoledelanguesbe\\\/\",\"https:\\\/\\\/www.instagram.com\\\/ecoledelanguesbe\\\/\",\"https:\\\/\\\/www.linkedin.com\\\/company\\\/ecoledelangues-be\\\/\",\"https:\\\/\\\/www.youtube.com\\\/channel\\\/UCCDb1VptuozMO6q9MqgltPg\"]}]}<\/script>\n<!-- \/ Yoast SEO plugin. -->","yoast_head_json":{"title":"Apprendre une langue - EcoleDeLangues.be","description":"que diriez-vous d'une page qui vous aide \u00e0 apprendre une langue? des trucs et astuces, des exercices, des expressions...","robots":{"index":"index","follow":"follow","max-snippet":"max-snippet:-1","max-image-preview":"max-image-preview:large","max-video-preview":"max-video-preview:-1"},"canonical":"https:\/\/ecoledelangues.be\/fr\/apprendre-une-langue\/","og_locale":"fr_FR","og_type":"article","og_title":"Apprendre une langue - EcoleDeLangues.be","og_description":"que diriez-vous d'une page qui vous aide \u00e0 apprendre une langue? des trucs et astuces, des exercices, des expressions...","og_url":"https:\/\/ecoledelangues.be\/fr\/apprendre-une-langue\/","og_site_name":"EcoleDeLangues.be","article_publisher":"https:\/\/www.facebook.com\/Ecoledelanguesbe\/","article_modified_time":"2021-03-22T13:34:58+00:00","og_image":[{"width":800,"height":800,"url":"https:\/\/ecoledelangues.be\/wp-content\/uploads\/2020\/11\/Le-coin-des-profs-5.png","type":"image\/png"}],"twitter_card":"summary_large_image","twitter_misc":{"Dur\u00e9e de lecture estim\u00e9e":"7 minutes"},"schema":{"@context":"https:\/\/schema.org","@graph":[{"@type":"WebPage","@id":"https:\/\/ecoledelangues.be\/fr\/apprendre-une-langue\/","url":"https:\/\/ecoledelangues.be\/fr\/apprendre-une-langue\/","name":"Apprendre une langue - EcoleDeLangues.be","isPartOf":{"@id":"https:\/\/ecoledelangues.be\/fr\/#website"},"primaryImageOfPage":{"@id":"https:\/\/ecoledelangues.be\/fr\/apprendre-une-langue\/#primaryimage"},"image":{"@id":"https:\/\/ecoledelangues.be\/fr\/apprendre-une-langue\/#primaryimage"},"thumbnailUrl":"https:\/\/ecoledelangues.be\/wp-content\/uploads\/2020\/11\/Le-coin-des-profs-5.png","datePublished":"2020-11-27T10:37:09+00:00","dateModified":"2021-03-22T13:34:58+00:00","description":"que diriez-vous d'une page qui vous aide \u00e0 apprendre une langue? des trucs et astuces, des exercices, des expressions...","breadcrumb":{"@id":"https:\/\/ecoledelangues.be\/fr\/apprendre-une-langue\/#breadcrumb"},"inLanguage":"fr-FR","potentialAction":[{"@type":"ReadAction","target":["https:\/\/ecoledelangues.be\/fr\/apprendre-une-langue\/"]}]},{"@type":"ImageObject","inLanguage":"fr-FR","@id":"https:\/\/ecoledelangues.be\/fr\/apprendre-une-langue\/#primaryimage","url":"https:\/\/ecoledelangues.be\/wp-content\/uploads\/2020\/11\/Le-coin-des-profs-5.png","contentUrl":"https:\/\/ecoledelangues.be\/wp-content\/uploads\/2020\/11\/Le-coin-des-profs-5.png","width":800,"height":800,"caption":"cours de langues"},{"@type":"BreadcrumbList","@id":"https:\/\/ecoledelangues.be\/fr\/apprendre-une-langue\/#breadcrumb","itemListElement":[{"@type":"ListItem","position":1,"name":"Home","item":"https:\/\/ecoledelangues.be\/fr\/"},{"@type":"ListItem","position":2,"name":"Apprendre une langue"}]},{"@type":"WebSite","@id":"https:\/\/ecoledelangues.be\/fr\/#website","url":"https:\/\/ecoledelangues.be\/fr\/","name":"EcoleDeLangues.be","description":"Ecole de langues - cours pour enfants ados et adultes - fran\u00e7ais anglais n\u00e9erlandais","publisher":{"@id":"https:\/\/ecoledelangues.be\/fr\/#organization"},"potentialAction":[{"@type":"SearchAction","target":{"@type":"EntryPoint","urlTemplate":"https:\/\/ecoledelangues.be\/fr\/?s={search_term_string}"},"query-input":{"@type":"PropertyValueSpecification","valueRequired":true,"valueName":"search_term_string"}}],"inLanguage":"fr-FR"},{"@type":"Organization","@id":"https:\/\/ecoledelangues.be\/fr\/#organization","name":"Ecoledelangues.be","alternateName":"Propulse ASBL","url":"https:\/\/ecoledelangues.be\/fr\/","logo":{"@type":"ImageObject","inLanguage":"fr-FR","@id":"https:\/\/ecoledelangues.be\/fr\/#\/schema\/logo\/image\/","url":"https:\/\/ecoledelangues.be\/wp-content\/uploads\/2025\/04\/une-monggolfiere-qui-seleve-dans-le-ciel-qui-quitte-le-sol-couleur-du-ballon-_-orange-ff6e22-et-3cccd6-et-blanc-1.jpg","contentUrl":"https:\/\/ecoledelangues.be\/wp-content\/uploads\/2025\/04\/une-monggolfiere-qui-seleve-dans-le-ciel-qui-quitte-le-sol-couleur-du-ballon-_-orange-ff6e22-et-3cccd6-et-blanc-1.jpg","width":1472,"height":832,"caption":"Ecoledelangues.be"},"image":{"@id":"https:\/\/ecoledelangues.be\/fr\/#\/schema\/logo\/image\/"},"sameAs":["https:\/\/www.facebook.com\/Ecoledelanguesbe\/","https:\/\/www.instagram.com\/ecoledelanguesbe\/","https:\/\/www.linkedin.com\/company\/ecoledelangues-be\/","https:\/\/www.youtube.com\/channel\/UCCDb1VptuozMO6q9MqgltPg"]}]}},"_links":{"self":[{"href":"https:\/\/ecoledelangues.be\/fr\/wp-json\/wp\/v2\/pages\/36556","targetHints":{"allow":["GET"]}}],"collection":[{"href":"https:\/\/ecoledelangues.be\/fr\/wp-json\/wp\/v2\/pages"}],"about":[{"href":"https:\/\/ecoledelangues.be\/fr\/wp-json\/wp\/v2\/types\/page"}],"author":[{"embeddable":true,"href":"https:\/\/ecoledelangues.be\/fr\/wp-json\/wp\/v2\/users\/2"}],"replies":[{"embeddable":true,"href":"https:\/\/ecoledelangues.be\/fr\/wp-json\/wp\/v2\/comments?post=36556"}],"version-history":[{"count":2,"href":"https:\/\/ecoledelangues.be\/fr\/wp-json\/wp\/v2\/pages\/36556\/revisions"}],"predecessor-version":[{"id":37573,"href":"https:\/\/ecoledelangues.be\/fr\/wp-json\/wp\/v2\/pages\/36556\/revisions\/37573"}],"wp:featuredmedia":[{"embeddable":true,"href":"https:\/\/ecoledelangues.be\/fr\/wp-json\/wp\/v2\/media\/36338"}],"wp:attachment":[{"href":"https:\/\/ecoledelangues.be\/fr\/wp-json\/wp\/v2\/media?parent=36556"}],"curies":[{"name":"wp","href":"https:\/\/api.w.org\/{rel}","templated":true}]}}