{"id":36545,"date":"2020-11-27T10:24:17","date_gmt":"2020-11-27T10:24:17","guid":{"rendered":"https:\/\/ecoledelangues.be\/?page_id=36545"},"modified":"2021-02-26T10:30:21","modified_gmt":"2021-02-26T10:30:21","slug":"culture-et-traditions","status":"publish","type":"page","link":"https:\/\/ecoledelangues.be\/fr\/culture-et-traditions\/","title":{"rendered":"Culture et traditions"},"content":{"rendered":"<p><div class=\"fusion-fullwidth fullwidth-box fusion-builder-row-1 nonhundred-percent-fullwidth non-hundred-percent-height-scrolling\" style=\"--awb-border-radius-top-left:0px;--awb-border-radius-top-right:0px;--awb-border-radius-bottom-right:0px;--awb-border-radius-bottom-left:0px;--awb-padding-top:40px;--awb-padding-bottom:40px;--awb-background-color:rgba(0,120,147,0.86);--awb-background-image:linear-gradient(178deg, rgba(0,120,147,0.86) 15%,#ffffff 83%);--awb-flex-wrap:wrap;\" ><div class=\"fusion-builder-row fusion-row\"><div class=\"fusion-layout-column fusion_builder_column fusion-builder-column-0 fusion_builder_column_1_1 1_1 fusion-one-full fusion-column-first fusion-column-last\" style=\"--awb-bg-size:cover;--awb-margin-top:30px;--awb-margin-bottom:30px;\"><div class=\"fusion-column-wrapper fusion-column-has-shadow fusion-flex-column-wrapper-legacy\"><div class=\"fusion-title title fusion-title-1 fusion-sep-none fusion-title-center fusion-title-text fusion-title-size-one\" style=\"--awb-margin-top-small:0px;--awb-margin-right-small:0px;--awb-margin-bottom-small:20px;--awb-margin-left-small:0px;\"><h1 class=\"fusion-title-heading title-heading-center fusion-responsive-typography-calculated\" style=\"margin:0;--fontSize:58;line-height:0.83;\"><p style=\"text-align: center;\"><span style=\"color: #ffffff;\">Culture et traditions<\/span><\/p><\/h1><\/div><div class=\"fusion-clearfix\"><\/div><\/div><\/div><\/div><\/div><div class=\"fusion-fullwidth fullwidth-box fusion-builder-row-2 nonhundred-percent-fullwidth non-hundred-percent-height-scrolling\" style=\"--awb-border-radius-top-left:0px;--awb-border-radius-top-right:0px;--awb-border-radius-bottom-right:0px;--awb-border-radius-bottom-left:0px;--awb-padding-right:17px;--awb-padding-left:23px;--awb-flex-wrap:wrap;\" ><div class=\"fusion-builder-row fusion-row\"><div class=\"fusion-layout-column fusion_builder_column fusion-builder-column-1 fusion_builder_column_1_1 1_1 fusion-one-full fusion-column-first fusion-column-last\" style=\"--awb-bg-size:cover;\"><div class=\"fusion-column-wrapper fusion-column-has-shadow fusion-flex-column-wrapper-legacy\"><div class=\"fusion-text fusion-text-1\"><p><strong><span class=\"fusion-dropcap dropcap dropcap-boxed\" style=\"--awb-border-radius:1px;--awb-background:#ff6e22;\">Q<\/span>ue diriez-vous d&rsquo;une page sur la culture et les traditions belges, wallonnes et francophones, mais aussi \u00e9trang\u00e8res? Un lieu pour partager, s&rsquo;ouvrir aux autres, comprendre et s&rsquo;amuser! Vous souhaitez partager un article sur une tradition qui vous est ch\u00e8re? Envoyez-nous votre contribution, nous nous ferons un plaisir de la mettre en ligne!<\/strong><\/p>\n<\/div><div class=\"fusion-clearfix\"><\/div><\/div><\/div><\/div><\/div><div class=\"fusion-fullwidth fullwidth-box fusion-builder-row-3 nonhundred-percent-fullwidth non-hundred-percent-height-scrolling\" style=\"--awb-border-radius-top-left:0px;--awb-border-radius-top-right:0px;--awb-border-radius-bottom-right:0px;--awb-border-radius-bottom-left:0px;--awb-padding-top:30px;--awb-padding-bottom:0px;--awb-background-color:#ffffff;--awb-flex-wrap:wrap;\" ><div class=\"fusion-builder-row fusion-row\"><div class=\"fusion-layout-column fusion_builder_column fusion-builder-column-2 fusion_builder_column_1_1 1_1 fusion-one-full fusion-column-first fusion-column-last fusion-animated\" style=\"--awb-padding-right:26px;--awb-bg-size:cover;\" data-animationType=\"slideInLeft\" data-animationDuration=\"0.5\" data-animationOffset=\"top-into-view\"><div class=\"fusion-column-wrapper fusion-column-has-shadow fusion-flex-column-wrapper-legacy\"><div class=\"fusion-recent-posts fusion-recent-posts-1 avada-container layout-default layout-columns-3\"><section class=\"fusion-columns columns fusion-columns-3 columns-3\"><article class=\"post fusion-column column col col-lg-4 col-md-4 col-sm-4\"><div class=\"fusion-flexslider fusion-flexslider-loading flexslider flexslider-hover-type-none\"><ul class=\"slides\"><li><a href=\"https:\/\/ecoledelangues.be\/fr\/cours-de-langue-entreprise-gembloux\/\" aria-label=\"Cours de langues pour Entreprises \u00e0 Gembloux\" class=\"hover-type-none\"><img decoding=\"async\" width=\"800\" height=\"536\" src=\"https:\/\/ecoledelangues.be\/wp-content\/uploads\/2026\/03\/616_1303898384_GemblouxSauveniere.jpg\" class=\"attachment-full size-full lazyload\" alt=\"\" srcset=\"data:image\/svg+xml,%3Csvg%20xmlns%3D%27http%3A%2F%2Fwww.w3.org%2F2000%2Fsvg%27%20width%3D%27800%27%20height%3D%27536%27%20viewBox%3D%270%200%20800%20536%27%3E%3Crect%20width%3D%27800%27%20height%3D%27536%27%20fill-opacity%3D%220%22%2F%3E%3C%2Fsvg%3E\" data-orig-src=\"https:\/\/ecoledelangues.be\/wp-content\/uploads\/2026\/03\/616_1303898384_GemblouxSauveniere.jpg\" data-srcset=\"https:\/\/ecoledelangues.be\/wp-content\/uploads\/2026\/03\/616_1303898384_GemblouxSauveniere-200x134.jpg 200w, https:\/\/ecoledelangues.be\/wp-content\/uploads\/2026\/03\/616_1303898384_GemblouxSauveniere-400x268.jpg 400w, https:\/\/ecoledelangues.be\/wp-content\/uploads\/2026\/03\/616_1303898384_GemblouxSauveniere-600x402.jpg 600w, https:\/\/ecoledelangues.be\/wp-content\/uploads\/2026\/03\/616_1303898384_GemblouxSauveniere.jpg 800w\" data-sizes=\"auto\" \/><\/a><\/li><li><a href=\"https:\/\/ecoledelangues.be\/fr\/cours-de-langue-entreprise-gembloux\/\" aria-label=\"Cours de langues pour Entreprises \u00e0 Gembloux\" class=\"hover-type-none\"><img decoding=\"async\" width=\"213\" height=\"213\" src=\"https:\/\/ecoledelangues.be\/wp-content\/uploads\/2026\/03\/private_cls-1-1.png\" class=\"attachment-full size-full lazyload\" alt=\"\" srcset=\"data:image\/svg+xml,%3Csvg%20xmlns%3D%27http%3A%2F%2Fwww.w3.org%2F2000%2Fsvg%27%20width%3D%27213%27%20height%3D%27213%27%20viewBox%3D%270%200%20213%20213%27%3E%3Crect%20width%3D%27213%27%20height%3D%27213%27%20fill-opacity%3D%220%22%2F%3E%3C%2Fsvg%3E\" data-orig-src=\"https:\/\/ecoledelangues.be\/wp-content\/uploads\/2026\/03\/private_cls-1-1.png\" data-srcset=\"https:\/\/ecoledelangues.be\/wp-content\/uploads\/2026\/03\/private_cls-1-1-200x200.png 200w, https:\/\/ecoledelangues.be\/wp-content\/uploads\/2026\/03\/private_cls-1-1.png 213w\" data-sizes=\"auto\" \/><\/a><\/li><\/ul><\/div><div class=\"recent-posts-content\"><span class=\"vcard\" style=\"display: none;\"><span class=\"fn\"><a href=\"https:\/\/ecoledelangues.be\/fr\/author\/stagiaire\/\" title=\"Articles par Stagiaire\" rel=\"author\">Stagiaire<\/a><\/span><\/span><span class=\"updated\" style=\"display:none;\">2026-04-09T13:23:11+00:00<\/span><h4 class=\"entry-title\"><a href=\"https:\/\/ecoledelangues.be\/fr\/cours-de-langue-entreprise-gembloux\/\">Cours de langues pour Entreprises \u00e0 Gembloux<\/a><\/h4><p class=\"meta\"><span class=\"vcard\" style=\"display: none;\"><span class=\"fn\"><a href=\"https:\/\/ecoledelangues.be\/fr\/author\/stagiaire\/\" title=\"Articles par Stagiaire\" rel=\"author\">Stagiaire<\/a><\/span><\/span><span class=\"updated\" style=\"display:none;\">2026-04-09T13:23:11+00:00<\/span><span>juin 10th, 2025<\/span><span class=\"fusion-inline-sep\">|<\/span><span class=\"fusion-comments\"><span>Commentaires ferm\u00e9s<span class=\"screen-reader-text\"> sur Cours de langues pour Entreprises \u00e0 Gembloux<\/span><\/span><\/span><\/p><p>Vous souhaitez organiser des formations linguistiques pour vos collaborateurs \u00e0 Gembloux ou dans les communes voisines (Sombreffe, \u00c9ghez\u00e9e, Chastre) ?L'Ecole de Langues Propulse met son expertise au service de la performance de votre entreprise.Cours de  [...]<\/p><\/div><\/article><article class=\"post fusion-column column col col-lg-4 col-md-4 col-sm-4\"><div class=\"fusion-flexslider fusion-flexslider-loading flexslider flexslider-hover-type-none\"><ul class=\"slides\"><li><a href=\"https:\/\/ecoledelangues.be\/fr\/expressions-francaises-animaux-quiz\/\" aria-label=\"Expressions fran\u00e7aises animaux de la ferme\" class=\"hover-type-none\"><img decoding=\"async\" width=\"808\" height=\"579\" src=\"https:\/\/ecoledelangues.be\/wp-content\/uploads\/2026\/03\/ferme-animaux-1.png\" class=\"attachment-full size-full lazyload\" alt=\"Quiz ludique sur les expressions idiomatiques animales en fran\u00e7ais\" srcset=\"data:image\/svg+xml,%3Csvg%20xmlns%3D%27http%3A%2F%2Fwww.w3.org%2F2000%2Fsvg%27%20width%3D%27808%27%20height%3D%27579%27%20viewBox%3D%270%200%20808%20579%27%3E%3Crect%20width%3D%27808%27%20height%3D%27579%27%20fill-opacity%3D%220%22%2F%3E%3C%2Fsvg%3E\" data-orig-src=\"https:\/\/ecoledelangues.be\/wp-content\/uploads\/2026\/03\/ferme-animaux-1.png\" data-srcset=\"https:\/\/ecoledelangues.be\/wp-content\/uploads\/2026\/03\/ferme-animaux-1-200x143.png 200w, https:\/\/ecoledelangues.be\/wp-content\/uploads\/2026\/03\/ferme-animaux-1-400x287.png 400w, https:\/\/ecoledelangues.be\/wp-content\/uploads\/2026\/03\/ferme-animaux-1-600x430.png 600w, https:\/\/ecoledelangues.be\/wp-content\/uploads\/2026\/03\/ferme-animaux-1-800x573.png 800w, https:\/\/ecoledelangues.be\/wp-content\/uploads\/2026\/03\/ferme-animaux-1.png 808w\" data-sizes=\"auto\" \/><\/a><\/li><\/ul><\/div><div class=\"recent-posts-content\"><span class=\"vcard\" style=\"display: none;\"><span class=\"fn\"><a href=\"https:\/\/ecoledelangues.be\/fr\/author\/nicolas-jauquetgmail-com\/\" title=\"Articles par Jauquet Nicolas\" rel=\"author\">Jauquet Nicolas<\/a><\/span><\/span><span class=\"updated\" style=\"display:none;\">2026-04-13T09:45:24+00:00<\/span><h4 class=\"entry-title\"><a href=\"https:\/\/ecoledelangues.be\/fr\/expressions-francaises-animaux-quiz\/\">Expressions fran\u00e7aises animaux de la ferme<\/a><\/h4><p class=\"meta\"><span class=\"vcard\" style=\"display: none;\"><span class=\"fn\"><a href=\"https:\/\/ecoledelangues.be\/fr\/author\/nicolas-jauquetgmail-com\/\" title=\"Articles par Jauquet Nicolas\" rel=\"author\">Jauquet Nicolas<\/a><\/span><\/span><span class=\"updated\" style=\"display:none;\">2026-04-13T09:45:24+00:00<\/span><span>mai 10th, 2025<\/span><span class=\"fusion-inline-sep\">|<\/span><span class=\"fusion-comments\"><span>Commentaires ferm\u00e9s<span class=\"screen-reader-text\"> sur Expressions fran\u00e7aises animaux de la ferme<\/span><\/span><\/span><\/p><p> Voici quelques expressions fran\u00e7aises tr\u00e8s\u2026 animales ! Trouverez-vous les r\u00e9ponses \u00e0 cet exercice ? Que vous soyez en plein apprentissage du fran\u00e7ais ou expert, testez-vous ci-dessous. Quiz : Les expressions animali\u00e8res fran\u00e7aises Etre fier  [...]<\/p><\/div><\/article><article class=\"post fusion-column column col col-lg-4 col-md-4 col-sm-4\"><div class=\"fusion-flexslider fusion-flexslider-loading flexslider flexslider-hover-type-none\"><ul class=\"slides\"><li><a href=\"https:\/\/ecoledelangues.be\/fr\/44245\/\" aria-label=\"20 mars , journ\u00e9e internationale du bonheur\" class=\"hover-type-none\"><img decoding=\"async\" width=\"902\" height=\"654\" src=\"https:\/\/ecoledelangues.be\/wp-content\/uploads\/2025\/03\/Capture-decran-2025-03-19-a-15.16.43.png\" class=\"attachment-full size-full lazyload\" alt=\"20 mars , journ\u00e9e internationale du bonheur\" srcset=\"data:image\/svg+xml,%3Csvg%20xmlns%3D%27http%3A%2F%2Fwww.w3.org%2F2000%2Fsvg%27%20width%3D%27902%27%20height%3D%27654%27%20viewBox%3D%270%200%20902%20654%27%3E%3Crect%20width%3D%27902%27%20height%3D%27654%27%20fill-opacity%3D%220%22%2F%3E%3C%2Fsvg%3E\" data-orig-src=\"https:\/\/ecoledelangues.be\/wp-content\/uploads\/2025\/03\/Capture-decran-2025-03-19-a-15.16.43.png\" data-srcset=\"https:\/\/ecoledelangues.be\/wp-content\/uploads\/2025\/03\/Capture-decran-2025-03-19-a-15.16.43-200x145.png 200w, https:\/\/ecoledelangues.be\/wp-content\/uploads\/2025\/03\/Capture-decran-2025-03-19-a-15.16.43-400x290.png 400w, https:\/\/ecoledelangues.be\/wp-content\/uploads\/2025\/03\/Capture-decran-2025-03-19-a-15.16.43-600x435.png 600w, https:\/\/ecoledelangues.be\/wp-content\/uploads\/2025\/03\/Capture-decran-2025-03-19-a-15.16.43-800x580.png 800w, https:\/\/ecoledelangues.be\/wp-content\/uploads\/2025\/03\/Capture-decran-2025-03-19-a-15.16.43.png 902w\" data-sizes=\"auto\" \/><\/a><\/li><li><a href=\"https:\/\/ecoledelangues.be\/fr\/44245\/\" aria-label=\"20 mars , journ\u00e9e internationale du bonheur\" class=\"hover-type-none\"><img decoding=\"async\" width=\"902\" height=\"654\" src=\"https:\/\/ecoledelangues.be\/wp-content\/uploads\/2025\/03\/Capture-decran-2025-03-19-a-15.16.43.png\" class=\"attachment-full size-full lazyload\" alt=\"20 mars , journ\u00e9e internationale du bonheur\" srcset=\"data:image\/svg+xml,%3Csvg%20xmlns%3D%27http%3A%2F%2Fwww.w3.org%2F2000%2Fsvg%27%20width%3D%27902%27%20height%3D%27654%27%20viewBox%3D%270%200%20902%20654%27%3E%3Crect%20width%3D%27902%27%20height%3D%27654%27%20fill-opacity%3D%220%22%2F%3E%3C%2Fsvg%3E\" data-orig-src=\"https:\/\/ecoledelangues.be\/wp-content\/uploads\/2025\/03\/Capture-decran-2025-03-19-a-15.16.43.png\" data-srcset=\"https:\/\/ecoledelangues.be\/wp-content\/uploads\/2025\/03\/Capture-decran-2025-03-19-a-15.16.43-200x145.png 200w, https:\/\/ecoledelangues.be\/wp-content\/uploads\/2025\/03\/Capture-decran-2025-03-19-a-15.16.43-400x290.png 400w, https:\/\/ecoledelangues.be\/wp-content\/uploads\/2025\/03\/Capture-decran-2025-03-19-a-15.16.43-600x435.png 600w, https:\/\/ecoledelangues.be\/wp-content\/uploads\/2025\/03\/Capture-decran-2025-03-19-a-15.16.43-800x580.png 800w, https:\/\/ecoledelangues.be\/wp-content\/uploads\/2025\/03\/Capture-decran-2025-03-19-a-15.16.43.png 902w\" data-sizes=\"auto\" \/><\/a><\/li><\/ul><\/div><div class=\"recent-posts-content\"><span class=\"vcard\" style=\"display: none;\"><span class=\"fn\"><a href=\"https:\/\/ecoledelangues.be\/fr\/author\/stagiaire\/\" title=\"Articles par Stagiaire\" rel=\"author\">Stagiaire<\/a><\/span><\/span><span class=\"updated\" style=\"display:none;\">2026-04-08T07:54:40+00:00<\/span><h4 class=\"entry-title\"><a href=\"https:\/\/ecoledelangues.be\/fr\/44245\/\">20 mars , journ\u00e9e internationale du bonheur<\/a><\/h4><p class=\"meta\"><span class=\"vcard\" style=\"display: none;\"><span class=\"fn\"><a href=\"https:\/\/ecoledelangues.be\/fr\/author\/stagiaire\/\" title=\"Articles par Stagiaire\" rel=\"author\">Stagiaire<\/a><\/span><\/span><span class=\"updated\" style=\"display:none;\">2026-04-08T07:54:40+00:00<\/span><span>mars 19th, 2025<\/span><span class=\"fusion-inline-sep\">|<\/span><span class=\"fusion-comments\"><span>Commentaires ferm\u00e9s<span class=\"screen-reader-text\"> sur 20 mars , journ\u00e9e internationale du bonheur<\/span><\/span><\/span><\/p><p> 20 mars , journ\u00e9e internationale du bonheur Saviez-vous que c'est le Bhoutan, un petit pays himalayen, qui est \u00e0 l'origine de cette journ\u00e9e ?\u00a0\u00a0 \u00a0La Journ\u00e9e internationale du bonheur est une opportunit\u00e9 de r\u00e9fl\u00e9chir  [...]<\/p><\/div><\/article><article class=\"post fusion-column column col col-lg-4 col-md-4 col-sm-4\"><div class=\"fusion-flexslider fusion-flexslider-loading flexslider flexslider-hover-type-none\"><ul class=\"slides\"><li><a href=\"https:\/\/ecoledelangues.be\/fr\/difficultes-neerlandais-francophones\/\" aria-label=\"Difficult\u00e9s en n\u00e9erlandais : Pourquoi est-ce dur pour les francophones ?\" class=\"hover-type-none\"><img decoding=\"async\" width=\"800\" height=\"533\" src=\"https:\/\/ecoledelangues.be\/wp-content\/uploads\/2026\/03\/cours-de-neerlandais-prives-1.png\" class=\"attachment-full size-full lazyload\" alt=\"\" srcset=\"data:image\/svg+xml,%3Csvg%20xmlns%3D%27http%3A%2F%2Fwww.w3.org%2F2000%2Fsvg%27%20width%3D%27800%27%20height%3D%27533%27%20viewBox%3D%270%200%20800%20533%27%3E%3Crect%20width%3D%27800%27%20height%3D%27533%27%20fill-opacity%3D%220%22%2F%3E%3C%2Fsvg%3E\" data-orig-src=\"https:\/\/ecoledelangues.be\/wp-content\/uploads\/2026\/03\/cours-de-neerlandais-prives-1.png\" data-srcset=\"https:\/\/ecoledelangues.be\/wp-content\/uploads\/2026\/03\/cours-de-neerlandais-prives-1-200x133.png 200w, https:\/\/ecoledelangues.be\/wp-content\/uploads\/2026\/03\/cours-de-neerlandais-prives-1-400x267.png 400w, https:\/\/ecoledelangues.be\/wp-content\/uploads\/2026\/03\/cours-de-neerlandais-prives-1-600x400.png 600w, https:\/\/ecoledelangues.be\/wp-content\/uploads\/2026\/03\/cours-de-neerlandais-prives-1.png 800w\" data-sizes=\"auto\" \/><\/a><\/li><\/ul><\/div><div class=\"recent-posts-content\"><span class=\"vcard\" style=\"display: none;\"><span class=\"fn\"><a href=\"https:\/\/ecoledelangues.be\/fr\/author\/stagiaire\/\" title=\"Articles par Stagiaire\" rel=\"author\">Stagiaire<\/a><\/span><\/span><span class=\"updated\" style=\"display:none;\">2026-03-12T09:29:34+00:00<\/span><h4 class=\"entry-title\"><a href=\"https:\/\/ecoledelangues.be\/fr\/difficultes-neerlandais-francophones\/\">Difficult\u00e9s en n\u00e9erlandais : Pourquoi est-ce dur pour les francophones ?<\/a><\/h4><p class=\"meta\"><span class=\"vcard\" style=\"display: none;\"><span class=\"fn\"><a href=\"https:\/\/ecoledelangues.be\/fr\/author\/stagiaire\/\" title=\"Articles par Stagiaire\" rel=\"author\">Stagiaire<\/a><\/span><\/span><span class=\"updated\" style=\"display:none;\">2026-03-12T09:29:34+00:00<\/span><span>f\u00e9vrier 1st, 2025<\/span><span class=\"fusion-inline-sep\">|<\/span><span class=\"fusion-comments\"><span>Commentaires ferm\u00e9s<span class=\"screen-reader-text\"> sur Difficult\u00e9s en n\u00e9erlandais : Pourquoi est-ce dur pour les francophones ?<\/span><\/span><\/span><\/p><p> Chers (futurs) polyglottes, pourquoi le n\u00e9erlandais semble-t-il parfois si inaccessible pour nous, francophones ? Si vous avez l'impression de stagner malgr\u00e9 vos efforts, sachez que la science a une explication. Retour sur une analyse  [...]<\/p><\/div><\/article><article class=\"post fusion-column column col col-lg-4 col-md-4 col-sm-4\"><div class=\"fusion-flexslider fusion-flexslider-loading flexslider flexslider-hover-type-none\"><ul class=\"slides\"><li><a href=\"https:\/\/ecoledelangues.be\/fr\/nouvelle-destination-la-flandre\/\" aria-label=\"Nouvelle destination: la Flandre!\" class=\"hover-type-none\"><img decoding=\"async\" width=\"1080\" height=\"1080\" src=\"https:\/\/ecoledelangues.be\/wp-content\/uploads\/2024\/04\/Welkom-in-Vlaanderen-1.png\" class=\"attachment-full size-full lazyload\" alt=\"\" srcset=\"data:image\/svg+xml,%3Csvg%20xmlns%3D%27http%3A%2F%2Fwww.w3.org%2F2000%2Fsvg%27%20width%3D%271080%27%20height%3D%271080%27%20viewBox%3D%270%200%201080%201080%27%3E%3Crect%20width%3D%271080%27%20height%3D%271080%27%20fill-opacity%3D%220%22%2F%3E%3C%2Fsvg%3E\" data-orig-src=\"https:\/\/ecoledelangues.be\/wp-content\/uploads\/2024\/04\/Welkom-in-Vlaanderen-1.png\" data-srcset=\"https:\/\/ecoledelangues.be\/wp-content\/uploads\/2024\/04\/Welkom-in-Vlaanderen-1-200x200.png 200w, https:\/\/ecoledelangues.be\/wp-content\/uploads\/2024\/04\/Welkom-in-Vlaanderen-1-400x400.png 400w, https:\/\/ecoledelangues.be\/wp-content\/uploads\/2024\/04\/Welkom-in-Vlaanderen-1-600x600.png 600w, https:\/\/ecoledelangues.be\/wp-content\/uploads\/2024\/04\/Welkom-in-Vlaanderen-1-800x800.png 800w, https:\/\/ecoledelangues.be\/wp-content\/uploads\/2024\/04\/Welkom-in-Vlaanderen-1.png 1080w\" data-sizes=\"auto\" \/><\/a><\/li><\/ul><\/div><div class=\"recent-posts-content\"><span class=\"vcard\" style=\"display: none;\"><span class=\"fn\"><a href=\"https:\/\/ecoledelangues.be\/fr\/author\/stagiaire\/\" title=\"Articles par Stagiaire\" rel=\"author\">Stagiaire<\/a><\/span><\/span><span class=\"updated\" style=\"display:none;\">2026-04-08T08:00:57+00:00<\/span><h4 class=\"entry-title\"><a href=\"https:\/\/ecoledelangues.be\/fr\/nouvelle-destination-la-flandre\/\">Nouvelle destination: la Flandre!<\/a><\/h4><p class=\"meta\"><span class=\"vcard\" style=\"display: none;\"><span class=\"fn\"><a href=\"https:\/\/ecoledelangues.be\/fr\/author\/stagiaire\/\" title=\"Articles par Stagiaire\" rel=\"author\">Stagiaire<\/a><\/span><\/span><span class=\"updated\" style=\"display:none;\">2026-04-08T08:00:57+00:00<\/span><span>avril 8th, 2024<\/span><span class=\"fusion-inline-sep\">|<\/span><span class=\"fusion-comments\"><span>Commentaires ferm\u00e9s<span class=\"screen-reader-text\"> sur Nouvelle destination: la Flandre!<\/span><\/span><\/span><\/p><p>Prochaine destination de vacances? La Flandre!\u00a0Les vacances repr\u00e9sentent un moment de d\u00e9tente, de\u00a0l\u00e2cher-prise, mais aussi de\u00a0d\u00e9couverte\u00a0en tout genre. En famille, en amoureux, entre amis ou m\u00eame tout seul, voyager apporte de\u00a0nombreux bienfaits\u00a0tant sur le long  [...]<\/p><\/div><\/article><article class=\"post fusion-column column col col-lg-4 col-md-4 col-sm-4\"><div class=\"fusion-flexslider fusion-flexslider-loading flexslider flexslider-hover-type-none\"><ul class=\"slides\"><li><a href=\"https:\/\/ecoledelangues.be\/fr\/fete-nationale-belge\/\" aria-label=\"La f\u00eate nationale belge, la richesse de la diversit\u00e9\" class=\"hover-type-none\"><img decoding=\"async\" width=\"1080\" height=\"1080\" src=\"https:\/\/ecoledelangues.be\/wp-content\/uploads\/2023\/06\/bruxelles-fete-nationale.png\" class=\"attachment-full size-full lazyload\" alt=\"gens c\u00e9l\u00e8brent la f\u00eate nationale belge\" srcset=\"data:image\/svg+xml,%3Csvg%20xmlns%3D%27http%3A%2F%2Fwww.w3.org%2F2000%2Fsvg%27%20width%3D%271080%27%20height%3D%271080%27%20viewBox%3D%270%200%201080%201080%27%3E%3Crect%20width%3D%271080%27%20height%3D%271080%27%20fill-opacity%3D%220%22%2F%3E%3C%2Fsvg%3E\" data-orig-src=\"https:\/\/ecoledelangues.be\/wp-content\/uploads\/2023\/06\/bruxelles-fete-nationale.png\" data-srcset=\"https:\/\/ecoledelangues.be\/wp-content\/uploads\/2023\/06\/bruxelles-fete-nationale-200x200.png 200w, https:\/\/ecoledelangues.be\/wp-content\/uploads\/2023\/06\/bruxelles-fete-nationale-400x400.png 400w, https:\/\/ecoledelangues.be\/wp-content\/uploads\/2023\/06\/bruxelles-fete-nationale-600x600.png 600w, https:\/\/ecoledelangues.be\/wp-content\/uploads\/2023\/06\/bruxelles-fete-nationale-800x800.png 800w, https:\/\/ecoledelangues.be\/wp-content\/uploads\/2023\/06\/bruxelles-fete-nationale.png 1080w\" data-sizes=\"auto\" \/><\/a><\/li><\/ul><\/div><div class=\"recent-posts-content\"><span class=\"vcard\" style=\"display: none;\"><span class=\"fn\"><a href=\"https:\/\/ecoledelangues.be\/fr\/author\/stagiaire\/\" title=\"Articles par Stagiaire\" rel=\"author\">Stagiaire<\/a><\/span><\/span><span class=\"updated\" style=\"display:none;\">2024-05-23T12:22:17+00:00<\/span><h4 class=\"entry-title\"><a href=\"https:\/\/ecoledelangues.be\/fr\/fete-nationale-belge\/\">La f\u00eate nationale belge, la richesse de la diversit\u00e9<\/a><\/h4><p class=\"meta\"><span class=\"vcard\" style=\"display: none;\"><span class=\"fn\"><a href=\"https:\/\/ecoledelangues.be\/fr\/author\/stagiaire\/\" title=\"Articles par Stagiaire\" rel=\"author\">Stagiaire<\/a><\/span><\/span><span class=\"updated\" style=\"display:none;\">2024-05-23T12:22:17+00:00<\/span><span>juin 13th, 2023<\/span><span class=\"fusion-inline-sep\">|<\/span><span class=\"fusion-comments\"><span>Commentaires ferm\u00e9s<span class=\"screen-reader-text\"> sur La f\u00eate nationale belge, la richesse de la diversit\u00e9<\/span><\/span><\/span><\/p><p> La f\u00eate nationale: la richesse de la diversit\u00e9!     La F\u00eate nationale belge, c\u00e9l\u00e9br\u00e9e le 21 juillet de chaque ann\u00e9e, est une occasion unique de mettre en lumi\u00e8re la diversit\u00e9 linguistique  [...]<\/p><\/div><\/article><article class=\"post fusion-column column col col-lg-4 col-md-4 col-sm-4\"><div class=\"fusion-flexslider fusion-flexslider-loading flexslider flexslider-hover-type-none\"><ul class=\"slides\"><li><a href=\"https:\/\/ecoledelangues.be\/fr\/paques-a-travers-les-langues-et-les-cultures\/\" aria-label=\"P\u00e2ques \u00e0 travers les langues et les cultures\" class=\"hover-type-none\"><img decoding=\"async\" width=\"1080\" height=\"1080\" src=\"https:\/\/ecoledelangues.be\/wp-content\/uploads\/2023\/04\/paques.png\" class=\"attachment-full size-full lazyload\" alt=\"\" srcset=\"data:image\/svg+xml,%3Csvg%20xmlns%3D%27http%3A%2F%2Fwww.w3.org%2F2000%2Fsvg%27%20width%3D%271080%27%20height%3D%271080%27%20viewBox%3D%270%200%201080%201080%27%3E%3Crect%20width%3D%271080%27%20height%3D%271080%27%20fill-opacity%3D%220%22%2F%3E%3C%2Fsvg%3E\" data-orig-src=\"https:\/\/ecoledelangues.be\/wp-content\/uploads\/2023\/04\/paques.png\" data-srcset=\"https:\/\/ecoledelangues.be\/wp-content\/uploads\/2023\/04\/paques-200x200.png 200w, https:\/\/ecoledelangues.be\/wp-content\/uploads\/2023\/04\/paques-400x400.png 400w, https:\/\/ecoledelangues.be\/wp-content\/uploads\/2023\/04\/paques-600x600.png 600w, https:\/\/ecoledelangues.be\/wp-content\/uploads\/2023\/04\/paques-800x800.png 800w, https:\/\/ecoledelangues.be\/wp-content\/uploads\/2023\/04\/paques.png 1080w\" data-sizes=\"auto\" \/><\/a><\/li><\/ul><\/div><div class=\"recent-posts-content\"><span class=\"vcard\" style=\"display: none;\"><span class=\"fn\"><a href=\"https:\/\/ecoledelangues.be\/fr\/author\/stagiaire\/\" title=\"Articles par Stagiaire\" rel=\"author\">Stagiaire<\/a><\/span><\/span><span class=\"updated\" style=\"display:none;\">2026-04-13T10:28:53+00:00<\/span><h4 class=\"entry-title\"><a href=\"https:\/\/ecoledelangues.be\/fr\/paques-a-travers-les-langues-et-les-cultures\/\">P\u00e2ques \u00e0 travers les langues et les cultures<\/a><\/h4><p class=\"meta\"><span class=\"vcard\" style=\"display: none;\"><span class=\"fn\"><a href=\"https:\/\/ecoledelangues.be\/fr\/author\/stagiaire\/\" title=\"Articles par Stagiaire\" rel=\"author\">Stagiaire<\/a><\/span><\/span><span class=\"updated\" style=\"display:none;\">2026-04-13T10:28:53+00:00<\/span><span>juin 13th, 2023<\/span><span class=\"fusion-inline-sep\">|<\/span><span class=\"fusion-comments\"><span>Commentaires ferm\u00e9s<span class=\"screen-reader-text\"> sur P\u00e2ques \u00e0 travers les langues et les cultures<\/span><\/span><\/span><\/p><p> P\u00e2ques \u00e0 travers les langues et les cultures  P\u00e2ques, c'est une f\u00eate chr\u00e9tienne qui c\u00e9l\u00e8bre la r\u00e9surrection de J\u00e9sus-Christ, mais saviez-vous que cette f\u00eate n'est pas tout \u00e0 fait la m\u00eame partout dans  [...]<\/p><\/div><\/article><article class=\"post fusion-column column col col-lg-4 col-md-4 col-sm-4\"><div class=\"fusion-flexslider fusion-flexslider-loading flexslider flexslider-hover-type-none\"><ul class=\"slides\"><li><a href=\"https:\/\/ecoledelangues.be\/fr\/combien-dheures-pour-atteindre-le-niveau-superieur-dune-langue\/\" aria-label=\"Combien d\u2019heures pour atteindre le niveau sup\u00e9rieur d\u2019une langue ?\" class=\"hover-type-none\"><img decoding=\"async\" width=\"1152\" height=\"1440\" src=\"https:\/\/ecoledelangues.be\/wp-content\/uploads\/2022\/09\/ilplatform_summerb6545738.png\" class=\"attachment-full size-full lazyload\" alt=\"\" srcset=\"data:image\/svg+xml,%3Csvg%20xmlns%3D%27http%3A%2F%2Fwww.w3.org%2F2000%2Fsvg%27%20width%3D%271152%27%20height%3D%271440%27%20viewBox%3D%270%200%201152%201440%27%3E%3Crect%20width%3D%271152%27%20height%3D%271440%27%20fill-opacity%3D%220%22%2F%3E%3C%2Fsvg%3E\" data-orig-src=\"https:\/\/ecoledelangues.be\/wp-content\/uploads\/2022\/09\/ilplatform_summerb6545738.png\" data-srcset=\"https:\/\/ecoledelangues.be\/wp-content\/uploads\/2022\/09\/ilplatform_summerb6545738-200x250.png 200w, https:\/\/ecoledelangues.be\/wp-content\/uploads\/2022\/09\/ilplatform_summerb6545738-400x500.png 400w, https:\/\/ecoledelangues.be\/wp-content\/uploads\/2022\/09\/ilplatform_summerb6545738-600x750.png 600w, https:\/\/ecoledelangues.be\/wp-content\/uploads\/2022\/09\/ilplatform_summerb6545738-800x1000.png 800w, https:\/\/ecoledelangues.be\/wp-content\/uploads\/2022\/09\/ilplatform_summerb6545738.png 1152w\" data-sizes=\"auto\" \/><\/a><\/li><\/ul><\/div><div class=\"recent-posts-content\"><span class=\"vcard\" style=\"display: none;\"><span class=\"fn\"><a href=\"https:\/\/ecoledelangues.be\/fr\/author\/bahringeorgehotmail-com\/\" title=\"Articles par George Bahrin\" rel=\"author\">George Bahrin<\/a><\/span><\/span><span class=\"updated\" style=\"display:none;\">2026-04-08T08:25:54+00:00<\/span><h4 class=\"entry-title\"><a href=\"https:\/\/ecoledelangues.be\/fr\/combien-dheures-pour-atteindre-le-niveau-superieur-dune-langue\/\">Combien d\u2019heures pour atteindre le niveau sup\u00e9rieur d\u2019une langue ?<\/a><\/h4><p class=\"meta\"><span class=\"vcard\" style=\"display: none;\"><span class=\"fn\"><a href=\"https:\/\/ecoledelangues.be\/fr\/author\/bahringeorgehotmail-com\/\" title=\"Articles par George Bahrin\" rel=\"author\">George Bahrin<\/a><\/span><\/span><span class=\"updated\" style=\"display:none;\">2026-04-08T08:25:54+00:00<\/span><span>novembre 30th, 2022<\/span><span class=\"fusion-inline-sep\">|<\/span><span class=\"fusion-comments\"><span>Commentaires ferm\u00e9s<span class=\"screen-reader-text\"> sur Combien d\u2019heures pour atteindre le niveau sup\u00e9rieur d\u2019une langue ?<\/span><\/span><\/span><\/p><p> Combien d\u2019heures pour atteindre le niveau sup\u00e9rieur d\u2019une langue ? Combien de fois vous \u00eates-vous demand\u00e9, combien d'heures faut-il pour apprendre une langue ? Ne manquez pas cet article, dans lequel nous allons expliquer  [...]<\/p><\/div><\/article><article class=\"post fusion-column column col col-lg-4 col-md-4 col-sm-4\"><div class=\"fusion-flexslider fusion-flexslider-loading flexslider flexslider-hover-type-none\"><ul class=\"slides\"><li><a href=\"https:\/\/ecoledelangues.be\/fr\/pourquoi-apprendre-une-langue-etrangere\/\" aria-label=\"Pourquoi apprendre une langue \u00e9trang\u00e8re?\" class=\"hover-type-none\"><img decoding=\"async\" width=\"650\" height=\"465\" src=\"https:\/\/ecoledelangues.be\/wp-content\/uploads\/2022\/11\/LEARN-A-NEW-LANGUAGE.png\" class=\"attachment-full size-full lazyload\" alt=\"Apprendre une langue\" srcset=\"data:image\/svg+xml,%3Csvg%20xmlns%3D%27http%3A%2F%2Fwww.w3.org%2F2000%2Fsvg%27%20width%3D%27650%27%20height%3D%27465%27%20viewBox%3D%270%200%20650%20465%27%3E%3Crect%20width%3D%27650%27%20height%3D%27465%27%20fill-opacity%3D%220%22%2F%3E%3C%2Fsvg%3E\" data-orig-src=\"https:\/\/ecoledelangues.be\/wp-content\/uploads\/2022\/11\/LEARN-A-NEW-LANGUAGE.png\" data-srcset=\"https:\/\/ecoledelangues.be\/wp-content\/uploads\/2022\/11\/LEARN-A-NEW-LANGUAGE-200x143.png 200w, https:\/\/ecoledelangues.be\/wp-content\/uploads\/2022\/11\/LEARN-A-NEW-LANGUAGE-400x286.png 400w, https:\/\/ecoledelangues.be\/wp-content\/uploads\/2022\/11\/LEARN-A-NEW-LANGUAGE-600x429.png 600w, https:\/\/ecoledelangues.be\/wp-content\/uploads\/2022\/11\/LEARN-A-NEW-LANGUAGE.png 650w\" data-sizes=\"auto\" \/><\/a><\/li><\/ul><\/div><div class=\"recent-posts-content\"><span class=\"vcard\" style=\"display: none;\"><span class=\"fn\"><a href=\"https:\/\/ecoledelangues.be\/fr\/author\/bahringeorgehotmail-com\/\" title=\"Articles par George Bahrin\" rel=\"author\">George Bahrin<\/a><\/span><\/span><span class=\"updated\" style=\"display:none;\">2022-11-25T10:42:32+00:00<\/span><h4 class=\"entry-title\"><a href=\"https:\/\/ecoledelangues.be\/fr\/pourquoi-apprendre-une-langue-etrangere\/\">Pourquoi apprendre une langue \u00e9trang\u00e8re?<\/a><\/h4><p class=\"meta\"><span class=\"vcard\" style=\"display: none;\"><span class=\"fn\"><a href=\"https:\/\/ecoledelangues.be\/fr\/author\/bahringeorgehotmail-com\/\" title=\"Articles par George Bahrin\" rel=\"author\">George Bahrin<\/a><\/span><\/span><span class=\"updated\" style=\"display:none;\">2022-11-25T10:42:32+00:00<\/span><span>novembre 25th, 2022<\/span><span class=\"fusion-inline-sep\">|<\/span><span class=\"fusion-comments\"><span>Commentaires ferm\u00e9s<span class=\"screen-reader-text\"> sur Pourquoi apprendre une langue \u00e9trang\u00e8re?<\/span><\/span><\/span><\/p><p> Pourquoi apprendre une langue \u00e9trang\u00e8re ?  Vous avez certainement entendu parler de l'importance d'apprendre une langue d\u00e8s le plus jeune \u00e2ge. Cependant, il existe quelques mythes qui font r\u00e9fl\u00e9chir. \"Et s'il y a  [...]<\/p><\/div><\/article><article class=\"post fusion-column column col col-lg-4 col-md-4 col-sm-4\"><div class=\"fusion-flexslider fusion-flexslider-loading flexslider flexslider-hover-type-none\"><ul class=\"slides\"><li><a href=\"https:\/\/ecoledelangues.be\/fr\/7-erreurs-courantes-dans-lapprentissage-dune-langue-etrangere\/\" aria-label=\"7 erreurs courantes dans l&rsquo;apprentissage d&rsquo;une langue \u00e9trang\u00e8re\" class=\"hover-type-none\"><img decoding=\"async\" width=\"1080\" height=\"1080\" src=\"https:\/\/ecoledelangues.be\/wp-content\/uploads\/2022\/11\/Les-7-erreurs-a-ne-pas-faire-quand-on-apprend-une-langue.jpg\" class=\"attachment-full size-full lazyload\" alt=\"\" srcset=\"data:image\/svg+xml,%3Csvg%20xmlns%3D%27http%3A%2F%2Fwww.w3.org%2F2000%2Fsvg%27%20width%3D%271080%27%20height%3D%271080%27%20viewBox%3D%270%200%201080%201080%27%3E%3Crect%20width%3D%271080%27%20height%3D%271080%27%20fill-opacity%3D%220%22%2F%3E%3C%2Fsvg%3E\" data-orig-src=\"https:\/\/ecoledelangues.be\/wp-content\/uploads\/2022\/11\/Les-7-erreurs-a-ne-pas-faire-quand-on-apprend-une-langue.jpg\" data-srcset=\"https:\/\/ecoledelangues.be\/wp-content\/uploads\/2022\/11\/Les-7-erreurs-a-ne-pas-faire-quand-on-apprend-une-langue-200x200.jpg 200w, https:\/\/ecoledelangues.be\/wp-content\/uploads\/2022\/11\/Les-7-erreurs-a-ne-pas-faire-quand-on-apprend-une-langue-400x400.jpg 400w, https:\/\/ecoledelangues.be\/wp-content\/uploads\/2022\/11\/Les-7-erreurs-a-ne-pas-faire-quand-on-apprend-une-langue-600x600.jpg 600w, https:\/\/ecoledelangues.be\/wp-content\/uploads\/2022\/11\/Les-7-erreurs-a-ne-pas-faire-quand-on-apprend-une-langue-800x800.jpg 800w, https:\/\/ecoledelangues.be\/wp-content\/uploads\/2022\/11\/Les-7-erreurs-a-ne-pas-faire-quand-on-apprend-une-langue.jpg 1080w\" data-sizes=\"auto\" \/><\/a><\/li><\/ul><\/div><div class=\"recent-posts-content\"><span class=\"vcard\" style=\"display: none;\"><span class=\"fn\"><a href=\"https:\/\/ecoledelangues.be\/fr\/author\/bahringeorgehotmail-com\/\" title=\"Articles par George Bahrin\" rel=\"author\">George Bahrin<\/a><\/span><\/span><span class=\"updated\" style=\"display:none;\">2026-04-16T07:40:58+00:00<\/span><h4 class=\"entry-title\"><a href=\"https:\/\/ecoledelangues.be\/fr\/7-erreurs-courantes-dans-lapprentissage-dune-langue-etrangere\/\">7 erreurs courantes dans l&rsquo;apprentissage d&rsquo;une langue \u00e9trang\u00e8re<\/a><\/h4><p class=\"meta\"><span class=\"vcard\" style=\"display: none;\"><span class=\"fn\"><a href=\"https:\/\/ecoledelangues.be\/fr\/author\/bahringeorgehotmail-com\/\" title=\"Articles par George Bahrin\" rel=\"author\">George Bahrin<\/a><\/span><\/span><span class=\"updated\" style=\"display:none;\">2026-04-16T07:40:58+00:00<\/span><span>novembre 17th, 2022<\/span><span class=\"fusion-inline-sep\">|<\/span><span class=\"fusion-comments\"><span>Commentaires ferm\u00e9s<span class=\"screen-reader-text\"> sur 7 erreurs courantes dans l&rsquo;apprentissage d&rsquo;une langue \u00e9trang\u00e8re<\/span><\/span><\/span><\/p><p> Les 7 erreurs \u00e0 ne pas faire quand on apprend une langue     Pour apprendre une langue \u00e9trang\u00e8re, il faut d'abord une strat\u00e9gie, assaisonn\u00e9e de beaucoup de patience et d'un peu  [...]<\/p><\/div><\/article><article class=\"post fusion-column column col col-lg-4 col-md-4 col-sm-4\"><div class=\"fusion-flexslider fusion-flexslider-loading flexslider flexslider-hover-type-none\"><ul class=\"slides\"><li><a href=\"https:\/\/ecoledelangues.be\/fr\/litalien-une-langue-de-culture\/\" aria-label=\"L&rsquo;italien &#8211; une langue de culture\" class=\"hover-type-none\"><img decoding=\"async\" width=\"650\" height=\"465\" src=\"https:\/\/ecoledelangues.be\/wp-content\/uploads\/2022\/11\/Italie.png\" class=\"attachment-full size-full lazyload\" alt=\"Italie\" srcset=\"data:image\/svg+xml,%3Csvg%20xmlns%3D%27http%3A%2F%2Fwww.w3.org%2F2000%2Fsvg%27%20width%3D%27650%27%20height%3D%27465%27%20viewBox%3D%270%200%20650%20465%27%3E%3Crect%20width%3D%27650%27%20height%3D%27465%27%20fill-opacity%3D%220%22%2F%3E%3C%2Fsvg%3E\" data-orig-src=\"https:\/\/ecoledelangues.be\/wp-content\/uploads\/2022\/11\/Italie.png\" data-srcset=\"https:\/\/ecoledelangues.be\/wp-content\/uploads\/2022\/11\/Italie-200x143.png 200w, https:\/\/ecoledelangues.be\/wp-content\/uploads\/2022\/11\/Italie-400x286.png 400w, https:\/\/ecoledelangues.be\/wp-content\/uploads\/2022\/11\/Italie-600x429.png 600w, https:\/\/ecoledelangues.be\/wp-content\/uploads\/2022\/11\/Italie.png 650w\" data-sizes=\"auto\" \/><\/a><\/li><\/ul><\/div><div class=\"recent-posts-content\"><span class=\"vcard\" style=\"display: none;\"><span class=\"fn\"><a href=\"https:\/\/ecoledelangues.be\/fr\/author\/bahringeorgehotmail-com\/\" title=\"Articles par George Bahrin\" rel=\"author\">George Bahrin<\/a><\/span><\/span><span class=\"updated\" style=\"display:none;\">2026-04-08T08:47:43+00:00<\/span><h4 class=\"entry-title\"><a href=\"https:\/\/ecoledelangues.be\/fr\/litalien-une-langue-de-culture\/\">L&rsquo;italien &#8211; une langue de culture<\/a><\/h4><p class=\"meta\"><span class=\"vcard\" style=\"display: none;\"><span class=\"fn\"><a href=\"https:\/\/ecoledelangues.be\/fr\/author\/bahringeorgehotmail-com\/\" title=\"Articles par George Bahrin\" rel=\"author\">George Bahrin<\/a><\/span><\/span><span class=\"updated\" style=\"display:none;\">2026-04-08T08:47:43+00:00<\/span><span>novembre 15th, 2022<\/span><span class=\"fusion-inline-sep\">|<\/span><span class=\"fusion-comments\"><span>Commentaires ferm\u00e9s<span class=\"screen-reader-text\"> sur L&rsquo;italien &#8211; une langue de culture<\/span><\/span><\/span><\/p><p> L\u2019italien \u2013 une langue de culture \u00a0L'italien est l'une des langues romanes (avec le roumain, le fran\u00e7ais, l'espagnol et le portugais), descendante directe du latin, parl\u00e9 sous la domination de l'Empire romain. Le m\u00e9canisme  [...]<\/p><\/div><\/article><article class=\"post fusion-column column col col-lg-4 col-md-4 col-sm-4\"><div class=\"fusion-flexslider fusion-flexslider-loading flexslider flexslider-hover-type-none\"><ul class=\"slides\"><li><a href=\"https:\/\/ecoledelangues.be\/fr\/comment-inciter-vos-enfants-a-lire-en-anglais\/\" aria-label=\"Comment inciter vos enfants \u00e0 lire en anglais?\" class=\"hover-type-none\"><img decoding=\"async\" width=\"650\" height=\"465\" src=\"https:\/\/ecoledelangues.be\/wp-content\/uploads\/2022\/11\/Les-tempetes-ne-meffraient-pas-car-japprends-a-mener-ma-barque..png\" class=\"attachment-full size-full lazyload\" alt=\"Inciter ses enfants \u00e0 lire\" srcset=\"data:image\/svg+xml,%3Csvg%20xmlns%3D%27http%3A%2F%2Fwww.w3.org%2F2000%2Fsvg%27%20width%3D%27650%27%20height%3D%27465%27%20viewBox%3D%270%200%20650%20465%27%3E%3Crect%20width%3D%27650%27%20height%3D%27465%27%20fill-opacity%3D%220%22%2F%3E%3C%2Fsvg%3E\" data-orig-src=\"https:\/\/ecoledelangues.be\/wp-content\/uploads\/2022\/11\/Les-tempetes-ne-meffraient-pas-car-japprends-a-mener-ma-barque..png\" data-srcset=\"https:\/\/ecoledelangues.be\/wp-content\/uploads\/2022\/11\/Les-tempetes-ne-meffraient-pas-car-japprends-a-mener-ma-barque.-200x143.png 200w, https:\/\/ecoledelangues.be\/wp-content\/uploads\/2022\/11\/Les-tempetes-ne-meffraient-pas-car-japprends-a-mener-ma-barque.-400x286.png 400w, https:\/\/ecoledelangues.be\/wp-content\/uploads\/2022\/11\/Les-tempetes-ne-meffraient-pas-car-japprends-a-mener-ma-barque.-600x429.png 600w, https:\/\/ecoledelangues.be\/wp-content\/uploads\/2022\/11\/Les-tempetes-ne-meffraient-pas-car-japprends-a-mener-ma-barque..png 650w\" data-sizes=\"auto\" \/><\/a><\/li><\/ul><\/div><div class=\"recent-posts-content\"><span class=\"vcard\" style=\"display: none;\"><span class=\"fn\"><a href=\"https:\/\/ecoledelangues.be\/fr\/author\/bahringeorgehotmail-com\/\" title=\"Articles par George Bahrin\" rel=\"author\">George Bahrin<\/a><\/span><\/span><span class=\"updated\" style=\"display:none;\">2026-04-08T08:54:48+00:00<\/span><h4 class=\"entry-title\"><a href=\"https:\/\/ecoledelangues.be\/fr\/comment-inciter-vos-enfants-a-lire-en-anglais\/\">Comment inciter vos enfants \u00e0 lire en anglais?<\/a><\/h4><p class=\"meta\"><span class=\"vcard\" style=\"display: none;\"><span class=\"fn\"><a href=\"https:\/\/ecoledelangues.be\/fr\/author\/bahringeorgehotmail-com\/\" title=\"Articles par George Bahrin\" rel=\"author\">George Bahrin<\/a><\/span><\/span><span class=\"updated\" style=\"display:none;\">2026-04-08T08:54:48+00:00<\/span><span>novembre 10th, 2022<\/span><span class=\"fusion-inline-sep\">|<\/span><span class=\"fusion-comments\"><span>Commentaires ferm\u00e9s<span class=\"screen-reader-text\"> sur Comment inciter vos enfants \u00e0 lire en anglais?<\/span><\/span><\/span><\/p><p>Comment inciter vos enfants \u00e0 lire en anglais? \"Un enfant qui lit sera un adulte qui pense\"  Dans un monde globalis\u00e9, l'apprentissage d'une langue \u00e9trang\u00e8re est un avantage formidable. Non seulement cela vous aide  [...]<\/p><\/div><\/article><article class=\"post fusion-column column col col-lg-4 col-md-4 col-sm-4\"><div class=\"fusion-flexslider fusion-flexslider-loading flexslider flexslider-hover-type-none\"><ul class=\"slides\"><li><a href=\"https:\/\/ecoledelangues.be\/fr\/8-raisons-pour-investir-dans-des-cours-de-langue\/\" aria-label=\"8 raisons pour investir dans des cours de langue\" class=\"hover-type-none\"><img decoding=\"async\" width=\"650\" height=\"465\" src=\"https:\/\/ecoledelangues.be\/wp-content\/uploads\/2022\/11\/Investis-en-toi.png\" class=\"attachment-full size-full lazyload\" alt=\"Investir dans des cours de langue\" srcset=\"data:image\/svg+xml,%3Csvg%20xmlns%3D%27http%3A%2F%2Fwww.w3.org%2F2000%2Fsvg%27%20width%3D%27650%27%20height%3D%27465%27%20viewBox%3D%270%200%20650%20465%27%3E%3Crect%20width%3D%27650%27%20height%3D%27465%27%20fill-opacity%3D%220%22%2F%3E%3C%2Fsvg%3E\" data-orig-src=\"https:\/\/ecoledelangues.be\/wp-content\/uploads\/2022\/11\/Investis-en-toi.png\" data-srcset=\"https:\/\/ecoledelangues.be\/wp-content\/uploads\/2022\/11\/Investis-en-toi-200x143.png 200w, https:\/\/ecoledelangues.be\/wp-content\/uploads\/2022\/11\/Investis-en-toi-400x286.png 400w, https:\/\/ecoledelangues.be\/wp-content\/uploads\/2022\/11\/Investis-en-toi-600x429.png 600w, https:\/\/ecoledelangues.be\/wp-content\/uploads\/2022\/11\/Investis-en-toi.png 650w\" data-sizes=\"auto\" \/><\/a><\/li><\/ul><\/div><div class=\"recent-posts-content\"><span class=\"vcard\" style=\"display: none;\"><span class=\"fn\"><a href=\"https:\/\/ecoledelangues.be\/fr\/author\/bahringeorgehotmail-com\/\" title=\"Articles par George Bahrin\" rel=\"author\">George Bahrin<\/a><\/span><\/span><span class=\"updated\" style=\"display:none;\">2022-11-10T15:37:55+00:00<\/span><h4 class=\"entry-title\"><a href=\"https:\/\/ecoledelangues.be\/fr\/8-raisons-pour-investir-dans-des-cours-de-langue\/\">8 raisons pour investir dans des cours de langue<\/a><\/h4><p class=\"meta\"><span class=\"vcard\" style=\"display: none;\"><span class=\"fn\"><a href=\"https:\/\/ecoledelangues.be\/fr\/author\/bahringeorgehotmail-com\/\" title=\"Articles par George Bahrin\" rel=\"author\">George Bahrin<\/a><\/span><\/span><span class=\"updated\" style=\"display:none;\">2022-11-10T15:37:55+00:00<\/span><span>novembre 10th, 2022<\/span><span class=\"fusion-inline-sep\">|<\/span><span class=\"fusion-comments\"><span>Commentaires ferm\u00e9s<span class=\"screen-reader-text\"> sur 8 raisons pour investir dans des cours de langue<\/span><\/span><\/span><\/p><p> 8 raisons pour investir dans des cours de langues  Lorsque l'on d\u00e9cide d'apprendre une langue, certaines des questions qui se posent imm\u00e9diatement sont les suivantes : cela vaut-il la peine d'investir de l'argent  [...]<\/p><\/div><\/article><article class=\"post fusion-column column col col-lg-4 col-md-4 col-sm-4\"><div class=\"fusion-flexslider fusion-flexslider-loading flexslider flexslider-hover-type-none\"><ul class=\"slides\"><li><a href=\"https:\/\/ecoledelangues.be\/fr\/10-phrases-amusantes-anglais-francais\/\" aria-label=\"10 phrases amusantes anglais\/fran\u00e7ais\" class=\"hover-type-none\"><img decoding=\"async\" width=\"650\" height=\"465\" src=\"https:\/\/ecoledelangues.be\/wp-content\/uploads\/2022\/11\/10-phrases-amusantes.png\" class=\"attachment-full size-full lazyload\" alt=\"10 phrases amusantes\" srcset=\"data:image\/svg+xml,%3Csvg%20xmlns%3D%27http%3A%2F%2Fwww.w3.org%2F2000%2Fsvg%27%20width%3D%27650%27%20height%3D%27465%27%20viewBox%3D%270%200%20650%20465%27%3E%3Crect%20width%3D%27650%27%20height%3D%27465%27%20fill-opacity%3D%220%22%2F%3E%3C%2Fsvg%3E\" data-orig-src=\"https:\/\/ecoledelangues.be\/wp-content\/uploads\/2022\/11\/10-phrases-amusantes.png\" data-srcset=\"https:\/\/ecoledelangues.be\/wp-content\/uploads\/2022\/11\/10-phrases-amusantes-200x143.png 200w, https:\/\/ecoledelangues.be\/wp-content\/uploads\/2022\/11\/10-phrases-amusantes-400x286.png 400w, https:\/\/ecoledelangues.be\/wp-content\/uploads\/2022\/11\/10-phrases-amusantes-600x429.png 600w, https:\/\/ecoledelangues.be\/wp-content\/uploads\/2022\/11\/10-phrases-amusantes.png 650w\" data-sizes=\"auto\" \/><\/a><\/li><\/ul><\/div><div class=\"recent-posts-content\"><span class=\"vcard\" style=\"display: none;\"><span class=\"fn\"><a href=\"https:\/\/ecoledelangues.be\/fr\/author\/bahringeorgehotmail-com\/\" title=\"Articles par George Bahrin\" rel=\"author\">George Bahrin<\/a><\/span><\/span><span class=\"updated\" style=\"display:none;\">2024-05-23T13:17:05+00:00<\/span><h4 class=\"entry-title\"><a href=\"https:\/\/ecoledelangues.be\/fr\/10-phrases-amusantes-anglais-francais\/\">10 phrases amusantes anglais\/fran\u00e7ais<\/a><\/h4><p class=\"meta\"><span class=\"vcard\" style=\"display: none;\"><span class=\"fn\"><a href=\"https:\/\/ecoledelangues.be\/fr\/author\/bahringeorgehotmail-com\/\" title=\"Articles par George Bahrin\" rel=\"author\">George Bahrin<\/a><\/span><\/span><span class=\"updated\" style=\"display:none;\">2024-05-23T13:17:05+00:00<\/span><span>novembre 7th, 2022<\/span><span class=\"fusion-inline-sep\">|<\/span><span class=\"fusion-comments\"><span>Commentaires ferm\u00e9s<span class=\"screen-reader-text\"> sur 10 phrases amusantes anglais\/fran\u00e7ais<\/span><\/span><\/span><\/p><p> 10 phrases amusantes pour ceux qui apprennent l'anglais      Voici une liste de phrases courtes et dr\u00f4les en anglais avec la traduction en fran\u00e7ais.  Nostalgia isn\u2019t what it used  [...]<\/p><\/div><\/article><article class=\"post fusion-column column col col-lg-4 col-md-4 col-sm-4\"><div class=\"fusion-flexslider fusion-flexslider-loading flexslider flexslider-hover-type-none\"><ul class=\"slides\"><li><a href=\"https:\/\/ecoledelangues.be\/fr\/3-traditions-dhalloween-effrayantes-dans-le-monde\/\" aria-label=\"3 traditions d&rsquo;Halloween effrayantes dans le monde\" class=\"hover-type-none\"><img decoding=\"async\" width=\"650\" height=\"465\" src=\"https:\/\/ecoledelangues.be\/wp-content\/uploads\/2022\/11\/Design-sans-titre-8.png\" class=\"attachment-full size-full lazyload\" alt=\"Halloween\" srcset=\"data:image\/svg+xml,%3Csvg%20xmlns%3D%27http%3A%2F%2Fwww.w3.org%2F2000%2Fsvg%27%20width%3D%27650%27%20height%3D%27465%27%20viewBox%3D%270%200%20650%20465%27%3E%3Crect%20width%3D%27650%27%20height%3D%27465%27%20fill-opacity%3D%220%22%2F%3E%3C%2Fsvg%3E\" data-orig-src=\"https:\/\/ecoledelangues.be\/wp-content\/uploads\/2022\/11\/Design-sans-titre-8.png\" data-srcset=\"https:\/\/ecoledelangues.be\/wp-content\/uploads\/2022\/11\/Design-sans-titre-8-200x143.png 200w, https:\/\/ecoledelangues.be\/wp-content\/uploads\/2022\/11\/Design-sans-titre-8-400x286.png 400w, https:\/\/ecoledelangues.be\/wp-content\/uploads\/2022\/11\/Design-sans-titre-8-600x429.png 600w, https:\/\/ecoledelangues.be\/wp-content\/uploads\/2022\/11\/Design-sans-titre-8.png 650w\" data-sizes=\"auto\" \/><\/a><\/li><\/ul><\/div><div class=\"recent-posts-content\"><span class=\"vcard\" style=\"display: none;\"><span class=\"fn\"><a href=\"https:\/\/ecoledelangues.be\/fr\/author\/bahringeorgehotmail-com\/\" title=\"Articles par George Bahrin\" rel=\"author\">George Bahrin<\/a><\/span><\/span><span class=\"updated\" style=\"display:none;\">2022-11-01T08:11:12+00:00<\/span><h4 class=\"entry-title\"><a href=\"https:\/\/ecoledelangues.be\/fr\/3-traditions-dhalloween-effrayantes-dans-le-monde\/\">3 traditions d&rsquo;Halloween effrayantes dans le monde<\/a><\/h4><p class=\"meta\"><span class=\"vcard\" style=\"display: none;\"><span class=\"fn\"><a href=\"https:\/\/ecoledelangues.be\/fr\/author\/bahringeorgehotmail-com\/\" title=\"Articles par George Bahrin\" rel=\"author\">George Bahrin<\/a><\/span><\/span><span class=\"updated\" style=\"display:none;\">2022-11-01T08:11:12+00:00<\/span><span>novembre 1st, 2022<\/span><span class=\"fusion-inline-sep\">|<\/span><span class=\"fusion-comments\"><span>Commentaires ferm\u00e9s<span class=\"screen-reader-text\"> sur 3 traditions d&rsquo;Halloween effrayantes dans le monde<\/span><\/span><\/span><\/p><p> 3 traditions d'Halloween effrayantes dans le monde  Quelle autre f\u00eate permet aux gens de se d\u00e9guiser en sorci\u00e8res, fant\u00f4mes, zombies, vampires et de se promener la nuit sans \u00eatre d\u00e9rang\u00e9s dans les villes  [...]<\/p><\/div><\/article><article class=\"post fusion-column column col col-lg-4 col-md-4 col-sm-4\"><div class=\"fusion-flexslider fusion-flexslider-loading flexslider flexslider-hover-type-none\"><ul class=\"slides\"><li><a href=\"https:\/\/ecoledelangues.be\/fr\/sur-les-traces-de-dracula\/\" aria-label=\"Sur les traces de Dracula\" class=\"hover-type-none\"><img decoding=\"async\" width=\"650\" height=\"465\" src=\"https:\/\/ecoledelangues.be\/wp-content\/uploads\/2022\/10\/ecoledelangues.be-2.png\" class=\"attachment-full size-full lazyload\" alt=\"Dracula de Halloween\" srcset=\"data:image\/svg+xml,%3Csvg%20xmlns%3D%27http%3A%2F%2Fwww.w3.org%2F2000%2Fsvg%27%20width%3D%27650%27%20height%3D%27465%27%20viewBox%3D%270%200%20650%20465%27%3E%3Crect%20width%3D%27650%27%20height%3D%27465%27%20fill-opacity%3D%220%22%2F%3E%3C%2Fsvg%3E\" data-orig-src=\"https:\/\/ecoledelangues.be\/wp-content\/uploads\/2022\/10\/ecoledelangues.be-2.png\" data-srcset=\"https:\/\/ecoledelangues.be\/wp-content\/uploads\/2022\/10\/ecoledelangues.be-2-200x143.png 200w, https:\/\/ecoledelangues.be\/wp-content\/uploads\/2022\/10\/ecoledelangues.be-2-400x286.png 400w, https:\/\/ecoledelangues.be\/wp-content\/uploads\/2022\/10\/ecoledelangues.be-2-600x429.png 600w, https:\/\/ecoledelangues.be\/wp-content\/uploads\/2022\/10\/ecoledelangues.be-2.png 650w\" data-sizes=\"auto\" \/><\/a><\/li><\/ul><\/div><div class=\"recent-posts-content\"><span class=\"vcard\" style=\"display: none;\"><span class=\"fn\"><a href=\"https:\/\/ecoledelangues.be\/fr\/author\/bahringeorgehotmail-com\/\" title=\"Articles par George Bahrin\" rel=\"author\">George Bahrin<\/a><\/span><\/span><span class=\"updated\" style=\"display:none;\">2026-02-10T13:56:26+00:00<\/span><h4 class=\"entry-title\"><a href=\"https:\/\/ecoledelangues.be\/fr\/sur-les-traces-de-dracula\/\">Sur les traces de Dracula<\/a><\/h4><p class=\"meta\"><span class=\"vcard\" style=\"display: none;\"><span class=\"fn\"><a href=\"https:\/\/ecoledelangues.be\/fr\/author\/bahringeorgehotmail-com\/\" title=\"Articles par George Bahrin\" rel=\"author\">George Bahrin<\/a><\/span><\/span><span class=\"updated\" style=\"display:none;\">2026-02-10T13:56:26+00:00<\/span><span>octobre 27th, 2022<\/span><span class=\"fusion-inline-sep\">|<\/span><span class=\"fusion-comments\"><span>Commentaires ferm\u00e9s<span class=\"screen-reader-text\"> sur Sur les traces de Dracula<\/span><\/span><\/span><\/p><p> Sur les traces de Dracula  Qui n'a jamais entendu parl\u00e9 de Dracula, un comte transylvanien qui se transforme en chauve-souris, dort dans les cercueils et boit le sang des vivants? Quel enfant ne  [...]<\/p><\/div><\/article><article class=\"post fusion-column column col col-lg-4 col-md-4 col-sm-4\"><div class=\"fusion-flexslider fusion-flexslider-loading flexslider flexslider-hover-type-none\"><ul class=\"slides\"><li><a href=\"https:\/\/ecoledelangues.be\/fr\/barriere-linguistique-neerlandais\/\" aria-label=\"Comment d\u00e9passer la barri\u00e8re linguistique en n\u00e9erlandais\" class=\"hover-type-none\"><img decoding=\"async\" width=\"650\" height=\"465\" src=\"https:\/\/ecoledelangues.be\/wp-content\/uploads\/2022\/10\/ecoledelangues.be-1.png\" class=\"attachment-full size-full lazyload\" alt=\"D\u00e9passer barri\u00e8re linguistique en n\u00e9erlandais\" srcset=\"data:image\/svg+xml,%3Csvg%20xmlns%3D%27http%3A%2F%2Fwww.w3.org%2F2000%2Fsvg%27%20width%3D%27650%27%20height%3D%27465%27%20viewBox%3D%270%200%20650%20465%27%3E%3Crect%20width%3D%27650%27%20height%3D%27465%27%20fill-opacity%3D%220%22%2F%3E%3C%2Fsvg%3E\" data-orig-src=\"https:\/\/ecoledelangues.be\/wp-content\/uploads\/2022\/10\/ecoledelangues.be-1.png\" data-srcset=\"https:\/\/ecoledelangues.be\/wp-content\/uploads\/2022\/10\/ecoledelangues.be-1-200x143.png 200w, https:\/\/ecoledelangues.be\/wp-content\/uploads\/2022\/10\/ecoledelangues.be-1-400x286.png 400w, https:\/\/ecoledelangues.be\/wp-content\/uploads\/2022\/10\/ecoledelangues.be-1-600x429.png 600w, https:\/\/ecoledelangues.be\/wp-content\/uploads\/2022\/10\/ecoledelangues.be-1.png 650w\" data-sizes=\"auto\" \/><\/a><\/li><\/ul><\/div><div class=\"recent-posts-content\"><span class=\"vcard\" style=\"display: none;\"><span class=\"fn\"><a href=\"https:\/\/ecoledelangues.be\/fr\/author\/bahringeorgehotmail-com\/\" title=\"Articles par George Bahrin\" rel=\"author\">George Bahrin<\/a><\/span><\/span><span class=\"updated\" style=\"display:none;\">2022-10-20T13:39:13+00:00<\/span><h4 class=\"entry-title\"><a href=\"https:\/\/ecoledelangues.be\/fr\/barriere-linguistique-neerlandais\/\">Comment d\u00e9passer la barri\u00e8re linguistique en n\u00e9erlandais<\/a><\/h4><p class=\"meta\"><span class=\"vcard\" style=\"display: none;\"><span class=\"fn\"><a href=\"https:\/\/ecoledelangues.be\/fr\/author\/bahringeorgehotmail-com\/\" title=\"Articles par George Bahrin\" rel=\"author\">George Bahrin<\/a><\/span><\/span><span class=\"updated\" style=\"display:none;\">2022-10-20T13:39:13+00:00<\/span><span>octobre 20th, 2022<\/span><span class=\"fusion-inline-sep\">|<\/span><span class=\"fusion-comments\"><span>Commentaires ferm\u00e9s<span class=\"screen-reader-text\"> sur Comment d\u00e9passer la barri\u00e8re linguistique en n\u00e9erlandais<\/span><\/span><\/span><\/p><p> Comment d\u00e9passer la barri\u00e8re linguistique en n\u00e9erlandais?  Mise au point  \u00a0 Les langues ne sont pas intrins\u00e8quement plus ou moins difficiles \u00e0 apprendre. Je continuerai \u00e0 r\u00e9p\u00e9ter cette phrase sur tous les  [...]<\/p><\/div><\/article><article class=\"post fusion-column column col col-lg-4 col-md-4 col-sm-4\"><div class=\"fusion-flexslider fusion-flexslider-loading flexslider flexslider-hover-type-none\"><ul class=\"slides\"><li><a href=\"https:\/\/ecoledelangues.be\/fr\/apprendre-une-langue-avec-les-films\/\" aria-label=\"Apprendre une langue, une m\u00e9thode efficace pour apprendre\" class=\"hover-type-none\"><img decoding=\"async\" width=\"650\" height=\"465\" src=\"https:\/\/ecoledelangues.be\/wp-content\/uploads\/2022\/10\/LEARN-ENGLISH.png\" class=\"attachment-full size-full lazyload\" alt=\"Apprendre une langue avec les Films\" srcset=\"data:image\/svg+xml,%3Csvg%20xmlns%3D%27http%3A%2F%2Fwww.w3.org%2F2000%2Fsvg%27%20width%3D%27650%27%20height%3D%27465%27%20viewBox%3D%270%200%20650%20465%27%3E%3Crect%20width%3D%27650%27%20height%3D%27465%27%20fill-opacity%3D%220%22%2F%3E%3C%2Fsvg%3E\" data-orig-src=\"https:\/\/ecoledelangues.be\/wp-content\/uploads\/2022\/10\/LEARN-ENGLISH.png\" data-srcset=\"https:\/\/ecoledelangues.be\/wp-content\/uploads\/2022\/10\/LEARN-ENGLISH-200x143.png 200w, https:\/\/ecoledelangues.be\/wp-content\/uploads\/2022\/10\/LEARN-ENGLISH-400x286.png 400w, https:\/\/ecoledelangues.be\/wp-content\/uploads\/2022\/10\/LEARN-ENGLISH-600x429.png 600w, https:\/\/ecoledelangues.be\/wp-content\/uploads\/2022\/10\/LEARN-ENGLISH.png 650w\" data-sizes=\"auto\" \/><\/a><\/li><\/ul><\/div><div class=\"recent-posts-content\"><span class=\"vcard\" style=\"display: none;\"><span class=\"fn\"><a href=\"https:\/\/ecoledelangues.be\/fr\/author\/bahringeorgehotmail-com\/\" title=\"Articles par George Bahrin\" rel=\"author\">George Bahrin<\/a><\/span><\/span><span class=\"updated\" style=\"display:none;\">2022-10-17T09:47:19+00:00<\/span><h4 class=\"entry-title\"><a href=\"https:\/\/ecoledelangues.be\/fr\/apprendre-une-langue-avec-les-films\/\">Apprendre une langue, une m\u00e9thode efficace pour apprendre<\/a><\/h4><p class=\"meta\"><span class=\"vcard\" style=\"display: none;\"><span class=\"fn\"><a href=\"https:\/\/ecoledelangues.be\/fr\/author\/bahringeorgehotmail-com\/\" title=\"Articles par George Bahrin\" rel=\"author\">George Bahrin<\/a><\/span><\/span><span class=\"updated\" style=\"display:none;\">2022-10-17T09:47:19+00:00<\/span><span>octobre 11th, 2022<\/span><span class=\"fusion-inline-sep\">|<\/span><span class=\"fusion-comments\"><span>Commentaires ferm\u00e9s<span class=\"screen-reader-text\"> sur Apprendre une langue, une m\u00e9thode efficace pour apprendre<\/span><\/span><\/span><\/p><p>Comment apprendre une langue efficacement  Introduction Apprendre une langue avec les films est le moyen id\u00e9al de ma\u00eetriser une langue de mani\u00e8re d\u00e9tendue et efficace. Bien s\u00fbr, nous aimons tous regarder un bon film,  [...]<\/p><\/div><\/article><article class=\"post fusion-column column col col-lg-4 col-md-4 col-sm-4\"><div class=\"recent-posts-content\"><span class=\"vcard\" style=\"display: none;\"><span class=\"fn\"><a href=\"https:\/\/ecoledelangues.be\/fr\/author\/bahringeorgehotmail-com\/\" title=\"Articles par George Bahrin\" rel=\"author\">George Bahrin<\/a><\/span><\/span><span class=\"updated\" style=\"display:none;\">2026-04-08T07:09:57+00:00<\/span><h4 class=\"entry-title\"><a href=\"https:\/\/ecoledelangues.be\/fr\/importance-multilinguisme-plurilinguisme-belgique\/\">L&rsquo;importance du multilinguisme<\/a><\/h4><p class=\"meta\"><span class=\"vcard\" style=\"display: none;\"><span class=\"fn\"><a href=\"https:\/\/ecoledelangues.be\/fr\/author\/bahringeorgehotmail-com\/\" title=\"Articles par George Bahrin\" rel=\"author\">George Bahrin<\/a><\/span><\/span><span class=\"updated\" style=\"display:none;\">2026-04-08T07:09:57+00:00<\/span><span>septembre 28th, 2022<\/span><span class=\"fusion-inline-sep\">|<\/span><span class=\"fusion-comments\"><span>Commentaires ferm\u00e9s<span class=\"screen-reader-text\"> sur L&rsquo;importance du multilinguisme<\/span><\/span><\/span><\/p><p> \u00a0L\u2019importance du multilinguisme\/plurilinguisme  En lisant l\u2019article de La Libre : \"Le gros probl\u00e8me en Wallonie, c\u2019est le manque de multilinguisme\", l\u2019id\u00e9e nous est venue d\u2019aborder ce sujet si important dans notre soci\u00e9t\u00e9 en  [...]<\/p><\/div><\/article><article class=\"post fusion-column column col col-lg-4 col-md-4 col-sm-4\"><div class=\"fusion-flexslider fusion-flexslider-loading flexslider flexslider-hover-type-none\"><ul class=\"slides\"><li><a href=\"https:\/\/ecoledelangues.be\/fr\/heilig-ijs-ou-saints-de-glace\/\" aria-label=\"Heilig Ijs ou Saints de Glaces ?\" class=\"hover-type-none\"><img decoding=\"async\" width=\"1080\" height=\"1080\" src=\"https:\/\/ecoledelangues.be\/wp-content\/uploads\/2021\/04\/Happy-Valentines-Day-23.png\" class=\"attachment-full size-full lazyload\" alt=\"heilig ijs 2\" srcset=\"data:image\/svg+xml,%3Csvg%20xmlns%3D%27http%3A%2F%2Fwww.w3.org%2F2000%2Fsvg%27%20width%3D%271080%27%20height%3D%271080%27%20viewBox%3D%270%200%201080%201080%27%3E%3Crect%20width%3D%271080%27%20height%3D%271080%27%20fill-opacity%3D%220%22%2F%3E%3C%2Fsvg%3E\" data-orig-src=\"https:\/\/ecoledelangues.be\/wp-content\/uploads\/2021\/04\/Happy-Valentines-Day-23.png\" data-srcset=\"https:\/\/ecoledelangues.be\/wp-content\/uploads\/2021\/04\/Happy-Valentines-Day-23-200x200.png 200w, https:\/\/ecoledelangues.be\/wp-content\/uploads\/2021\/04\/Happy-Valentines-Day-23-400x400.png 400w, https:\/\/ecoledelangues.be\/wp-content\/uploads\/2021\/04\/Happy-Valentines-Day-23-600x600.png 600w, https:\/\/ecoledelangues.be\/wp-content\/uploads\/2021\/04\/Happy-Valentines-Day-23-800x800.png 800w, https:\/\/ecoledelangues.be\/wp-content\/uploads\/2021\/04\/Happy-Valentines-Day-23.png 1080w\" data-sizes=\"auto\" \/><\/a><\/li><\/ul><\/div><div class=\"recent-posts-content\"><span class=\"vcard\" style=\"display: none;\"><span class=\"fn\"><a href=\"https:\/\/ecoledelangues.be\/fr\/author\/segolene\/\" title=\"Articles par segolene\" rel=\"author\">segolene<\/a><\/span><\/span><span class=\"updated\" style=\"display:none;\">2021-04-06T14:20:51+00:00<\/span><h4 class=\"entry-title\"><a href=\"https:\/\/ecoledelangues.be\/fr\/heilig-ijs-ou-saints-de-glace\/\">Heilig Ijs ou Saints de Glaces ?<\/a><\/h4><p class=\"meta\"><span class=\"vcard\" style=\"display: none;\"><span class=\"fn\"><a href=\"https:\/\/ecoledelangues.be\/fr\/author\/segolene\/\" title=\"Articles par segolene\" rel=\"author\">segolene<\/a><\/span><\/span><span class=\"updated\" style=\"display:none;\">2021-04-06T14:20:51+00:00<\/span><span>avril 6th, 2021<\/span><span class=\"fusion-inline-sep\">|<\/span><span class=\"fusion-comments\"><span>Commentaires ferm\u00e9s<span class=\"screen-reader-text\"> sur Heilig Ijs ou Saints de Glaces ?<\/span><\/span><\/span><\/p><p> Heilig Ijs ou Saints de Glace   Ce matin, je parlais avec ma grand-m\u00e8re qui est anversoise. Une temp\u00eate de neige faisait rage. Alors que le printemps \u00e9tait d\u00e9j\u00e0 bien install\u00e9, nous revoici  [...]<\/p><\/div><\/article><article class=\"post fusion-column column col col-lg-4 col-md-4 col-sm-4\"><div class=\"fusion-flexslider fusion-flexslider-loading flexslider flexslider-hover-type-none\"><ul class=\"slides\"><li><a href=\"https:\/\/ecoledelangues.be\/fr\/11-choses-a-faire-pour-profiter-de-votre-printemps\/\" aria-label=\"11 choses \u00e0 faire pour profiter de votre printemps !\" class=\"hover-type-none\"><img decoding=\"async\" width=\"1080\" height=\"1080\" src=\"https:\/\/ecoledelangues.be\/wp-content\/uploads\/2021\/03\/Happy-Valentines-Day-13.png\" class=\"attachment-full size-full lazyload\" alt=\"piquenique\" srcset=\"data:image\/svg+xml,%3Csvg%20xmlns%3D%27http%3A%2F%2Fwww.w3.org%2F2000%2Fsvg%27%20width%3D%271080%27%20height%3D%271080%27%20viewBox%3D%270%200%201080%201080%27%3E%3Crect%20width%3D%271080%27%20height%3D%271080%27%20fill-opacity%3D%220%22%2F%3E%3C%2Fsvg%3E\" data-orig-src=\"https:\/\/ecoledelangues.be\/wp-content\/uploads\/2021\/03\/Happy-Valentines-Day-13.png\" data-srcset=\"https:\/\/ecoledelangues.be\/wp-content\/uploads\/2021\/03\/Happy-Valentines-Day-13-200x200.png 200w, https:\/\/ecoledelangues.be\/wp-content\/uploads\/2021\/03\/Happy-Valentines-Day-13-400x400.png 400w, https:\/\/ecoledelangues.be\/wp-content\/uploads\/2021\/03\/Happy-Valentines-Day-13-600x600.png 600w, https:\/\/ecoledelangues.be\/wp-content\/uploads\/2021\/03\/Happy-Valentines-Day-13-800x800.png 800w, https:\/\/ecoledelangues.be\/wp-content\/uploads\/2021\/03\/Happy-Valentines-Day-13.png 1080w\" data-sizes=\"auto\" \/><\/a><\/li><\/ul><\/div><div class=\"recent-posts-content\"><span class=\"vcard\" style=\"display: none;\"><span class=\"fn\"><a href=\"https:\/\/ecoledelangues.be\/fr\/author\/segolene\/\" title=\"Articles par segolene\" rel=\"author\">segolene<\/a><\/span><\/span><span class=\"updated\" style=\"display:none;\">2021-03-30T11:46:13+00:00<\/span><h4 class=\"entry-title\"><a href=\"https:\/\/ecoledelangues.be\/fr\/11-choses-a-faire-pour-profiter-de-votre-printemps\/\">11 choses \u00e0 faire pour profiter de votre printemps !<\/a><\/h4><p class=\"meta\"><span class=\"vcard\" style=\"display: none;\"><span class=\"fn\"><a href=\"https:\/\/ecoledelangues.be\/fr\/author\/segolene\/\" title=\"Articles par segolene\" rel=\"author\">segolene<\/a><\/span><\/span><span class=\"updated\" style=\"display:none;\">2021-03-30T11:46:13+00:00<\/span><span>mars 30th, 2021<\/span><span class=\"fusion-inline-sep\">|<\/span><span class=\"fusion-comments\"><span>Commentaires ferm\u00e9s<span class=\"screen-reader-text\"> sur 11 choses \u00e0 faire pour profiter de votre printemps !<\/span><\/span><\/span><\/p><p> 11 choses \u00e0 faire pour profiter de votre printemps !     Les arbres commencent tout doucement \u00e0 bourgeonner, la chaleur que nous attendions depuis plus de quatre mois pointent le bout  [...]<\/p><\/div><\/article><article class=\"post fusion-column column col col-lg-4 col-md-4 col-sm-4\"><div class=\"fusion-flexslider fusion-flexslider-loading flexslider flexslider-hover-type-none\"><ul class=\"slides\"><li><a href=\"https:\/\/ecoledelangues.be\/fr\/journee-des-droits-de-la-femme\/\" aria-label=\"Journ\u00e9e des droits de la femme\" class=\"hover-type-none\"><img decoding=\"async\" width=\"1080\" height=\"1080\" src=\"https:\/\/ecoledelangues.be\/wp-content\/uploads\/2021\/03\/Happy-Valentines-Day-3.png\" class=\"attachment-full size-full lazyload\" alt=\"la journ\u00e9e de la femme\" srcset=\"data:image\/svg+xml,%3Csvg%20xmlns%3D%27http%3A%2F%2Fwww.w3.org%2F2000%2Fsvg%27%20width%3D%271080%27%20height%3D%271080%27%20viewBox%3D%270%200%201080%201080%27%3E%3Crect%20width%3D%271080%27%20height%3D%271080%27%20fill-opacity%3D%220%22%2F%3E%3C%2Fsvg%3E\" data-orig-src=\"https:\/\/ecoledelangues.be\/wp-content\/uploads\/2021\/03\/Happy-Valentines-Day-3.png\" data-srcset=\"https:\/\/ecoledelangues.be\/wp-content\/uploads\/2021\/03\/Happy-Valentines-Day-3-200x200.png 200w, https:\/\/ecoledelangues.be\/wp-content\/uploads\/2021\/03\/Happy-Valentines-Day-3-400x400.png 400w, https:\/\/ecoledelangues.be\/wp-content\/uploads\/2021\/03\/Happy-Valentines-Day-3-600x600.png 600w, https:\/\/ecoledelangues.be\/wp-content\/uploads\/2021\/03\/Happy-Valentines-Day-3-800x800.png 800w, https:\/\/ecoledelangues.be\/wp-content\/uploads\/2021\/03\/Happy-Valentines-Day-3.png 1080w\" data-sizes=\"auto\" \/><\/a><\/li><\/ul><\/div><div class=\"recent-posts-content\"><span class=\"vcard\" style=\"display: none;\"><span class=\"fn\"><a href=\"https:\/\/ecoledelangues.be\/fr\/author\/segolene\/\" title=\"Articles par segolene\" rel=\"author\">segolene<\/a><\/span><\/span><span class=\"updated\" style=\"display:none;\">2021-03-24T10:07:18+00:00<\/span><h4 class=\"entry-title\"><a href=\"https:\/\/ecoledelangues.be\/fr\/journee-des-droits-de-la-femme\/\">Journ\u00e9e des droits de la femme<\/a><\/h4><p class=\"meta\"><span class=\"vcard\" style=\"display: none;\"><span class=\"fn\"><a href=\"https:\/\/ecoledelangues.be\/fr\/author\/segolene\/\" title=\"Articles par segolene\" rel=\"author\">segolene<\/a><\/span><\/span><span class=\"updated\" style=\"display:none;\">2021-03-24T10:07:18+00:00<\/span><span>mars 8th, 2021<\/span><span class=\"fusion-inline-sep\">|<\/span><span class=\"fusion-comments\"><span>Commentaires ferm\u00e9s<span class=\"screen-reader-text\"> sur Journ\u00e9e des droits de la femme<\/span><\/span><\/span><\/p><p> La journ\u00e9e des droits de la femme !      Aujourd\u2019hui est un grand jour ! C\u2019est en 1977 que la journ\u00e9e des droits de la femme a \u00e9t\u00e9 cr\u00e9\u00e9e en  [...]<\/p><\/div><\/article><article class=\"post fusion-column column col col-lg-4 col-md-4 col-sm-4\"><div class=\"fusion-flexslider fusion-flexslider-loading flexslider flexslider-hover-type-none\"><ul class=\"slides\"><li><a href=\"https:\/\/ecoledelangues.be\/fr\/les-origines-de-nos-fetes-de-carnaval\/\" aria-label=\"Les origines de nos f\u00eates de Carnaval\" class=\"hover-type-none\"><img decoding=\"async\" width=\"1080\" height=\"1080\" src=\"https:\/\/ecoledelangues.be\/wp-content\/uploads\/2021\/02\/Carnaval-photo.png\" class=\"attachment-full size-full lazyload\" alt=\"Carnaval\" srcset=\"data:image\/svg+xml,%3Csvg%20xmlns%3D%27http%3A%2F%2Fwww.w3.org%2F2000%2Fsvg%27%20width%3D%271080%27%20height%3D%271080%27%20viewBox%3D%270%200%201080%201080%27%3E%3Crect%20width%3D%271080%27%20height%3D%271080%27%20fill-opacity%3D%220%22%2F%3E%3C%2Fsvg%3E\" data-orig-src=\"https:\/\/ecoledelangues.be\/wp-content\/uploads\/2021\/02\/Carnaval-photo.png\" data-srcset=\"https:\/\/ecoledelangues.be\/wp-content\/uploads\/2021\/02\/Carnaval-photo-200x200.png 200w, https:\/\/ecoledelangues.be\/wp-content\/uploads\/2021\/02\/Carnaval-photo-400x400.png 400w, https:\/\/ecoledelangues.be\/wp-content\/uploads\/2021\/02\/Carnaval-photo-600x600.png 600w, https:\/\/ecoledelangues.be\/wp-content\/uploads\/2021\/02\/Carnaval-photo-800x800.png 800w, https:\/\/ecoledelangues.be\/wp-content\/uploads\/2021\/02\/Carnaval-photo.png 1080w\" data-sizes=\"auto\" \/><\/a><\/li><\/ul><\/div><div class=\"recent-posts-content\"><span class=\"vcard\" style=\"display: none;\"><span class=\"fn\"><a href=\"https:\/\/ecoledelangues.be\/fr\/author\/segolene\/\" title=\"Articles par segolene\" rel=\"author\">segolene<\/a><\/span><\/span><span class=\"updated\" style=\"display:none;\">2021-02-19T12:47:26+00:00<\/span><h4 class=\"entry-title\"><a href=\"https:\/\/ecoledelangues.be\/fr\/les-origines-de-nos-fetes-de-carnaval\/\">Les origines de nos f\u00eates de Carnaval<\/a><\/h4><p class=\"meta\"><span class=\"vcard\" style=\"display: none;\"><span class=\"fn\"><a href=\"https:\/\/ecoledelangues.be\/fr\/author\/segolene\/\" title=\"Articles par segolene\" rel=\"author\">segolene<\/a><\/span><\/span><span class=\"updated\" style=\"display:none;\">2021-02-19T12:47:26+00:00<\/span><span>f\u00e9vrier 19th, 2021<\/span><span class=\"fusion-inline-sep\">|<\/span><span class=\"fusion-comments\"><span>Commentaires ferm\u00e9s<span class=\"screen-reader-text\"> sur Les origines de nos f\u00eates de Carnaval<\/span><\/span><\/span><\/p><p> Les origines de nos f\u00eates de Carnaval   Carnaval, c\u2019est un mot qui d\u00e9rive du latin Carnelevare, donc pour connaitre l\u2019histoire de cette f\u00eate nous devons voyager vers le pays d\u2019o\u00f9 vient cette  [...]<\/p><\/div><\/article><article class=\"post fusion-column column col col-lg-4 col-md-4 col-sm-4\"><div class=\"fusion-flexslider fusion-flexslider-loading flexslider flexslider-hover-type-none\"><ul class=\"slides\"><li><a href=\"https:\/\/ecoledelangues.be\/fr\/st-valentin-expressions-sur-lamour\/\" aria-label=\"St-Valentin, expressions sur l&rsquo;amour\" class=\"hover-type-none\"><img decoding=\"async\" width=\"1078\" height=\"1078\" src=\"https:\/\/ecoledelangues.be\/wp-content\/uploads\/2021\/02\/ST-Valentin-image.png\" class=\"attachment-full size-full lazyload\" alt=\"Saint-Valentin\" srcset=\"data:image\/svg+xml,%3Csvg%20xmlns%3D%27http%3A%2F%2Fwww.w3.org%2F2000%2Fsvg%27%20width%3D%271078%27%20height%3D%271078%27%20viewBox%3D%270%200%201078%201078%27%3E%3Crect%20width%3D%271078%27%20height%3D%271078%27%20fill-opacity%3D%220%22%2F%3E%3C%2Fsvg%3E\" data-orig-src=\"https:\/\/ecoledelangues.be\/wp-content\/uploads\/2021\/02\/ST-Valentin-image.png\" data-srcset=\"https:\/\/ecoledelangues.be\/wp-content\/uploads\/2021\/02\/ST-Valentin-image-200x200.png 200w, https:\/\/ecoledelangues.be\/wp-content\/uploads\/2021\/02\/ST-Valentin-image-400x400.png 400w, https:\/\/ecoledelangues.be\/wp-content\/uploads\/2021\/02\/ST-Valentin-image-600x600.png 600w, https:\/\/ecoledelangues.be\/wp-content\/uploads\/2021\/02\/ST-Valentin-image-800x800.png 800w, https:\/\/ecoledelangues.be\/wp-content\/uploads\/2021\/02\/ST-Valentin-image.png 1078w\" data-sizes=\"auto\" \/><\/a><\/li><\/ul><\/div><div class=\"recent-posts-content\"><span class=\"vcard\" style=\"display: none;\"><span class=\"fn\"><a href=\"https:\/\/ecoledelangues.be\/fr\/author\/segolene\/\" title=\"Articles par segolene\" rel=\"author\">segolene<\/a><\/span><\/span><span class=\"updated\" style=\"display:none;\">2021-02-10T10:44:16+00:00<\/span><h4 class=\"entry-title\"><a href=\"https:\/\/ecoledelangues.be\/fr\/st-valentin-expressions-sur-lamour\/\">St-Valentin, expressions sur l&rsquo;amour<\/a><\/h4><p class=\"meta\"><span class=\"vcard\" style=\"display: none;\"><span class=\"fn\"><a href=\"https:\/\/ecoledelangues.be\/fr\/author\/segolene\/\" title=\"Articles par segolene\" rel=\"author\">segolene<\/a><\/span><\/span><span class=\"updated\" style=\"display:none;\">2021-02-10T10:44:16+00:00<\/span><span>f\u00e9vrier 10th, 2021<\/span><span class=\"fusion-inline-sep\">|<\/span><span class=\"fusion-comments\"><span>Commentaires ferm\u00e9s<span class=\"screen-reader-text\"> sur St-Valentin, expressions sur l&rsquo;amour<\/span><\/span><\/span><\/p><p> Expressions pour la St Valentin : parlons d\u2019amour!  Dans la pratique, il n\u2019est pas toujours facile de parler d\u2019amour dans une langue qui n\u2019est pas la sienne. On vous a concoct\u00e9 un article  [...]<\/p><\/div><\/article><article class=\"post fusion-column column col col-lg-4 col-md-4 col-sm-4\"><div class=\"fusion-flexslider fusion-flexslider-loading flexslider flexslider-hover-type-none\"><ul class=\"slides\"><li><a href=\"https:\/\/ecoledelangues.be\/fr\/les-origines-de-nos-traditions-de-noel\/\" aria-label=\"Les origines de nos traditions de No\u00ebl\" class=\"hover-type-none\"><img decoding=\"async\" width=\"1080\" height=\"1080\" src=\"https:\/\/ecoledelangues.be\/wp-content\/uploads\/2020\/12\/Origines-noel.png\" class=\"attachment-full size-full lazyload\" alt=\"\" srcset=\"data:image\/svg+xml,%3Csvg%20xmlns%3D%27http%3A%2F%2Fwww.w3.org%2F2000%2Fsvg%27%20width%3D%271080%27%20height%3D%271080%27%20viewBox%3D%270%200%201080%201080%27%3E%3Crect%20width%3D%271080%27%20height%3D%271080%27%20fill-opacity%3D%220%22%2F%3E%3C%2Fsvg%3E\" data-orig-src=\"https:\/\/ecoledelangues.be\/wp-content\/uploads\/2020\/12\/Origines-noel.png\" data-srcset=\"https:\/\/ecoledelangues.be\/wp-content\/uploads\/2020\/12\/Origines-noel-200x200.png 200w, https:\/\/ecoledelangues.be\/wp-content\/uploads\/2020\/12\/Origines-noel-400x400.png 400w, https:\/\/ecoledelangues.be\/wp-content\/uploads\/2020\/12\/Origines-noel-600x600.png 600w, https:\/\/ecoledelangues.be\/wp-content\/uploads\/2020\/12\/Origines-noel-800x800.png 800w, https:\/\/ecoledelangues.be\/wp-content\/uploads\/2020\/12\/Origines-noel.png 1080w\" data-sizes=\"auto\" \/><\/a><\/li><\/ul><\/div><div class=\"recent-posts-content\"><span class=\"vcard\" style=\"display: none;\"><span class=\"fn\"><a href=\"https:\/\/ecoledelangues.be\/fr\/author\/segolene\/\" title=\"Articles par segolene\" rel=\"author\">segolene<\/a><\/span><\/span><span class=\"updated\" style=\"display:none;\">2020-12-14T15:42:20+00:00<\/span><h4 class=\"entry-title\"><a href=\"https:\/\/ecoledelangues.be\/fr\/les-origines-de-nos-traditions-de-noel\/\">Les origines de nos traditions de No\u00ebl<\/a><\/h4><p class=\"meta\"><span class=\"vcard\" style=\"display: none;\"><span class=\"fn\"><a href=\"https:\/\/ecoledelangues.be\/fr\/author\/segolene\/\" title=\"Articles par segolene\" rel=\"author\">segolene<\/a><\/span><\/span><span class=\"updated\" style=\"display:none;\">2020-12-14T15:42:20+00:00<\/span><span>d\u00e9cembre 14th, 2020<\/span><span class=\"fusion-inline-sep\">|<\/span><span class=\"fusion-comments\"><span>Commentaires ferm\u00e9s<span class=\"screen-reader-text\"> sur Les origines de nos traditions de No\u00ebl<\/span><\/span><\/span><\/p><p> Les origines de nos traditions de No\u00ebl   Sapin, calendrier de l'avent, b\u00fbche,... Si vous f\u00eatez No\u00ebl alors vous \u00eates familier avec toutes ces choses! Mais savez vous d'o\u00f9 viennent ces traditions que  [...]<\/p><\/div><\/article><\/section><\/div><div class=\"fusion-clearfix\"><\/div><\/div><\/div><\/div><\/div><\/p>\n","protected":false},"excerpt":{"rendered":"<p>yes<\/p>\n","protected":false},"author":2,"featured_media":36334,"parent":0,"menu_order":1,"comment_status":"closed","ping_status":"closed","template":"100-width.php","meta":{"footnotes":""},"class_list":["post-36545","page","type-page","status-publish","has-post-thumbnail","hentry"],"yoast_head":"<!-- This site is optimized with the Yoast SEO plugin v27.5 - https:\/\/yoast.com\/product\/yoast-seo-wordpress\/ -->\n<title>Culture et traditions - EcoleDeLangues.be<\/title>\n<meta name=\"description\" content=\"que diriez-vous d&#039;une page sur la culture et les traditions belges, wallonnes et francophones, mais aussi \u00e9trang\u00e8res? Un lieu pour partager\" \/>\n<meta name=\"robots\" content=\"index, follow, max-snippet:-1, max-image-preview:large, max-video-preview:-1\" \/>\n<link rel=\"canonical\" href=\"https:\/\/ecoledelangues.be\/fr\/culture-et-traditions\/\" \/>\n<meta property=\"og:locale\" content=\"fr_FR\" \/>\n<meta property=\"og:type\" content=\"article\" \/>\n<meta property=\"og:title\" content=\"Culture et traditions - EcoleDeLangues.be\" \/>\n<meta property=\"og:description\" content=\"que diriez-vous d&#039;une page sur la culture et les traditions belges, wallonnes et francophones, mais aussi \u00e9trang\u00e8res? Un lieu pour partager\" \/>\n<meta property=\"og:url\" content=\"https:\/\/ecoledelangues.be\/fr\/culture-et-traditions\/\" \/>\n<meta property=\"og:site_name\" content=\"EcoleDeLangues.be\" \/>\n<meta property=\"article:publisher\" content=\"https:\/\/www.facebook.com\/Ecoledelanguesbe\/\" \/>\n<meta property=\"article:modified_time\" content=\"2021-02-26T10:30:21+00:00\" \/>\n<meta property=\"og:image\" content=\"https:\/\/ecoledelangues.be\/wp-content\/uploads\/2020\/11\/Le-coin-des-profs-4.png\" \/>\n\t<meta property=\"og:image:width\" content=\"800\" \/>\n\t<meta property=\"og:image:height\" content=\"800\" \/>\n\t<meta property=\"og:image:type\" content=\"image\/png\" \/>\n<meta name=\"twitter:card\" content=\"summary_large_image\" \/>\n<meta name=\"twitter:label1\" content=\"Dur\u00e9e de lecture estim\u00e9e\" \/>\n\t<meta name=\"twitter:data1\" content=\"7 minutes\" \/>\n<script type=\"application\/ld+json\" class=\"yoast-schema-graph\">{\"@context\":\"https:\\\/\\\/schema.org\",\"@graph\":[{\"@type\":\"WebPage\",\"@id\":\"https:\\\/\\\/ecoledelangues.be\\\/fr\\\/culture-et-traditions\\\/\",\"url\":\"https:\\\/\\\/ecoledelangues.be\\\/fr\\\/culture-et-traditions\\\/\",\"name\":\"Culture et traditions - EcoleDeLangues.be\",\"isPartOf\":{\"@id\":\"https:\\\/\\\/ecoledelangues.be\\\/fr\\\/#website\"},\"primaryImageOfPage\":{\"@id\":\"https:\\\/\\\/ecoledelangues.be\\\/fr\\\/culture-et-traditions\\\/#primaryimage\"},\"image\":{\"@id\":\"https:\\\/\\\/ecoledelangues.be\\\/fr\\\/culture-et-traditions\\\/#primaryimage\"},\"thumbnailUrl\":\"https:\\\/\\\/ecoledelangues.be\\\/wp-content\\\/uploads\\\/2020\\\/11\\\/Le-coin-des-profs-4.png\",\"datePublished\":\"2020-11-27T10:24:17+00:00\",\"dateModified\":\"2021-02-26T10:30:21+00:00\",\"description\":\"que diriez-vous d'une page sur la culture et les traditions belges, wallonnes et francophones, mais aussi \u00e9trang\u00e8res? Un lieu pour partager\",\"breadcrumb\":{\"@id\":\"https:\\\/\\\/ecoledelangues.be\\\/fr\\\/culture-et-traditions\\\/#breadcrumb\"},\"inLanguage\":\"fr-FR\",\"potentialAction\":[{\"@type\":\"ReadAction\",\"target\":[\"https:\\\/\\\/ecoledelangues.be\\\/fr\\\/culture-et-traditions\\\/\"]}]},{\"@type\":\"ImageObject\",\"inLanguage\":\"fr-FR\",\"@id\":\"https:\\\/\\\/ecoledelangues.be\\\/fr\\\/culture-et-traditions\\\/#primaryimage\",\"url\":\"https:\\\/\\\/ecoledelangues.be\\\/wp-content\\\/uploads\\\/2020\\\/11\\\/Le-coin-des-profs-4.png\",\"contentUrl\":\"https:\\\/\\\/ecoledelangues.be\\\/wp-content\\\/uploads\\\/2020\\\/11\\\/Le-coin-des-profs-4.png\",\"width\":800,\"height\":800,\"caption\":\"Culture et Traditions\"},{\"@type\":\"BreadcrumbList\",\"@id\":\"https:\\\/\\\/ecoledelangues.be\\\/fr\\\/culture-et-traditions\\\/#breadcrumb\",\"itemListElement\":[{\"@type\":\"ListItem\",\"position\":1,\"name\":\"Home\",\"item\":\"https:\\\/\\\/ecoledelangues.be\\\/fr\\\/\"},{\"@type\":\"ListItem\",\"position\":2,\"name\":\"Culture et traditions\"}]},{\"@type\":\"WebSite\",\"@id\":\"https:\\\/\\\/ecoledelangues.be\\\/fr\\\/#website\",\"url\":\"https:\\\/\\\/ecoledelangues.be\\\/fr\\\/\",\"name\":\"EcoleDeLangues.be\",\"description\":\"Ecole de langues - cours pour enfants ados et adultes - fran\u00e7ais anglais n\u00e9erlandais\",\"publisher\":{\"@id\":\"https:\\\/\\\/ecoledelangues.be\\\/fr\\\/#organization\"},\"potentialAction\":[{\"@type\":\"SearchAction\",\"target\":{\"@type\":\"EntryPoint\",\"urlTemplate\":\"https:\\\/\\\/ecoledelangues.be\\\/fr\\\/?s={search_term_string}\"},\"query-input\":{\"@type\":\"PropertyValueSpecification\",\"valueRequired\":true,\"valueName\":\"search_term_string\"}}],\"inLanguage\":\"fr-FR\"},{\"@type\":\"Organization\",\"@id\":\"https:\\\/\\\/ecoledelangues.be\\\/fr\\\/#organization\",\"name\":\"Ecoledelangues.be\",\"alternateName\":\"Propulse ASBL\",\"url\":\"https:\\\/\\\/ecoledelangues.be\\\/fr\\\/\",\"logo\":{\"@type\":\"ImageObject\",\"inLanguage\":\"fr-FR\",\"@id\":\"https:\\\/\\\/ecoledelangues.be\\\/fr\\\/#\\\/schema\\\/logo\\\/image\\\/\",\"url\":\"https:\\\/\\\/ecoledelangues.be\\\/wp-content\\\/uploads\\\/2025\\\/04\\\/une-monggolfiere-qui-seleve-dans-le-ciel-qui-quitte-le-sol-couleur-du-ballon-_-orange-ff6e22-et-3cccd6-et-blanc-1.jpg\",\"contentUrl\":\"https:\\\/\\\/ecoledelangues.be\\\/wp-content\\\/uploads\\\/2025\\\/04\\\/une-monggolfiere-qui-seleve-dans-le-ciel-qui-quitte-le-sol-couleur-du-ballon-_-orange-ff6e22-et-3cccd6-et-blanc-1.jpg\",\"width\":1472,\"height\":832,\"caption\":\"Ecoledelangues.be\"},\"image\":{\"@id\":\"https:\\\/\\\/ecoledelangues.be\\\/fr\\\/#\\\/schema\\\/logo\\\/image\\\/\"},\"sameAs\":[\"https:\\\/\\\/www.facebook.com\\\/Ecoledelanguesbe\\\/\",\"https:\\\/\\\/www.instagram.com\\\/ecoledelanguesbe\\\/\",\"https:\\\/\\\/www.linkedin.com\\\/company\\\/ecoledelangues-be\\\/\",\"https:\\\/\\\/www.youtube.com\\\/channel\\\/UCCDb1VptuozMO6q9MqgltPg\"]}]}<\/script>\n<!-- \/ Yoast SEO plugin. -->","yoast_head_json":{"title":"Culture et traditions - EcoleDeLangues.be","description":"que diriez-vous d'une page sur la culture et les traditions belges, wallonnes et francophones, mais aussi \u00e9trang\u00e8res? Un lieu pour partager","robots":{"index":"index","follow":"follow","max-snippet":"max-snippet:-1","max-image-preview":"max-image-preview:large","max-video-preview":"max-video-preview:-1"},"canonical":"https:\/\/ecoledelangues.be\/fr\/culture-et-traditions\/","og_locale":"fr_FR","og_type":"article","og_title":"Culture et traditions - EcoleDeLangues.be","og_description":"que diriez-vous d'une page sur la culture et les traditions belges, wallonnes et francophones, mais aussi \u00e9trang\u00e8res? Un lieu pour partager","og_url":"https:\/\/ecoledelangues.be\/fr\/culture-et-traditions\/","og_site_name":"EcoleDeLangues.be","article_publisher":"https:\/\/www.facebook.com\/Ecoledelanguesbe\/","article_modified_time":"2021-02-26T10:30:21+00:00","og_image":[{"width":800,"height":800,"url":"https:\/\/ecoledelangues.be\/wp-content\/uploads\/2020\/11\/Le-coin-des-profs-4.png","type":"image\/png"}],"twitter_card":"summary_large_image","twitter_misc":{"Dur\u00e9e de lecture estim\u00e9e":"7 minutes"},"schema":{"@context":"https:\/\/schema.org","@graph":[{"@type":"WebPage","@id":"https:\/\/ecoledelangues.be\/fr\/culture-et-traditions\/","url":"https:\/\/ecoledelangues.be\/fr\/culture-et-traditions\/","name":"Culture et traditions - EcoleDeLangues.be","isPartOf":{"@id":"https:\/\/ecoledelangues.be\/fr\/#website"},"primaryImageOfPage":{"@id":"https:\/\/ecoledelangues.be\/fr\/culture-et-traditions\/#primaryimage"},"image":{"@id":"https:\/\/ecoledelangues.be\/fr\/culture-et-traditions\/#primaryimage"},"thumbnailUrl":"https:\/\/ecoledelangues.be\/wp-content\/uploads\/2020\/11\/Le-coin-des-profs-4.png","datePublished":"2020-11-27T10:24:17+00:00","dateModified":"2021-02-26T10:30:21+00:00","description":"que diriez-vous d'une page sur la culture et les traditions belges, wallonnes et francophones, mais aussi \u00e9trang\u00e8res? Un lieu pour partager","breadcrumb":{"@id":"https:\/\/ecoledelangues.be\/fr\/culture-et-traditions\/#breadcrumb"},"inLanguage":"fr-FR","potentialAction":[{"@type":"ReadAction","target":["https:\/\/ecoledelangues.be\/fr\/culture-et-traditions\/"]}]},{"@type":"ImageObject","inLanguage":"fr-FR","@id":"https:\/\/ecoledelangues.be\/fr\/culture-et-traditions\/#primaryimage","url":"https:\/\/ecoledelangues.be\/wp-content\/uploads\/2020\/11\/Le-coin-des-profs-4.png","contentUrl":"https:\/\/ecoledelangues.be\/wp-content\/uploads\/2020\/11\/Le-coin-des-profs-4.png","width":800,"height":800,"caption":"Culture et Traditions"},{"@type":"BreadcrumbList","@id":"https:\/\/ecoledelangues.be\/fr\/culture-et-traditions\/#breadcrumb","itemListElement":[{"@type":"ListItem","position":1,"name":"Home","item":"https:\/\/ecoledelangues.be\/fr\/"},{"@type":"ListItem","position":2,"name":"Culture et traditions"}]},{"@type":"WebSite","@id":"https:\/\/ecoledelangues.be\/fr\/#website","url":"https:\/\/ecoledelangues.be\/fr\/","name":"EcoleDeLangues.be","description":"Ecole de langues - cours pour enfants ados et adultes - fran\u00e7ais anglais n\u00e9erlandais","publisher":{"@id":"https:\/\/ecoledelangues.be\/fr\/#organization"},"potentialAction":[{"@type":"SearchAction","target":{"@type":"EntryPoint","urlTemplate":"https:\/\/ecoledelangues.be\/fr\/?s={search_term_string}"},"query-input":{"@type":"PropertyValueSpecification","valueRequired":true,"valueName":"search_term_string"}}],"inLanguage":"fr-FR"},{"@type":"Organization","@id":"https:\/\/ecoledelangues.be\/fr\/#organization","name":"Ecoledelangues.be","alternateName":"Propulse ASBL","url":"https:\/\/ecoledelangues.be\/fr\/","logo":{"@type":"ImageObject","inLanguage":"fr-FR","@id":"https:\/\/ecoledelangues.be\/fr\/#\/schema\/logo\/image\/","url":"https:\/\/ecoledelangues.be\/wp-content\/uploads\/2025\/04\/une-monggolfiere-qui-seleve-dans-le-ciel-qui-quitte-le-sol-couleur-du-ballon-_-orange-ff6e22-et-3cccd6-et-blanc-1.jpg","contentUrl":"https:\/\/ecoledelangues.be\/wp-content\/uploads\/2025\/04\/une-monggolfiere-qui-seleve-dans-le-ciel-qui-quitte-le-sol-couleur-du-ballon-_-orange-ff6e22-et-3cccd6-et-blanc-1.jpg","width":1472,"height":832,"caption":"Ecoledelangues.be"},"image":{"@id":"https:\/\/ecoledelangues.be\/fr\/#\/schema\/logo\/image\/"},"sameAs":["https:\/\/www.facebook.com\/Ecoledelanguesbe\/","https:\/\/www.instagram.com\/ecoledelanguesbe\/","https:\/\/www.linkedin.com\/company\/ecoledelangues-be\/","https:\/\/www.youtube.com\/channel\/UCCDb1VptuozMO6q9MqgltPg"]}]}},"_links":{"self":[{"href":"https:\/\/ecoledelangues.be\/fr\/wp-json\/wp\/v2\/pages\/36545","targetHints":{"allow":["GET"]}}],"collection":[{"href":"https:\/\/ecoledelangues.be\/fr\/wp-json\/wp\/v2\/pages"}],"about":[{"href":"https:\/\/ecoledelangues.be\/fr\/wp-json\/wp\/v2\/types\/page"}],"author":[{"embeddable":true,"href":"https:\/\/ecoledelangues.be\/fr\/wp-json\/wp\/v2\/users\/2"}],"replies":[{"embeddable":true,"href":"https:\/\/ecoledelangues.be\/fr\/wp-json\/wp\/v2\/comments?post=36545"}],"version-history":[{"count":2,"href":"https:\/\/ecoledelangues.be\/fr\/wp-json\/wp\/v2\/pages\/36545\/revisions"}],"predecessor-version":[{"id":37322,"href":"https:\/\/ecoledelangues.be\/fr\/wp-json\/wp\/v2\/pages\/36545\/revisions\/37322"}],"wp:featuredmedia":[{"embeddable":true,"href":"https:\/\/ecoledelangues.be\/fr\/wp-json\/wp\/v2\/media\/36334"}],"wp:attachment":[{"href":"https:\/\/ecoledelangues.be\/fr\/wp-json\/wp\/v2\/media?parent=36545"}],"curies":[{"name":"wp","href":"https:\/\/api.w.org\/{rel}","templated":true}]}}